{"id":4684,"date":"2026-03-27T10:50:55","date_gmt":"2026-03-27T10:50:55","guid":{"rendered":"https:\/\/www.eyesoft.fr\/?page_id=4684"},"modified":"2026-03-27T10:50:55","modified_gmt":"2026-03-27T10:50:55","slug":"general-terms-and-conditions-of-sales-2","status":"publish","type":"page","link":"https:\/\/www.eyesoft.fr\/en\/general-terms-and-conditions-of-sales-2\/","title":{"rendered":"General terms and conditions of sales"},"content":{"rendered":"\n<div style=\"height:40px\" aria-hidden=\"true\" class=\"wp-block-spacer\"><\/div>\n\n<div class=\"wp-block-group is-style-container-medium is-layout-constrained wp-block-group-is-layout-constrained\">\n<h1 class=\"wp-block-heading has-text-align-center has-vert-color has-text-color has-link-color has-xl-title-font-size wp-elements-2630f193451f8a9ff23232e020c6379a\">Conditions g\u00e9n\u00e9rales de vente<\/h1>\n\n\n\n<div class=\"wp-block-buttons is-content-justification-center is-layout-flex wp-container-core-buttons-is-layout-a89b3969 wp-block-buttons-is-layout-flex\">\n<div class=\"wp-block-button is-style-green-border\"><a class=\"wp-block-button__link has-vert-color has-blanc-background-color has-text-color has-background has-link-color wp-element-button\" href=\"#cgv-emaa\">Voir les CGV EMAA<\/a><\/div>\n\n\n\n<div class=\"wp-block-button is-style-green-border\"><a class=\"wp-block-button__link has-vert-color has-blanc-background-color has-text-color has-background has-link-color wp-element-button\" href=\"#cgv-opticien\">Voir les CGV Opticien<\/a><\/div>\n<\/div>\n<\/div>\n\n<div id=\"cgv-emaa\" class=\"wp-block-group is-style-container-medium is-layout-constrained wp-block-group-is-layout-constrained\">\n<div style=\"height:80px\" aria-hidden=\"true\" class=\"wp-block-spacer\"><\/div>\n\n\n\n<h2 class=\"wp-block-heading has-text-align-left has-vert-color has-text-color has-link-color has-m-title-font-size wp-elements-7876791b456f64ac567e48fa227a6068\" style=\"font-style:normal;font-weight:400\">CGV EMAA<\/h2>\n\n\n\n<p class=\"has-noir-color has-text-color has-link-color has-inter-font-family has-l-text-font-size wp-elements-42e7be9c1e5543ccf010dfe1e8b83c95\">Mise \u00e0 jour le 12.06.2025<\/p>\n\n\n\n<div style=\"height:10px\" aria-hidden=\"true\" class=\"wp-block-spacer\"><\/div>\n\n\n\n<p class=\"has-noir-color has-text-color has-link-color has-xl-text-font-size wp-elements-b7320c399a8b10a5ccc106ce70dd962a\" style=\"font-style:normal;font-weight:900\"><\/p><p class=\"has-noir-color has-text-color has-link-color has-inter-font-family has-xl-text-font-size\" style=\"font-style:normal;font-weight:700\"><strong>I. Stipulations G\u00e9n\u00e9rales<\/strong><\/p>\n\n\n\n<div style=\"height:10px\" aria-hidden=\"true\" class=\"wp-block-spacer\"><\/div>\n\n\n\n<p class=\"has-noir-color has-text-color has-link-color has-l-text-font-size wp-elements-1302198dc1bd1bc4f8276d1bd13c0517\" style=\"font-style:normal;font-weight:700\"><\/p><p class=\"has-noir-color has-text-color has-link-color has-inter-font-family has-l-text-font-size\" style=\"font-style:normal;font-weight:500\"><strong>1. Objet<\/strong><\/p>\n\n\n\n<p class=\"has-noir-color has-text-color has-link-color has-inter-font-family has-l-text-font-size wp-elements-de28076aa90a3c6e631b2dec7e061e69\">Les pr\u00e9sentes conditions g\u00e9n\u00e9rales de vente (ci\u2013apr\u00e8s, \u00ab CGV \u00bb) ont pour objet de r\u00e9gir la fourniture par la soci\u00e9t\u00e9 EYESOFT de services comprenant la vente ou la location d\u2019un casque de r\u00e9alit\u00e9 virtuelle, la vente d\u2019accessoires, l\u2019installation et la mise en service d\u2019un logiciel dans les casques VR, la mise \u00e0 disposition d\u2019une plateforme de gestion et d\u2019un logiciel, l\u2019assistance technique (ci\u2013apr\u00e8s, les \u00ab Services \u00bb) r\u00e9serv\u00e9s aux orthoptistes, ophtalmologues et centre de soins  (ci\u2013apr\u00e8s, le ou les \u00ab Clients \u00bb) afin d\u2019\u00eatre utilis\u00e9s pour la r\u00e9\u00e9ducation et l \u2018\u00e9valuation orthoptique des patients des Clients (ci\u2013apr\u00e8s, les \u00ab Patients\u00bb).<\/p>\n\n\n\n<p class=\"has-noir-color has-text-color has-link-color has-inter-font-family has-l-text-font-size wp-elements-46b4780bc7420f5fb5a0962ad6775e55\">Les Services sont fournis par la soci\u00e9t\u00e9 EYESOFT dont le si\u00e8ge social est situ\u00e9 76 Boulevard du pr\u00e9sident Franklin Roosevelt 33000 Bordeaux, inscrite au RCS de Bordeaux sous le num\u00e9ro 833 515 026 (ci\u2013apr\u00e8s, \u00ab EYESOFT \u00bb).<\/p>\n\n\n\n<p class=\"has-noir-color has-text-color has-link-color has-inter-font-family has-l-text-font-size wp-elements-526a0986138848abb1252032301481cf\">Les pr\u00e9sentes CGV pr\u00e9valent sur toutes autres conditions g\u00e9n\u00e9rales ou particuli\u00e8res des Clients.<\/p>\n\n\n\n<div style=\"height:10px\" aria-hidden=\"true\" class=\"wp-block-spacer\"><\/div>\n\n\n\n<p class=\"has-noir-color has-text-color has-link-color has-l-text-font-size wp-elements-6bafc1823e10d6ccf0f7eb761ab87886\" style=\"font-style:normal;font-weight:700\"><\/p><p class=\"has-noir-color has-text-color has-link-color has-inter-font-family has-l-text-font-size\" style=\"font-style:normal;font-weight:500\"><strong>2. Acceptation et modification des CGV<\/strong><\/p>\n\n\n\n<p class=\"has-noir-color has-text-color has-link-color has-inter-font-family has-l-text-font-size wp-elements-560bec3212f191f8cd367ab006bc0f9b\">Les pr\u00e9sentes CGV s\u2019appliquent, sans restriction ni r\u00e9serve, \u00e0 toute commande de Casque, d\u2019Accessoires, Location ou souscription d\u2019un service (ci\u2013apr\u00e8s, la \u00ab Commande \u00bb) faite par le Client.<\/p>\n\n\n\n<p class=\"has-noir-color has-text-color has-link-color has-inter-font-family has-l-text-font-size wp-elements-6be28f85b3eed0018c3466dcaf70bd27\">Le Client s\u2019engage \u00e0 prendre connaissance des CGV avant toute Commande, \u00e9tant pr\u00e9cis\u00e9 que le fait de passer commande d\u2019un Casque, d\u2019Accessoires et\/ou de souscrire \u00e0 un service, devra \u00eatre obligatoirement pr\u00e9c\u00e9d\u00e9 de l\u2019acceptation des CGV d\u2019EYESOFT, de sorte que les CGV seront opposables au Client.<\/p>\n\n\n\n<p class=\"has-noir-color has-text-color has-link-color has-inter-font-family has-l-text-font-size wp-elements-01c7126fef0534c50e53305402e5162f\">Le Client a la facult\u00e9 de t\u00e9l\u00e9charger, sauvegarder et imprimer les CGV \u00e0 partir du Site, ces op\u00e9rations relevant de sa seule responsabilit\u00e9.<\/p>\n\n\n\n<p class=\"has-noir-color has-text-color has-link-color has-inter-font-family has-l-text-font-size wp-elements-7a9fc017727cfd72398605db85bc4471\">EYESOFT se r\u00e9serve le droit de modifier les CGV \u00e0 tout moment, notamment afin que celles\u2013ci refl\u00e8tent toujours les fonctionnalit\u00e9s des Services. Toutefois, la version des CGV applicables \u00e0 la Commande est la version en vigueur au jour de la passation de la Commande.<\/p>\n\n\n\n<div style=\"height:10px\" aria-hidden=\"true\" class=\"wp-block-spacer\"><\/div>\n\n\n\n<p class=\"has-noir-color has-text-color has-link-color has-l-text-font-size wp-elements-1ec9692c2874c4f50efde925b193537f\" style=\"font-style:normal;font-weight:700\"><\/p><p class=\"has-noir-color has-text-color has-link-color has-inter-font-family has-l-text-font-size\" style=\"font-style:normal;font-weight:500\"><strong>3. D\u00e9finitions<\/strong><\/p>\n\n\n\n<p class=\"has-noir-color has-text-color has-link-color has-inter-font-family has-l-text-font-size wp-elements-c7486d7d2b76b3c4dff53c3cd510db7a\">\u00ab <strong>Abonnement<\/strong> \u00bb : d\u00e9signe l\u2019abonnement mensuel payant souscrit par le Client lors de la Commande sur le Site en contrepartie de la fourniture de Services par EYESOFT.<\/p>\n\n\n\n<p class=\"has-noir-color has-text-color has-link-color has-inter-font-family has-l-text-font-size wp-elements-126635b1c6da75de4b8eaf21b6466733\">\u00ab <strong>Accessoire<\/strong> \u00bb : d\u00e9signe un accessoire du Casque vendu par .<\/p>\n\n\n\n<p class=\"has-noir-color has-text-color has-link-color has-inter-font-family has-l-text-font-size wp-elements-9aae60bc31a5d3d2a716ebf717835e64\">\u00ab <strong>Casque<\/strong> \u00bb : d\u00e9signe le casque de r\u00e9alit\u00e9 virtuelle, ainsi que ses contr\u00f4leurs, fournis par EYESOFT dans le cadre des Services. Ledit Casque est lou\u00e9 par le Client.<\/p>\n\n\n\n<p class=\"has-noir-color has-text-color has-link-color has-inter-font-family has-l-text-font-size wp-elements-fbe174e49f031a95656f75e9bf3abede\">\u00ab <strong>CGV<\/strong> \u00bb : D\u00e9signe les pr\u00e9sentes Conditions G\u00e9n\u00e9rales de Vente, constitu\u00e9es des Stipulations G\u00e9n\u00e9rales et Sp\u00e9cifiques.<\/p>\n\n\n\n<p class=\"has-noir-color has-text-color has-link-color has-inter-font-family has-l-text-font-size wp-elements-47a2e634481c7375b7ae84abd08f8621\">\u00ab <strong>Client<\/strong> \u00bb : d\u00e9signe tout client de EYESOFT qui proc\u00e8de \u00e0 une Commande.<\/p>\n\n\n\n<p class=\"has-noir-color has-text-color has-link-color has-inter-font-family has-l-text-font-size wp-elements-655c3fe9faf69e967d504578e46c874a\">\u00ab <strong>Commande<\/strong> \u00bb : d\u00e9signe la Location du Casque dans le cadre de l\u2019offre EMAA Pro 2 et EMAA Home (en ce inclus la p\u00e9riode d\u2019essai), la souscription d\u2019un Abonnement sur le Site et la commande \u00e9ventuelle d\u2019un Accessoire  par le Client.<\/p>\n\n\n\n<p class=\"has-noir-color has-text-color has-link-color has-inter-font-family has-l-text-font-size wp-elements-1a0f744aced39731ce92d8cde021d73a\">\u00ab <strong>Donn\u00e9es<\/strong> \u00bb : d\u00e9signent les donn\u00e9es \u00e0 caract\u00e8re personnel relatives \u00e0 un Patient identifi\u00e9 ou identifiable au sens de la Loi Informatique et Libert\u00e9s et du RGPD.<\/p>\n\n\n\n<p class=\"has-noir-color has-text-color has-link-color has-inter-font-family has-l-text-font-size wp-elements-ab7edbb08395eed676bef36e663e9b60\">\u00ab <strong>EYESOFT<\/strong> \u00bb : D\u00e9signe la soci\u00e9t\u00e9 EYESOFT.<\/p>\n\n\n\n<p class=\"has-noir-color has-text-color has-link-color has-inter-font-family has-l-text-font-size wp-elements-bb026d36c3505e01c2d7f85ae5665997\">\u00ab <strong>Location<\/strong> \u00bb d\u00e9signe la location (gratuite pendant la p\u00e9riode d\u2019essai ou payante) souscrite par le Client lors de la Commande en contrepartie de la fourniture des Services par EYESOFT La location peut s\u2019effectuer par l\u2019interm\u00e9diaire d\u2019EYESOFT ou d\u2019un des organismes financiers partenaires, selon les modalit\u00e9s en vigueur au moment de la souscription.<\/p>\n\n\n\n<p class=\"has-noir-color has-text-color has-link-color has-inter-font-family has-l-text-font-size wp-elements-4aeea5048b598393ed231d6cdc37d249\">\u00ab <strong>Logiciel<\/strong> \u00bb : d\u00e9signe le logiciel de r\u00e9\u00e9ducation et \u00e9valuation orthoptique fourni par EYESOFT dans le cadre des Services et int\u00e9gr\u00e9 au Casque.<\/p>\n\n\n\n<p class=\"has-noir-color has-text-color has-link-color has-inter-font-family has-l-text-font-size wp-elements-d7fdf3743c78dda71d29f084ecf77a7a\">\u00ab <strong>Loi Informatique et Libert\u00e9s<\/strong> \u00bb : d\u00e9signe la loi n\u00b078\u201317 du 6 janvier 1978 relative \u00e0 l\u2019Informatique, aux Fichiers et aux Libert\u00e9s telle que modifi\u00e9e.<\/p>\n\n\n\n<p class=\"has-noir-color has-text-color has-link-color has-inter-font-family has-l-text-font-size wp-elements-4bfff0dd28dc1d389c4f3c3d2311e705\">\u00ab <strong>Partie(s)<\/strong> \u00bb : d\u00e9signe(nt) individuellement ou collectivement la ou les parties aux pr\u00e9sentes CGV.<\/p>\n\n\n\n<p class=\"has-noir-color has-text-color has-link-color has-inter-font-family has-l-text-font-size wp-elements-d3571bb012d8f59859716af65648a258\">\u00ab <strong>Patient(s)<\/strong> \u00bb : d\u00e9signe(nt) les utilisateurs du Casque et du Logiciel.<\/p>\n\n\n\n<p class=\"has-noir-color has-text-color has-link-color has-inter-font-family has-l-text-font-size wp-elements-7db8d6267d73846d8b19fdfed6e69a28\">\u00ab <strong>Plateforme<\/strong> \u00bb : d\u00e9signe la plateforme de suivi et de gestion des Patients  \u00e9dit\u00e9e et mise \u00e0 disposition par EYESOFT dans le cadre des Services.<\/p>\n\n\n\n<p class=\"has-noir-color has-text-color has-link-color has-inter-font-family has-l-text-font-size wp-elements-3794dad64cc0366a329047a82d59b905\">\u00ab <strong>Prix<\/strong> \u00bb : D\u00e9signe le prix des Services selon l\u2019offre s\u00e9lectionn\u00e9e par le Client.<\/p>\n\n\n\n<p class=\"has-noir-color has-text-color has-link-color has-inter-font-family has-l-text-font-size wp-elements-d9639a31a3ea0e80cb2a87ad16a3a9d4\">\u00ab <strong>RGPD<\/strong> \u00bb : D\u00e9signe le R\u00e8glement europ\u00e9en sur la protection des donn\u00e9es n\u00b02016\/679 du 27 avril 2016.<\/p>\n\n\n\n<p class=\"has-noir-color has-text-color has-link-color has-inter-font-family has-l-text-font-size wp-elements-15b3d136c294d85aca9870d5e7b49218\">\u00ab <strong>Services<\/strong> \u00bb : D\u00e9signent les services fournis par EYESOFT tels que d\u00e9taill\u00e9s dans les Stipulations G\u00e9n\u00e9rales et Sp\u00e9cifiques.<\/p>\n\n\n\n<p class=\"has-noir-color has-text-color has-link-color has-inter-font-family has-l-text-font-size wp-elements-a6ee0823135f7df5a617067971a0d277\">\u00ab <strong>Site<\/strong> \u00bb : D\u00e9signe le site internet &lt; <a href=\"https:\/\/www.eyesoft.fr\/en\/\">https:\/\/www.eyesoft.fr\/<\/a> &gt;.<\/p>\n\n\n\n<div style=\"height:10px\" aria-hidden=\"true\" class=\"wp-block-spacer\"><\/div>\n\n\n\n<p class=\"has-noir-color has-text-color has-link-color has-l-text-font-size wp-elements-f53defb83da167360476d9c39be90824\" style=\"font-style:normal;font-weight:700\"><\/p><p class=\"has-noir-color has-text-color has-link-color has-inter-font-family has-l-text-font-size\" style=\"font-style:normal;font-weight:500\"><strong>4. Description des Services<\/strong><\/p>\n\n\n\n<p class=\"has-noir-color has-text-color has-link-color has-inter-font-family has-l-text-font-size wp-elements-42d62106e78fd4068c56b66d08d74de2\">Dans le cadre des pr\u00e9sentes, EYESOFT fournit au Client les Services d\u00e9taill\u00e9s au sein des Stipulations Sp\u00e9cifiques, en particulier pour l\u2019offre s\u00e9lectionn\u00e9e par le Client.<\/p>\n\n\n\n<p class=\"has-noir-color has-text-color has-link-color has-inter-font-family has-l-text-font-size wp-elements-8fed31b13e15cbc27614d6ae33f64b0e\">Les Services peuvent comprendre :<\/p>\n\n\n\n<ul class=\"wp-block-list\">\n<li>\u2713 la fourniture d\u2019un Casque et\/ou de ses Accessoires ;<\/li>\n\n\n\n<li>\u2713 l\u2019installation d\u2019un logiciel dans les Casques ;<\/li>\n\n\n\n<li>\u2713 la mise \u00e0 disposition du Logiciel;<\/li>\n\n\n\n<li>\u2713 la mise \u00e0 disposition de la Plateforme.<\/li>\n\n\n\n<li>\u2713 la mise en service et la formation \u00e0 l\u2019utilisation du Casque et du Logiciel.<\/li>\n<\/ul>\n\n\n\n<p class=\"has-noir-color has-text-color has-link-color has-inter-font-family has-l-text-font-size wp-elements-15c4a47946b09695eb5bea445dc14859\">Le Client est inform\u00e9 et reconna\u00eet que le Logiciel constitue un dispositif m\u00e9dical.<\/p>\n\n\n\n<p class=\"has-noir-color has-text-color has-link-color has-inter-font-family has-l-text-font-size wp-elements-98233eb7f354c19acac0772b643d7e4b\">Le Client pourra fournir aux Patients le Casque, l\u2019Accessoire et le Logiciel int\u00e9gr\u00e9 afin de proc\u00e9der aux exercices de r\u00e9\u00e9ducation orthoptique au sein des locaux du Client ou en t\u00e9l\u00e9\u2013r\u00e9\u00e9ducation.<\/p>\n\n\n\n<p class=\"has-noir-color has-text-color has-link-color has-inter-font-family has-l-text-font-size wp-elements-58a0ff139f1b33291f5f3dc2a05a3c73\">Le Client est inform\u00e9 que l\u2019utilisation des Services n\u00e9cessite une connexion internet et un r\u00e9seau Wifi stable ainsi que d\u2019un ordinateur.<\/p>\n\n\n\n<p class=\"has-noir-color has-text-color has-link-color has-inter-font-family has-l-text-font-size wp-elements-ba2946dc046ea1e1259402ac146a9070\">Le Client s\u2019engage \u00e0 prendre connaissance des Stipulations Sp\u00e9cifiques, en particulier celles applicables \u00e0 l\u2019offre s\u00e9lectionn\u00e9e.<\/p>\n\n\n\n<div style=\"height:10px\" aria-hidden=\"true\" class=\"wp-block-spacer\"><\/div>\n\n\n\n<p class=\"has-noir-color has-text-color has-link-color has-l-text-font-size wp-elements-dff7beee7f53dd45ad636b48183c4f36\" style=\"font-style:normal;font-weight:700\"><\/p><p class=\"has-noir-color has-text-color has-link-color has-inter-font-family has-l-text-font-size\" style=\"font-style:normal;font-weight:500\"><strong>5. Commande des Services, du Casque et des Accessoires<\/strong><\/p>\n\n\n\n<p class=\"has-noir-color has-text-color has-link-color has-inter-font-family has-l-text-font-size wp-elements-20d75f181d47baa0f64219e57f3294f1\">Le Client qui souhaite obtenir les Services doit proc\u00e9der \u00e0 la Commande en ligne via le Site.<\/p>\n\n\n\n<p class=\"has-noir-color has-text-color has-link-color has-inter-font-family has-l-text-font-size wp-elements-c0ac07c4606a42b6e0018124852bea07\">Lors de la Commande, le Client s\u2019engage \u00e0 fournir les informations suivantes n\u00e9cessaires pour la bonne fourniture des Services :<\/p>\n\n\n\n<ul class=\"wp-block-list\">\n<li>\u2713 son identit\u00e9 : carte d\u2019identit\u00e9 ;<\/li>\n\n\n\n<li>\u2713 ses coordonn\u00e9es : nom, pr\u00e9nom, adresse e\u2013mail, adresse postale, num\u00e9ro de t\u00e9l\u00e9phone ;<\/li>\n\n\n\n<li>\u2713 ses informations professionnelles : SIRET\/SIREN et extrait k-bis ;<\/li>\n\n\n\n<li>\u2713 ses informations bancaires (empreinte bancaire) ;<\/li>\n\n\n\n<li>\u2713 attestation responsabilit\u00e9 civile professionnelle.<\/li>\n<\/ul>\n\n\n\n<p class=\"has-noir-color has-text-color has-link-color has-inter-font-family has-l-text-font-size wp-elements-73c26e8dfdc348fe4c442509bf54ef57\">La Commande du Casque dans le cadre des offres de services et des Accessoires s\u2019effectue par e\u2013mail aupr\u00e8s d\u2019EYESOFT. EYESOFT fait parvenir au Client un bon de Commande (comportant la d\u00e9signation des produits, quantit\u00e9, prix) ainsi que les pr\u00e9sentes CGV dont le Client conserve une copie.<\/p>\n\n\n\n<p class=\"has-noir-color has-text-color has-link-color has-inter-font-family has-l-text-font-size wp-elements-2795a92fc4acfd132cf3e6e4da44ddad\">La signature \u00e9lectronique du bon de Commande par le Client constitue un engagement ferme et d\u00e9finitif du Client de proc\u00e9der \u00e0 la Commande. EYESOFT fait parvenir au Client une confirmation de sa Commande. <\/p>\n\n\n\n<div style=\"height:10px\" aria-hidden=\"true\" class=\"wp-block-spacer\"><\/div>\n\n\n\n<p class=\"has-noir-color has-text-color has-link-color has-l-text-font-size wp-elements-46de9ebf2271fbe3ced32413d65d9c01\" style=\"font-style:normal;font-weight:700\"><\/p><p class=\"has-noir-color has-text-color has-link-color has-inter-font-family has-l-text-font-size\" style=\"font-style:normal;font-weight:500\"><strong>6.  D\u00e9p\u00f4t de garantie<\/strong><\/p>\n\n\n\n<p class=\"has-noir-color has-text-color has-link-color has-inter-font-family has-l-text-font-size wp-elements-86569b3eba8a70cc869bc64745eca238\">Le Client est inform\u00e9 qu\u2019une caution d\u2019un montant de neuf cents euros (900\u20ac) TTC est exig\u00e9e lors de la Commande avant tout envoi du Casque. La caution se mat\u00e9rialise par un relev\u00e9 d\u2019empreinte bancaire du Client conserv\u00e9 par EYESOFT durant la p\u00e9riode d\u2019essai et\/ou la dur\u00e9e de l\u2019Abonnement.<\/p>\n\n\n\n<p class=\"has-noir-color has-text-color has-link-color has-inter-font-family has-l-text-font-size wp-elements-51cfff6af9b4746baa30be5587cf0783\">L\u2019empreinte bancaire est supprim\u00e9e dans un d\u00e9lai de dix (10) jours maximum \u00e0 compter de la r\u00e9ception du Casque et sous r\u00e9serve de son bon \u00e9tat de fonctionnement v\u00e9rifi\u00e9 par EYESOFT, conform\u00e9ment \u00e0 l\u2019article \u00ab R\u00e9ception du Casque \u00bb des CGV.<\/p>\n\n\n\n<p class=\"has-noir-color has-text-color has-link-color has-inter-font-family has-l-text-font-size wp-elements-1bd7de18e575b9ed2b2459ec83490af1\">Le Client s\u2019engage \u00e0 transmettre \u00e0 EYESOFT ses coordonn\u00e9es bancaires actualis\u00e9es en cas d\u2019expiration de sa carte bancaire pendant la dur\u00e9e de l\u2019Abonnement.<\/p>\n\n\n\n<div style=\"height:10px\" aria-hidden=\"true\" class=\"wp-block-spacer\"><\/div>\n\n\n\n<p class=\"has-noir-color has-text-color has-link-color has-l-text-font-size wp-elements-db60a3cd2d6b7b4ac81dcfd1202a6ad2\" style=\"font-style:normal;font-weight:700\"><\/p><p class=\"has-noir-color has-text-color has-link-color has-inter-font-family has-l-text-font-size\" style=\"font-style:normal;font-weight:500\"><strong>7. Fourniture du Casque et des Accessoires<\/strong><\/p>\n\n\n\n<div style=\"height:10px\" aria-hidden=\"true\" class=\"wp-block-spacer\"><\/div>\n\n\n\n<p class=\"has-noir-color has-text-color has-link-color has-inter-font-family has-l-text-font-size\"><strong>7.1. Description du Casque et des Accessoires<\/strong><\/p>\n\n\n\n<p class=\"has-noir-color has-text-color has-link-color has-inter-font-family has-l-text-font-size wp-elements-ccd039a9293271f234b236adf484e8a3\">Dans le cadre des Services, EYESOFT loue un ou plusieurs Casques et ses Accessoires, et\/ou vend des Accessoires au Client dans les conditions pr\u00e9vues aux pr\u00e9sentes<\/p>\n\n\n\n<p class=\"has-noir-color has-text-color has-link-color has-inter-font-family has-l-text-font-size wp-elements-e10dc99e456e64d36a7cce0b0069d010\">Le Casque est un casque de r\u00e9alit\u00e9 virtuelle disposant des caract\u00e9ristiques d\u00e9taill\u00e9es au sein des Stipulations Sp\u00e9cifiques.<\/p>\n\n\n\n<p class=\"has-noir-color has-text-color has-link-color has-inter-font-family has-l-text-font-size wp-elements-4f21eb766bfd3c22206465456e0a57b8\">Les Accessoires disponibles \u00e0 l\u2019achat par le Client et leurs caract\u00e9ristiques sont mentionn\u00e9s sur le Site.<\/p>\n\n\n\n<div style=\"height:10px\" aria-hidden=\"true\" class=\"wp-block-spacer\"><\/div>\n\n\n\n<p class=\"has-noir-color has-text-color has-link-color has-inter-font-family has-l-text-font-size\"><strong>7.2. Conditions d\u2019utilisation du Casque<\/strong><\/p>\n\n\n\n<p class=\"has-noir-color has-text-color has-link-color has-inter-font-family has-l-text-font-size wp-elements-8439d5b344d1a87bd5f3587dfecc47dc\">Dans le cadre des Services, le Client s\u2019engage \u00e0 lire, respecter, et \u00e0 faire respecter par les Patients, les conditions d\u2019utilisation du Casque accessibles sur le Site, et en particulier \u00e0 :<\/p>\n\n\n\n<ul class=\"wp-block-list\">\n<li>\u2713 ne pas exposer les lentilles optiques du Casque \u00e0 la lumi\u00e8re directe du soleil. Le Client reconna\u00eet que l\u2019exposition \u00e0 la lumi\u00e8re directe du soleil pendant moins d\u2019une minute peut causer des d\u00e9g\u00e2ts sous forme de tache jaune sur l\u2019\u00e9cran. Le Client s\u2019engage \u00e0 prendre des pr\u00e9cautions suppl\u00e9mentaires lors des conditions de forte luminosit\u00e9 (utilisation proche d\u2019une fen\u00eatre ou d\u2019une forte source d\u2019\u00e9clairage direct) ;<\/li>\n\n\n\n<li>\u2713 prot\u00e9ger les lentilles optiques pendant l\u2019utilisation et le stockage du Casque afin d\u2019\u00e9viter que des objets ne rayent les lentilles ;<\/li>\n\n\n\n<li>\u2713 recharger le casque r\u00e9guli\u00e8rement (y compris lorsqu\u2019il n\u2019est pas utilis\u00e9 pendant une p\u00e9riode de plus d\u2019un mois), et d\u00e8s l\u2019apparition du message d\u2019alerte de niveau de batterie faible ;<\/li>\n\n\n\n<li>\u2713 ne pas faire fonctionner le Casque \u00e0 un volume trop \u00e9lev\u00e9 pendant une p\u00e9riode prolong\u00e9e. Le Client reconna\u00eet qu\u2019un volume trop \u00e9lev\u00e9 peut endommager l\u2019ou\u00efe du Patient ;<\/li>\n\n\n\n<li>\u2713 faire une pause toutes les 30 minutes en cas d\u2019utilisation prolong\u00e9e et ne pas faire plus d\u2019une session par jour par Patient. Une utilisation prolong\u00e9e peut causer des \u00e9tourdissements ou de la fatigue oculaire ;<\/li>\n\n\n\n<li>\u2713 arr\u00eater imm\u00e9diatement d\u2019utiliser le Casque en cas d\u2019anomalies visuelles (diplopie et distorsion de la vue, inconfort ou douleur oculaire, etc.), transpiration excessive, naus\u00e9es, vertiges, palpitations, d\u00e9sorientation, perte d\u2019\u00e9quilibre, etc. ;<\/li>\n\n\n\n<li>\u2713 s\u2019assurer d\u2019avoir suffisamment d\u2019espace pour \u00e9viter les accidents, en particulier en cas d\u2019utilisation du Casque en int\u00e9rieur ;<\/li>\n\n\n\n<li>\u2713 ne pas utiliser le Casque pr\u00e8s des escaliers, des fen\u00eatres, des sources de chaleur ou d\u2019autres zones dangereuses ;<\/li>\n\n\n\n<li>\u2713 utiliser le Casque en position assise et sur une assise stable ;<\/li>\n\n\n\n<li>\u2713 utiliser les exercices de fusion uniquement sur les Patients en correspondance cortico\u2013r\u00e9tinienne normale ;<\/li>\n\n\n\n<li>\u2713 ne pas utiliser sur les Patients atteints d\u2019\u00e9pilepsie.<\/li>\n<\/ul>\n\n\n\n<p class=\"has-noir-color has-text-color has-link-color has-inter-font-family has-l-text-font-size wp-elements-e959a904549867756975105943e952d4\">Pour une meilleure exp\u00e9rience, il est recommand\u00e9 d\u2019utiliser la manette incluse. Toutefois, le Patient peut utiliser les boutons du Casque pour effectuer des op\u00e9rations de base.<\/p>\n\n\n\n<p class=\"has-noir-color has-text-color has-link-color has-inter-font-family has-l-text-font-size wp-elements-5dcea72217e7343f2b4b271ba6c8b1b1\">Les Patients am\u00e9tropes peuvent utiliser le Casque avec leur correction (lunettes ou lentilles de contact) conform\u00e9ment aux instructions au sein des conditions d\u2019utilisation du Casque.<\/p>\n\n\n\n<p class=\"has-noir-color has-text-color has-link-color has-inter-font-family has-l-text-font-size wp-elements-7a1004a55c63404e9c40b5650d92fcdf\">Ce produit n\u2019est pas recommand\u00e9 pour les Patients de moins de 8 ans. Les enfants de plus de 8 ans ne doivent utiliser le Casque que sous la surveillance d\u2019un adulte.<\/p>\n\n\n\n<p class=\"has-noir-color has-text-color has-link-color has-inter-font-family has-l-text-font-size wp-elements-7c12cd97090cd64bc522de8301a5e25f\">Le Client est invit\u00e9 \u00e0 prendre connaissance, le cas \u00e9ch\u00e9ant, des conditions d\u2019utilisation particuli\u00e8res mentionn\u00e9es dans les Stipulations Sp\u00e9cifiques applicables \u00e0 l\u2019offre s\u00e9lectionn\u00e9e.<\/p>\n\n\n\n<div style=\"height:10px\" aria-hidden=\"true\" class=\"wp-block-spacer\"><\/div>\n\n\n\n<p class=\"has-noir-color has-text-color has-link-color has-inter-font-family has-l-text-font-size\"><strong>7.3. Conformit\u00e9, Livraison et Garantie<\/strong><\/p>\n\n\n\n<div style=\"height:10px\" aria-hidden=\"true\" class=\"wp-block-spacer\"><\/div>\n\n\n\n<p class=\"has-noir-color has-text-color has-link-color has-inter-font-family has-l-text-font-size\">7.3.1. Conformit\u00e9 du Casque et des Accessoires<\/p>\n\n\n\n<p class=\"has-noir-color has-text-color has-link-color has-inter-font-family has-l-text-font-size wp-elements-92ac8b42bf82d5ff67b1fdcb9ea7f38c\">EYESOFT s\u2019engage \u00e0 mettre \u00e0 disposition un Casque en bon \u00e9tat de fonctionnement, sans d\u00e9faut, dans le cadre d\u2019une utilisation pr\u00e9vue en rapport avec le Logiciel et la Plateforme, conforme aux sp\u00e9cifications techniques et qui respecte la r\u00e9glementation applicable, notamment en mati\u00e8re de s\u00e9curit\u00e9.<\/p>\n\n\n\n<p class=\"has-noir-color has-text-color has-link-color has-inter-font-family has-l-text-font-size wp-elements-e73496609375e7a29637cff475b74290\">Le Patient s\u2019engage \u00e0 respecter les conditions d\u2019usage d\u00e9finies par EYESOFT. Toute autre utilisation du Casque non pr\u00e9vue engendre l\u2019annulation de la garantie.<\/p>\n\n\n\n<p class=\"has-noir-color has-text-color has-link-color has-inter-font-family has-l-text-font-size wp-elements-071a606f66266e687b9d3966f56ae476\">Si un mod\u00e8le de Casque ou d\u2019Accessoire est en rupture de stock, EYESOFT se r\u00e9serve le droit de le remplacer par un mod\u00e8le aux fonctionnalit\u00e9s \u00e9quivalentes.<\/p>\n\n\n\n<div style=\"height:10px\" aria-hidden=\"true\" class=\"wp-block-spacer\"><\/div>\n\n\n\n<p class=\"has-noir-color has-text-color has-link-color has-inter-font-family has-l-text-font-size\">7.3.2. Livraison<\/p>\n\n\n\n<p class=\"has-noir-color has-text-color has-link-color has-inter-font-family has-l-text-font-size wp-elements-54d8a80c30351a1a985356111566559c\">Le Casque lou\u00e9 ou l\u2019Accessoire achet\u00e9 sera livr\u00e9 au Client, par transporteur type Colissimo suivi et contre signature, \u00e0 l\u2019adresse mentionn\u00e9e lors de la Commande.<\/p>\n\n\n\n<p class=\"has-noir-color has-text-color has-link-color has-inter-font-family has-l-text-font-size wp-elements-4acda9c2fcb734203f62a1dfad5c5adb\">\u00c0 la r\u00e9ception du Casque ou de l\u2019Accessoire, le Client s\u2019engage \u00e0 l\u2019inspecter, v\u00e9rifier son \u00e9tat, et signaler toute r\u00e9serve au livreur, notamment en signant les documents ad\u00e9quats mis \u00e0 sa disposition par ledit livreur.<\/p>\n\n\n\n<p class=\"has-noir-color has-text-color has-link-color has-inter-font-family has-l-text-font-size wp-elements-6dc61acc85ae2f77303ffe90e1e7c111\">En cas de r\u00e9serves, le Client en informera \u00e9galement EYESOFT dans les meilleurs d\u00e9lais \u00e0 l\u2019adresse : contact@eyesoft.fr.<\/p>\n\n\n\n<p class=\"has-noir-color has-text-color has-link-color has-inter-font-family has-l-text-font-size wp-elements-3ada6567cf034999ce5bd0b95d7670b6\">Les d\u00e9lais de livraison mentionn\u00e9s lors de la Commande sont indicatifs et sous r\u00e9serve de la disponibilit\u00e9 du Casque ou de l\u2019Accessoire au jour de la Commande.<\/p>\n\n\n\n<div style=\"height:10px\" aria-hidden=\"true\" class=\"wp-block-spacer\"><\/div>\n\n\n\n<p class=\"has-noir-color has-text-color has-link-color has-inter-font-family has-l-text-font-size\">7.3.3 Garantie<\/p>\n\n\n\n<p class=\"has-noir-color has-text-color has-link-color has-inter-font-family has-l-text-font-size wp-elements-7eb4fc54344a55db577170410ca0abe6\">La garantie s\u2019applique pour le Casque uniquement et prend effet \u00e0 compter de la livraison, pour la dur\u00e9e de l\u2019Abonnement.<\/p>\n\n\n\n<p class=\"has-noir-color has-text-color has-link-color has-inter-font-family has-l-text-font-size wp-elements-5e2f9c90a28650d84983ef744c776a23\">EYESOFT s\u2019engage, pendant la dur\u00e9e de garantie vis\u00e9e ci\u2013dessus, \u00e0 remplacer le Casque d\u00e9fectueux par un autre Casque \u00e9quivalent conforme aux pr\u00e9sentes dans les meilleurs d\u00e9lais, sauf en cas de force majeure telle que d\u00e9finie par la loi (article 1218 du Code civil).<\/p>\n\n\n\n<p class=\"has-noir-color has-text-color has-link-color has-inter-font-family has-l-text-font-size wp-elements-95a70dc9a13404fcfe9e337673912a35\">La garantie n\u2019est pas applicable dans les cas o\u00f9 la d\u00e9faillance est due \u00e0 :<\/p>\n\n\n\n<ul class=\"wp-block-list\">\n<li>\u2713 une casse ou panne li\u00e9e \u00e0 un non\u2013respect des conditions d\u2019utilisation du Casque par le Client et les Patients,<\/li>\n\n\n\n<li>\u2713 la modification du Casque,<\/li>\n<\/ul>\n\n\n\n<p class=\"has-noir-color has-text-color has-link-color has-inter-font-family has-l-text-font-size wp-elements-f6fc891ac09c61b6bc73f17ee70e77dd\">le Casque n\u2019a pas \u00e9t\u00e9 install\u00e9, recharg\u00e9, utilis\u00e9, r\u00e9par\u00e9 ou entretenu conform\u00e9ment aux instructions fournies.Dans le cas o\u00f9 la garantie ne serait pas applicable, les frais de remplacement ou de r\u00e9paration du Casque d\u00e9fectueux seront support\u00e9s par le Client et pr\u00e9lev\u00e9s du d\u00e9p\u00f4t de garantie.<\/p>\n\n\n\n<p class=\"has-noir-color has-text-color has-link-color has-inter-font-family has-l-text-font-size wp-elements-3406a5f1b5bbf7016fde88522074b61c\">Le Client retournera le Casque \u00e0 EYESOFT \u00e0 l\u2019adresse suivante : Eyesoft, 76 Boulevard du pr\u00e9sident Franklin Roosevelt \u2013 33000 Bordeaux. Le Client reconna\u00eet que les frais d\u2019envoi de retour sont \u00e0 sa charge.<\/p>\n\n\n\n<div style=\"height:10px\" aria-hidden=\"true\" class=\"wp-block-spacer\"><\/div>\n\n\n\n<p class=\"has-noir-color has-text-color has-link-color has-l-text-font-size wp-elements-d16990ed1d02f0621b8edd64e6e1390a\" style=\"font-style:normal;font-weight:700\"><\/p><p class=\"has-noir-color has-text-color has-link-color has-inter-font-family has-l-text-font-size\" style=\"font-style:normal;font-weight:500\"><strong>8. Installation et mise en service<\/strong><\/p>\n\n\n\n<div style=\"height:10px\" aria-hidden=\"true\" class=\"wp-block-spacer\"><\/div>\n\n\n\n<p class=\"has-noir-color has-text-color has-link-color has-inter-font-family has-l-text-font-size\"><strong>8.1. Installation du Logiciel<\/strong><\/p>\n\n\n\n<p class=\"has-noir-color has-text-color has-link-color has-inter-font-family has-l-text-font-size wp-elements-d1e9a5f5c3ed879e6689c4c9d967f56b\">Dans le cadre des Services, EYESOFT met \u00e0 disposition du Client un Casque pr\u00eat \u00e0 \u00eatre utilis\u00e9 incluant les \u00e9tapes suivantes :<\/p>\n\n\n\n<ul class=\"wp-block-list\">\n<li>\u2713 la configuration du Casque et mise \u00e0 niveau du firmware ;  <\/li>\n\n\n\n<li>\u2713 l\u2019installation et la configuration du Logiciel ;  <\/li>\n\n\n\n<li>\u2713 les v\u00e9rifications de s\u00e9curit\u00e9 et de bon fonctionnement du Logiciel<\/li>\n<\/ul>\n\n\n\n<div style=\"height:10px\" aria-hidden=\"true\" class=\"wp-block-spacer\"><\/div>\n\n\n\n<p class=\"has-noir-color has-text-color has-link-color has-inter-font-family has-l-text-font-size\"><strong>8.2. Mise en service<\/strong><\/p>\n\n\n\n<p class=\"has-noir-color has-text-color has-link-color has-inter-font-family has-l-text-font-size wp-elements-3bb0452d3da31d674c386cdecfe70b04\">Dans le cadre des Services, EYESOFT fournit au Client un accompagnement personnalis\u00e9 pour la mise en service comprenant :<\/p>\n\n\n\n<ul class=\"wp-block-list\">\n<li>\u2713 la cr\u00e9ation d\u2019un compte client permettant d\u2019utiliser le Logiciel en lien avec la Plateforme ;  <\/li>\n\n\n\n<li>\u2713 la prise d\u2019un RDV de 30min minimum avec un utilisateur partenaire expert pour guider et accompagner la premi\u00e8re utilisation des Services (onboarding).<\/li>\n<\/ul>\n\n\n\n<div style=\"height:10px\" aria-hidden=\"true\" class=\"wp-block-spacer\"><\/div>\n\n\n\n<p class=\"has-noir-color has-text-color has-link-color has-l-text-font-size wp-elements-35d2396fa631323cd27ef7c68d626947\" style=\"font-style:normal;font-weight:700\"><\/p><p class=\"has-noir-color has-text-color has-link-color has-inter-font-family has-l-text-font-size\" style=\"font-style:normal;font-weight:500\"><strong>9. Mise \u00e0 disposition du Logiciel<\/strong><\/p>\n\n\n\n<div style=\"height:10px\" aria-hidden=\"true\" class=\"wp-block-spacer\"><\/div>\n\n\n\n<p class=\"has-noir-color has-text-color has-link-color has-inter-font-family has-l-text-font-size\"><strong>9.1. Description du Logiciel<\/strong><\/p>\n\n\n\n<p class=\"has-noir-color has-text-color has-link-color has-inter-font-family has-l-text-font-size wp-elements-8e009b7d3b2eb945b350f7f963b6eb2f\">Dans le cadre des Services, EYESOFT met un Logiciel embarqu\u00e9 dans un Casque permettant la r\u00e9\u00e9ducation et\/ou l\u2019aide \u00e0 l\u2019\u00e9valuation orthoptique \u00e0 disposition du Client pendant toute la dur\u00e9e de l\u2019Abonnement.<\/p>\n\n\n\n<p class=\"has-noir-color has-text-color has-link-color has-inter-font-family has-l-text-font-size wp-elements-3fa96853f7a15472e63f87c471d195fa\">Ce Logiciel, int\u00e9gr\u00e9 dans le Casque, permet :<\/p>\n\n\n\n<ul class=\"wp-block-list\">\n<li>\u2713 pour le Client, de configurer les param\u00e8tres wifi, et le code praticien. Dans le cadre de l\u2019offre EMAA Home, le Client doit informer et fournir au Patient la notice d\u2019utilisation,<\/li>\n\n\n\n<li>\u2713 pour le Patient : la calibration lors de la pose du casque, le r\u00e9alignement des menus face \u00e0 lui en cas de mouvement, et des interactions en r\u00e9ponses aux exercices (validation de l\u2019exercice) gr\u00e2ce \u00e0 un syst\u00e8me de s\u00e9lection intuitive (vis\u00e9e \/ curseur sur onglet cible). Dans le cadre de l\u2019offre EMAA Home, le Patient peut \u00e9galement effectuer des t\u00e9l\u00e9\u2013s\u00e9ances. Le Patient doit connecter le Casque au wifi et entrer son code \u00ab patient \u00bb fourni par le Client.<\/li>\n<\/ul>\n\n\n\n<p class=\"has-noir-color has-text-color has-link-color has-inter-font-family has-l-text-font-size wp-elements-76f420b16f3df46a94f19753dd7f0dad\">Les diff\u00e9rents exercices en immersion sont contr\u00f4lables uniquement depuis la Plateforme par le Client.<\/p>\n\n\n\n<p class=\"has-noir-color has-text-color has-link-color has-inter-font-family has-l-text-font-size wp-elements-92cf00b653777d5b4f3ed5349687f359\">Le Client est invit\u00e9 \u00e0 prendre connaissance des Stipulations Sp\u00e9cifiques afin de conna\u00eetre les particularit\u00e9s du Logiciel dans le cadre des diff\u00e9rentes offres.<\/p>\n\n\n\n<div style=\"height:10px\" aria-hidden=\"true\" class=\"wp-block-spacer\"><\/div>\n\n\n\n<p class=\"has-noir-color has-text-color has-link-color has-inter-font-family has-l-text-font-size\"><strong>9.2. Licence d\u2019utilisation du Logiciel<\/strong><\/p>\n\n\n\n<p class=\"has-noir-color has-text-color has-link-color has-inter-font-family has-l-text-font-size wp-elements-0861fb3cbd7f131bf2aa543bff309631\">EYESOFT conc\u00e8de au Client, \u00e0 titre non exclusif, non transf\u00e9rable, un droit d\u2019utilisation du Logiciel en code objet et ce, pour la dur\u00e9e des pr\u00e9sentes CGV, pour le territoire fran\u00e7ais et pour les besoins internes du Client aux fins de r\u00e9\u00e9ducation et\/ou d\u2019aide \u00e0 l\u2019\u00e9valuation orthoptique des Patients.<\/p>\n\n\n\n<p class=\"has-noir-color has-text-color has-link-color has-inter-font-family has-l-text-font-size wp-elements-a0f22b56935ad139dd28f1da589a1dd7\">Toute utilisation du Logiciel non express\u00e9ment autoris\u00e9e au titre des pr\u00e9sentes CGV est interdite. \u00c0 ce titre et notamment, le Client s\u2019interdit de :<\/p>\n\n\n\n<ul class=\"wp-block-list\">\n<li>\u2713 mettre tout ou partie du Logiciel \u00e0 la disposition de tiers, m\u00eame gratuitement, et ce, de quelque mani\u00e8re que ce soit,<\/li>\n\n\n\n<li>\u2713 permettre l\u2019utilisation du Logiciel par toute personne autre que les Patients,<\/li>\n\n\n\n<li>\u2713 divulguer tout ou partie du Logiciel \u00e0 toute personne autre que les Patients,<\/li>\n\n\n\n<li>\u2713 traiter les donn\u00e9es de tiers au moyen du Logiciel \u00e0 l\u2019exclusion des donn\u00e9es des Patients,<\/li>\n\n\n\n<li>\u2713 imprimer, transf\u00e9rer, transmettre ou afficher tout ou partie du Logiciel sauf pour les besoins du Client,<\/li>\n\n\n\n<li>\u2713 modifier\/adapter le Logiciel et\/ou fusionner tout ou partie du Logiciel dans d\u2019autres programmes informatiques, notamment en vue de le rendre conforme \u00e0 sa destination, dans la mesure o\u00f9 EYESOFT se r\u00e9serve express\u00e9ment le droit de proc\u00e9der aux corrections, adaptations et modifications n\u00e9cessaires,<\/li>\n\n\n\n<li>\u2713 compiler le Logiciel, le d\u00e9compiler, le d\u00e9sassembler, le traduire, l\u2019analyser, proc\u00e9der au reverse\u2013engineering ou tenter d\u2019y proc\u00e9der,<\/li>\n\n\n\n<li>\u2713 \u00e9crire, faire \u00e9crire, cr\u00e9er, faire d\u00e9velopper, tout programme informatique d\u00e9riv\u00e9 du Logiciel,<\/li>\n\n\n\n<li>\u2713 alt\u00e9rer, enlever, dissimuler ou modifier toute information indiquant le titulaire des droits de propri\u00e9t\u00e9 intellectuelle aff\u00e9rents au Logiciel.<\/li>\n<\/ul>\n\n\n\n<p class=\"has-noir-color has-text-color has-link-color has-inter-font-family has-l-text-font-size wp-elements-eddd4a1747f4cba07088c45daf1deb9e\">EYESOFT garantit, pendant une p\u00e9riode de 30 jours \u00e0 compter de sa livraison au Client, que le Logiciel fonctionne correctement. La seule responsabilit\u00e9 d\u2019EYESOFT au titre de la garantie consiste \u00e0 donner la possibilit\u00e9 au Client de t\u00e9l\u00e9charger \u00e0 nouveau le Logiciel au sein du disque dur du Casque.<\/p>\n\n\n\n<p class=\"has-noir-color has-text-color has-link-color has-inter-font-family has-l-text-font-size wp-elements-20a1c5d02e02f519dd48cf492da5fed6\">EYESOFT est lib\u00e9r\u00e9e de toute obligation au titre de la garantie pr\u00e9vue ci\u2013dessus si les dysfonctionnements ne sont pas imputables au Logiciel.<\/p>\n\n\n\n<p class=\"has-noir-color has-text-color has-link-color has-inter-font-family has-l-text-font-size wp-elements-f8c35d8aab3dcc0e07d9b7c1808faa08\">EYESOFT ne consent aucune autre garantie expresse, tacite ou l\u00e9gale quant au fonctionnement du Logiciel. EYESOFT ne garantit pas que le Logiciel est exempt d\u2019erreurs ou de risques d\u2019interruption.<\/p>\n\n\n\n<div style=\"height:10px\" aria-hidden=\"true\" class=\"wp-block-spacer\"><\/div>\n\n\n\n<p class=\"has-noir-color has-text-color has-link-color has-l-text-font-size wp-elements-9a5371c6016f3b3b2efd942dafdb126d\" style=\"font-style:normal;font-weight:700\"><\/p><p class=\"has-noir-color has-text-color has-link-color has-inter-font-family has-l-text-font-size\" style=\"font-style:normal;font-weight:500\"><strong>10. Mise \u00e0 disposition de la Plateforme<\/strong><\/p>\n\n\n\n<p class=\"has-noir-color has-text-color has-link-color has-inter-font-family has-l-text-font-size wp-elements-e26294e301d51e026457dca171a25db7\">Dans le cadre de l\u2019offre EMAA Home, le Client reconna\u00eet qu\u2019il doit n\u00e9cessairement disposer d\u2019un Abonnement \u00e0 l\u2019offre EMAA Pro afin d\u2019avoir acc\u00e8s \u00e0 la Plateforme. \u00c0 d\u00e9faut, le Client ne pourra utiliser les Services de l\u2019offre EMAA Home.<\/p>\n\n\n\n<div style=\"height:10px\" aria-hidden=\"true\" class=\"wp-block-spacer\"><\/div>\n\n\n\n<p class=\"has-noir-color has-text-color has-link-color has-inter-font-family has-l-text-font-size\"><strong>10.1. Description de la Plateforme<\/strong><\/p>\n\n\n\n<p class=\"has-noir-color has-text-color has-link-color has-inter-font-family has-l-text-font-size wp-elements-a0e914da4e8c4cc7a95c3641a72c1430\">Dans le cadre des Services, EYESOFT met une Plateforme de suivi et de gestion des Casques et des Patients \u00e0 disposition du Client pendant toute la dur\u00e9e de l\u2019Abonnement.<\/p>\n\n\n\n<p class=\"has-noir-color has-text-color has-link-color has-inter-font-family has-l-text-font-size wp-elements-2d34a97db6d9703bfaee7003442cbf17\">La Plateforme est fournie en mode SAAS et accessible par internet \u00e0 l\u2019adresse <a href=\"https:\/\/app.eyesoft.fr\/auth\/login\">https:\/\/app.eyesoft.fr\/auth\/login<\/a>.<\/p>\n\n\n\n<p class=\"has-noir-color has-text-color has-link-color has-inter-font-family has-l-text-font-size wp-elements-a6a87fddc3fe560552874fceb5cf0d16\">Cette Plateforme permet de :<\/p>\n\n\n\n<ul class=\"wp-block-list\">\n<li>\u2713 consulter et modifier ses informations personnelles (nom, pr\u00e9nom, profession, adresse e\u2013\nmail, r\u00f4le, adresse postale) ;<\/li>\n\n\n\n<li>\u2713 g\u00e9rer ses Abonnements ;<\/li>\n\n\n\n<li>\u2713 consulter et modifier ses coordonn\u00e9es de facturation ;<\/li>\n\n\n\n<li>\u2713 r\u00e9initialiser son mot de passe ;<\/li>\n\n\n\n<li>\u2713 g\u00e9rer ses appareils (Casques) ;<\/li>\n\n\n\n<li>\u2713 g\u00e9rer les fonctionnalit\u00e9s de d\u00e9pistage \/ \u00e9valuation ;<\/li>\n\n\n\n<li>\u2713 g\u00e9rer les fonctionnalit\u00e9s d\u2019entra\u00eenement oculaire (acc\u00e8s aux diff\u00e9rents exercices) ;<\/li>\n\n\n\n<li>\u2713 g\u00e9rer les fonctionnalit\u00e9s d\u2019aide \u00e0 l\u2019\u00e9valuation ;<\/li>\n\n\n\n<li>\u2713 g\u00e9rer la programmation de s\u00e9ances \u00e0 domicile ;<\/li>\n\n\n\n<li>\u2713 g\u00e9rer les Patients et en particulier leur suivi (s\u00e9ances, progr\u00e8s, dur\u00e9e\u2026).<\/li>\n<\/ul>\n\n\n\n<p class=\"has-noir-color has-text-color has-link-color has-inter-font-family has-l-text-font-size wp-elements-7458a4497c93a1b869fffde6d6f0b6e2\">EYESOFT cr\u00e9e le compte sur la Plateforme pour le compte du Client. Le Client s\u2019engage \u00e0 fournir des informations exactes et \u00e0 jour au sein de la Plateforme.<\/p>\n\n\n\n<p class=\"has-noir-color has-text-color has-link-color has-inter-font-family has-l-text-font-size wp-elements-3222c75f6bb95881d37d304e82619764\">EYESOFT se r\u00e9serve le droit de modifier \u00e0 tout moment la Plateforme pour la bonne fourniture des Services.<\/p>\n\n\n\n<div style=\"height:10px\" aria-hidden=\"true\" class=\"wp-block-spacer\"><\/div>\n\n\n\n<p class=\"has-noir-color has-text-color has-link-color has-inter-font-family has-l-text-font-size\"><strong>10.2. Droit d\u2019utilisation de la Plateforme<\/strong><\/p>\n\n\n\n<p class=\"has-noir-color has-text-color has-link-color has-inter-font-family has-l-text-font-size wp-elements-d54c1ad8c7ddd47dac99dc68b3cb31c9\">Les CGV ne conf\u00e8rent au Client aucun titre ou droit de propri\u00e9t\u00e9 sur la Plateforme ou tout \u00e9l\u00e9ment la composant (logiciels, structure de base de donn\u00e9es, marques, logos graphismes, textes), \u00e0 l\u2019exception d\u2019un droit d\u2019utilisation de la Plateforme en contrepartie du paiement de l\u2019Abonnement.<\/p>\n\n\n\n<p class=\"has-noir-color has-text-color has-link-color has-inter-font-family has-l-text-font-size wp-elements-0868fb086e4b34a4757d8877300318b0\">Le droit d\u2019utilisation est conc\u00e9d\u00e9 uniquement au Client, pour le monde entier, dans les limites d\u00e9crites dans les pr\u00e9sentes CGV et \u00e0 la dur\u00e9e de celles\u2013ci.<\/p>\n\n\n\n<p class=\"has-noir-color has-text-color has-link-color has-inter-font-family has-l-text-font-size wp-elements-674322d4d5d59fdc62b5e7a023ecc878\">Le droit conc\u00e9d\u00e9 est personnel, non exclusif, non transmissible et non cessible.<\/p>\n\n\n\n<p class=\"has-noir-color has-text-color has-link-color has-inter-font-family has-l-text-font-size wp-elements-dc1c500fa35b0a69f3e9606969feef81\">Le Client ne pourra copier, modifier, notamment en d\u00e9compilant, alt\u00e9rer, adapter, notamment en traduisant, arranger et plus g\u00e9n\u00e9ralement modifier tout ou partie de la Plateforme. Il ne pourra pas non plus la reproduire de fa\u00e7on permanente ou provisoire en tout ou partie, par tout moyen et sous toute forme.<\/p>\n\n\n\n<p class=\"has-noir-color has-text-color has-link-color has-inter-font-family has-l-text-font-size wp-elements-8f7df6e9f86840a66b6e1d4087d9e07e\">Sont soumis \u00e0 la licence du pr\u00e9sent article toute correction, mise \u00e0 jour ou nouvelle version de la Plateforme.<\/p>\n\n\n\n<div style=\"height:10px\" aria-hidden=\"true\" class=\"wp-block-spacer\"><\/div>\n\n\n\n<p class=\"has-noir-color has-text-color has-link-color has-inter-font-family has-l-text-font-size\"><strong>10.3. Limitations de l\u2019utilisation de la Plateforme<\/strong><\/p>\n\n\n\n<p class=\"has-noir-color has-text-color has-link-color has-inter-font-family has-l-text-font-size wp-elements-b7ae42d69fbe1437dc431af7c92696f6\">Le Client s\u2019engage notamment \u00e0 :<\/p>\n\n\n\n<ul class=\"wp-block-list\">\n<li>\u2713 ne pas perturber le fonctionnement de la Plateforme ;<\/li>\n\n\n\n<li>\u2713 ne pas extraire, r\u00e9utiliser, stocker, reproduire, repr\u00e9senter ou conserver, directement ou indirectement, sur un support quelconque, par tout moyen, et sous quelque forme que ce soit, tout ou partie de la Plateforme qui constitue une base de donn\u00e9es prot\u00e9g\u00e9e par la loi.<\/li>\n<\/ul>\n\n\n\n<p class=\"has-noir-color has-text-color has-link-color has-inter-font-family has-l-text-font-size wp-elements-62d10f533c9385e6a635bb6bdd0041b4\">Le Client reconna\u00eet qu\u2019il est fortement recommand\u00e9 de ne pas stocker sur la Plateforme de contenu contenant des donn\u00e9es sensibles (par exemple des informations concernant la sant\u00e9, l\u2019origine raciale ou ethnique, les opinions religieuses).<\/p>\n\n\n\n<div style=\"height:10px\" aria-hidden=\"true\" class=\"wp-block-spacer\"><\/div>\n\n\n\n<p class=\"has-noir-color has-text-color has-link-color has-inter-font-family has-l-text-font-size\"><strong>10.4. S\u00e9curit\u00e9 du compte sur la Plateforme<\/strong><\/p>\n\n\n\n<p class=\"has-noir-color has-text-color has-link-color has-inter-font-family has-l-text-font-size wp-elements-72ed98709c896c84cd0da4d3a76afb4a\">L\u2019identifiant et le mot de passe d\u00e9termin\u00e9 par EYESOFT permettant au Client d\u2019acc\u00e9der \u00e0 son compte sur la Plateforme sont strictement confidentiels et personnels.<\/p>\n\n\n\n<p class=\"has-noir-color has-text-color has-link-color has-inter-font-family has-l-text-font-size wp-elements-d61028062dc1869125dd82d160f3bd45\">Le Client est seul responsable de l\u2019utilisation qui pourrait \u00eatre faite de l\u2019identifiant et de son mot de passe ou de son compte et se porte garant de leur caract\u00e8re confidentiel, et par suite, de toute\nutilisation qui pourra \u00eatre faite de son compte.<\/p>\n\n\n\n<p class=\"has-noir-color has-text-color has-link-color has-inter-font-family has-l-text-font-size wp-elements-cfb253458419f3b0a280f6e314649873\">En tout \u00e9tat de cause, le Client s\u2019engage \u00e0 informer imm\u00e9diatement EYESOFT de toute utilisation qu\u2019il n\u2019aurait pas autoris\u00e9e et de toute atteinte \u00e0 la confidentialit\u00e9 ou s\u00e9curit\u00e9 de ses donn\u00e9es d\u2019identification.<\/p>\n\n\n\n<p class=\"has-noir-color has-text-color has-link-color has-inter-font-family has-l-text-font-size wp-elements-512c9c3af9f05ba54b54e0c0466e0062\">Si, par la faute du Client, il est fait une utilisation non autoris\u00e9e de ses identifiants, le Client sera exclusivement responsable de tout acte r\u00e9sultant de l\u2019utilisation d\u00e9tourn\u00e9e de la Plateforme ou des Services. EYESOFT ne pourra en aucun cas \u00eatre tenue responsable de toute perte ou de tout dommage r\u00e9sultant d\u2019un non\u2013respect des obligations du Client stipul\u00e9es au pr\u00e9sent article.<\/p>\n\n\n\n<div style=\"height:10px\" aria-hidden=\"true\" class=\"wp-block-spacer\"><\/div>\n\n\n\n<p class=\"has-noir-color has-text-color has-link-color has-inter-font-family has-l-text-font-size\"><strong>10.5. Utilisation de la Plateforme en t\u00e9l\u00e9soin<\/strong><\/p>\n\n\n\n<p class=\"has-noir-color has-text-color has-link-color has-inter-font-family has-l-text-font-size wp-elements-0189c79b0f5f088a11c35bda22744937\">Dans le cadre de l\u2019offre EMAA Home, le Client reconna\u00eet avoir connaissance de l\u2019Avenant n\u00b0 14 relatif au recours au t\u00e9l\u00e9soin, avenant \u00e0 la Convention Nationale organisant les rapports entre les Orthoptistes et l\u2019Union Nationale des Caisses d\u2019Assurance Maladie.<\/p>\n\n\n\n<p class=\"has-noir-color has-text-color has-link-color has-inter-font-family has-l-text-font-size wp-elements-d00366b3f7b58b72287051e66a2a974a\">L\u2019avis de cet Avenant n\u00b0 14 dat\u00e9 du 28 octobre 2021 a \u00e9t\u00e9 publi\u00e9 au Journal Officiel n\u00b0 0254 le 30 octobre 2021.<\/p>\n\n\n\n<div style=\"height:10px\" aria-hidden=\"true\" class=\"wp-block-spacer\"><\/div>\n\n\n\n<p class=\"has-noir-color has-text-color has-link-color has-l-text-font-size wp-elements-a25470214d879d4c84dc42c8a74a283c\" style=\"font-style:normal;font-weight:700\"><\/p><p class=\"has-noir-color has-text-color has-link-color has-inter-font-family has-l-text-font-size\" style=\"font-style:normal;font-weight:500\"><strong>11. Dur\u00e9e<\/strong><\/p>\n\n\n\n<p class=\"has-noir-color has-text-color has-link-color has-inter-font-family has-l-text-font-size wp-elements-360bcece38e2ed16be2a4dcb2e1af976\">Les pr\u00e9sentes CGV sont conclues pour toute la dur\u00e9e de la Commande et\/ou de l\u2019Abonnement, ou le cas \u00e9ch\u00e9ant de la p\u00e9riode d\u2019essai.<\/p>\n\n\n\n<div style=\"height:10px\" aria-hidden=\"true\" class=\"wp-block-spacer\"><\/div>\n\n\n\n<p class=\"has-noir-color has-text-color has-link-color has-inter-font-family has-l-text-font-size\"><strong>11.1. P\u00e9riode d\u2019essai gratuite applicable \u00e0 l\u2019offre EMAA Pro 2 (France M\u00e9tropolitaine uniquement)<\/strong><\/p>\n\n\n\n<p class=\"has-noir-color has-text-color has-link-color has-inter-font-family has-l-text-font-size wp-elements-6d23a1f965867d0b14f74ef12a417780\">Dans le cadre l\u2019offre EMAA Pro 2 en France M\u00e9tropolitaine uniquement, le Client dispose d\u2019une p\u00e9riode d\u2019essai gratuite de trente (30) jours \u00e0 compter de la r\u00e9ception du Casque afin d\u2019essayer les Services.<\/p>\n\n\n\n<p class=\"has-noir-color has-text-color has-link-color has-inter-font-family has-l-text-font-size wp-elements-9942905903b11f926a54e78f29b35814\">Durant cette p\u00e9riode d\u2019essai, le Client recevra l\u2019offre de Location de la part de l\u2019organisme financier partenaire ou d\u2019EYESOFT.<\/p>\n\n\n\n<p class=\"has-noir-color has-text-color has-link-color has-inter-font-family has-l-text-font-size wp-elements-984e6a92a0e8516259f1eadeb7e0b6df\">Dans le cas o\u00f9 le Client ne souhaite pas souscrire un Abonnement au terme de la p\u00e9riode d\u2019essai, il en informe EYESOFT par e-mail \u00e0 l\u2019adresse contact@eyesoft.fr et s\u2019engage dans ce cas \u00e0 restituer le Casque dans les conditions pr\u00e9vues \u00e0 l\u2019article \u00ab Restitution du Casque \u00bb.<\/p>\n\n\n\n<p class=\"has-noir-color has-text-color has-link-color has-inter-font-family has-l-text-font-size wp-elements-036d05903d01728f057c535ed43f7d2e\">L\u2019absence de restitution du Casque dans un d\u00e9lai de quinze (15) jours apr\u00e8s la fin de la p\u00e9riode d\u2019essai, entra\u00eene l\u2019encaissement par EYESOFT de la garantie de neuf cents euros TTC (900\u20ac), ce que le Client reconnait et accepte sans r\u00e9serve.<\/p>\n\n\n\n<div style=\"height:10px\" aria-hidden=\"true\" class=\"wp-block-spacer\"><\/div>\n\n\n\n<p class=\"has-noir-color has-text-color has-link-color has-inter-font-family has-l-text-font-size\"><strong>11.2. Dur\u00e9e de l\u2019Abonnement<\/strong><\/p>\n\n\n\n<div style=\"height:10px\" aria-hidden=\"true\" class=\"wp-block-spacer\"><\/div>\n\n\n\n<p class=\"has-noir-color has-text-color has-link-color has-inter-font-family has-l-text-font-size\">11.2.1. Dur\u00e9e initiale<\/p>\n\n\n\n<p class=\"has-noir-color has-text-color has-link-color has-inter-font-family has-l-text-font-size wp-elements-059b0e23f2068eb5f401c3646bb0baad\">Les services propos\u00e9s par EYESOFT sont accessibles par Location, avec un engagement de trente\u2013six (36) mois, aupr\u00e8s d\u2019EYESOFT directement ou via un organisme financier partenaire d\u2019EYESOFT<\/p>\n\n\n\n<p class=\"has-noir-color has-text-color has-link-color has-inter-font-family has-l-text-font-size wp-elements-69422bbca0f0f10be1808860b6335820\">Les modalit\u00e9s (accord, montant) seront pr\u00e9sent\u00e9es et convenues entre EYESOFT et le Client, et l\u2018organisme de leasing partenaire le cas \u00e9ch\u00e9ant, au moment du choix de financement par le Client.<\/p>\n\n\n\n<p class=\"has-noir-color has-text-color has-link-color has-inter-font-family has-l-text-font-size wp-elements-3db75f5923d458fc31ddb572460b2e40\">La p\u00e9riode de Location d\u00e9bute \u00e0 la date de signature (i) du bon de Commande avec EYESOFT ou (ii) du contrat avec le partenaire financier d\u2019EYESOFT.<\/p>\n\n\n\n<div style=\"height:10px\" aria-hidden=\"true\" class=\"wp-block-spacer\"><\/div>\n\n\n\n<p class=\"has-noir-color has-text-color has-link-color has-inter-font-family has-l-text-font-size\">11.2.2. Reconduction automatique de l\u2019Abonnement et d\u00e9nonciation<\/p>\n\n\n\n<p class=\"has-noir-color has-text-color has-link-color has-inter-font-family has-l-text-font-size wp-elements-52623297b2302181d61172e71d178215\">Au terme de la dur\u00e9e initiale, le contrat sera reconduit tacitement pour des dur\u00e9es identiques \u00e0 celle pr\u00e9vue dans le contrat initial, selon les modalit\u00e9s tarifaires et de r\u00e8glement en vigueur au moment du renouvellement.<\/p>\n\n\n\n<p class=\"has-noir-color has-text-color has-link-color has-inter-font-family has-l-text-font-size wp-elements-de26e0b0ec2cd2de1d1b7360ba626a44\">La d\u00e9nonciation du contrat pourra intervenir \u00e0 l\u2019initiative de l\u2019une ou l\u2019autre des Parties \u00e0 l\u2019issue de la dur\u00e9e initiale du contrat, puis \u00e0 chaque date anniversaire de la reconduction du contrat et, sous r\u00e9serve de la notification de l\u2019autre Partie par e-mail. Le Client fera parvenir un e-mail \u00e0 EYESOFT \u00e0 l\u2019adresse suivante : service@eyesoft.fr.<\/p>\n\n\n\n<p class=\"has-noir-color has-text-color has-link-color has-inter-font-family has-l-text-font-size wp-elements-505dfbed1cc2047d759d7b09e706554b\">La d\u00e9nonciation devra \u00eatre notifi\u00e9e moyennant le respect d\u2019un pr\u00e9avis de deux (2) mois, et emportera application des stipulations pr\u00e9vues \u00e0 l\u2019article \u00ab Modalit\u00e9s de fin du contrat \u00bb.<\/p>\n\n\n\n<p class=\"has-noir-color has-text-color has-link-color has-inter-font-family has-l-text-font-size wp-elements-23eeda3bce632978a6acc89e83d510d3\">Dans le cas d\u2019un contrat avec l\u2019organisme financier partenaire, le contrat pourra \u00eatre renouvel\u00e9 et\/ou d\u00e9nonc\u00e9 de la m\u00eame mani\u00e8re, aupr\u00e8s d\u2019EYESOFT.<\/p>\n\n\n\n<p class=\"has-noir-color has-text-color has-link-color has-inter-font-family has-l-text-font-size wp-elements-f8cceef579a923ddfcdc66d1432228cf\">Le Client a la possibilit\u00e9 de r\u00e9silier par anticipation l\u2019Abonnement dans les conditions d\u00e9finies \u00e0 l\u2019article \u00ab R\u00e9siliation par anticipation \u00bb<\/p>\n\n\n\n<div style=\"height:10px\" aria-hidden=\"true\" class=\"wp-block-spacer\"><\/div>\n\n\n\n<p class=\"has-noir-color has-text-color has-link-color has-l-text-font-size wp-elements-c53eae174102e1e964fe4133cad82414\" style=\"font-style:normal;font-weight:700\"><\/p><p class=\"has-noir-color has-text-color has-link-color has-inter-font-family has-l-text-font-size\" style=\"font-style:normal;font-weight:500\"><strong>12. R\u00e9siliation<\/strong><\/p>\n\n\n\n<div style=\"height:10px\" aria-hidden=\"true\" class=\"wp-block-spacer\"><\/div>\n\n\n\n<p class=\"has-noir-color has-text-color has-link-color has-inter-font-family has-l-text-font-size\"><strong>12.1. R\u00e9siliation pour manquement de l\u2019une des Parties<\/strong><\/p>\n\n\n\n<p class=\"has-noir-color has-text-color has-link-color has-inter-font-family has-l-text-font-size wp-elements-4adda70b5ec86d700a09435a0f98d37f\">En cas de manquement par l\u2019une ou l\u2019autre des Parties \u00e0 ses obligations au titre des pr\u00e9sentes CGV, l\u2019autre Partie adressera \u00e0 la Partie d\u00e9faillante une mise en demeure, par lettre recommand\u00e9e avec demande d\u2019avis de r\u00e9ception de rem\u00e9dier au manquement.<\/p>\n\n\n\n<p class=\"has-noir-color has-text-color has-link-color has-inter-font-family has-l-text-font-size wp-elements-6738e47186b2b83193b4e3d9bb3ef85b\">Si cette mise en demeure est rest\u00e9e infructueuse trente (30) jours \u00e0 compter de la r\u00e9ception de celle\u2013ci, la Partie pourra prononcer la r\u00e9siliation de plein droit du contrat, sans autre formalit\u00e9 que l\u2019envoi \u00e0 la Partie d\u00e9faillante, d\u2019une seconde lettre recommand\u00e9e avec demande d\u2019avis de r\u00e9ception.<\/p>\n\n\n\n<p class=\"has-noir-color has-text-color has-link-color has-inter-font-family has-l-text-font-size wp-elements-b8e4344685e3f4266bf11600c1e60bf6\">Par exception, EYESOFT se r\u00e9serve la facult\u00e9 de r\u00e9silier de plein droit les CGV sans notification pr\u00e9alable ni indemnit\u00e9 dans le cas o\u00f9 le Client ou un de ses Patients porte atteinte de quelque\nmani\u00e8re que ce soit \u00e0 l\u2019int\u00e9grit\u00e9 du Casque, du Logiciel ou de la Plateforme, ainsi qu\u2019aux droits de propri\u00e9t\u00e9 intellectuelle d\u2019EYESOFT.<\/p>\n\n\n\n<p class=\"has-noir-color has-text-color has-link-color has-inter-font-family has-l-text-font-size wp-elements-84c11830fdd70a6a6f4c3d439db7c010\">En cas de r\u00e9siliation de l\u2019Abonnement pour manquement du Client, l\u2019ensemble des sommes pay\u00e9es restent acquises \u00e0 EYESOFT, qui facturera l\u2019ensemble des redevances restant dues jusqu\u2019\u00e0 la fin de l\u2019Abonnement, imm\u00e9diatement exigibles \u00e0 la date de r\u00e9siliation effective.<\/p>\n\n\n\n<p class=\"has-noir-color has-text-color has-link-color has-inter-font-family has-l-text-font-size wp-elements-12330f1e778e30e20de7126d757bc221\">En cas de r\u00e9siliation, le Client s\u2019engage \u00e0 respecter les cons\u00e9quences de la fin des CGV telles que mentionn\u00e9es \u00e0 l\u2019article \u00ab Cons\u00e9quences de la fin de la Location \u00bb.<\/p>\n\n\n\n<div style=\"height:10px\" aria-hidden=\"true\" class=\"wp-block-spacer\"><\/div>\n\n\n\n<p class=\"has-noir-color has-text-color has-link-color has-inter-font-family has-l-text-font-size\"><strong>12.2. R\u00e9siliation anticip\u00e9e par le Client<\/strong><\/p>\n\n\n\n<p class=\"has-noir-color has-text-color has-link-color has-inter-font-family has-l-text-font-size wp-elements-6400ad6cab99bf84ef34c26c1145944b\">Le Client dispose de la possibilit\u00e9 de r\u00e9silier le contrat pour convenance apr\u00e8s une p\u00e9riode de douze (12) mois \u00e0 compter de la date du d\u00e9but de la Location, moyennant le paiement de frais de r\u00e9siliation.<\/p>\n\n\n\n<p class=\"has-noir-color has-text-color has-link-color has-inter-font-family has-l-text-font-size wp-elements-c5d7bd20a5e159082ada7137b6fc7afc\">Le CLient notifiera la r\u00e9siliation \u00e0 EYESOFT par e-mail : service@eyesoft.fr. La r\u00e9siliation sera effective apr\u00e8s l\u2019expiration d\u2019un d\u00e9lai de pr\u00e9avis d\u2019un (1) mois \u00e0 compter de la r\u00e9ception de la notification.<\/p>\n\n\n\n<p class=\"has-noir-color has-text-color has-link-color has-inter-font-family has-l-text-font-size wp-elements-e382c3daaf8f540f7caaeca335ed0b5a\">En cas de r\u00e9siliation anticip\u00e9e, le Client devra verser \u00e0 EYESOFT une indemnit\u00e9 correspondant \u00e0 dix pour cent (10%) du montant total des loyers restant d\u00fb jusqu&#8217;au terme du contrat. Cette indemnit\u00e9 sera pay\u00e9e dans un d\u00e9lai de trente (30) jours date de facturation.<\/p>\n\n\n\n<p class=\"has-noir-color has-text-color has-link-color has-inter-font-family has-l-text-font-size wp-elements-8f8bd53e0c6fba3624bdaa5a3979daec\">Le Client reconna\u00eet que cette indemnit\u00e9 forfaitaire repr\u00e9sente un d\u00e9dommagement raisonnable des pr\u00e9judices subis par EYESOFT en raison de cette r\u00e9siliation anticip\u00e9e apr\u00e8s la p\u00e9riode de douze (12) mois.<\/p>\n\n\n\n<div style=\"height:10px\" aria-hidden=\"true\" class=\"wp-block-spacer\"><\/div>\n\n\n\n<p class=\"has-noir-color has-text-color has-link-color has-l-text-font-size wp-elements-8ab1d347e33acce83f495171d8d8f8e0\" style=\"font-style:normal;font-weight:700\"><\/p><p class=\"has-noir-color has-text-color has-link-color has-inter-font-family has-l-text-font-size\" style=\"font-style:normal;font-weight:500\"><strong>13. Modalit\u00e9s de fin de la Location<\/strong><\/p>\n\n\n\n<div style=\"height:10px\" aria-hidden=\"true\" class=\"wp-block-spacer\"><\/div>\n\n\n\n<p class=\"has-noir-color has-text-color has-link-color has-inter-font-family has-l-text-font-size\"><strong>13.1 Cons\u00e9quences de la fin de la Location<\/strong><\/p>\n\n\n\n<p class=\"has-noir-color has-text-color has-link-color has-inter-font-family has-l-text-font-size wp-elements-3b17168108c858cfaaa4939adc3a58cf\">Au terme de la Location, et ce quelle qu\u2019en soit la cause, le Client s\u2019engage \u00e0 :<\/p>\n\n\n\n<ul class=\"wp-block-list\">\n<li>\u2713 r\u00e9gler toutes les sommes dues \u00e0 EYESOFT ou \u00e0 l \u2018organisme de leasing partenaire en\ncontrepartie de la fourniture des Services, toute cr\u00e9ance devenant imm\u00e9diatement exigible ;<\/li>\n\n\n\n<li>\u2713 r\u00e9gler le cas \u00e9ch\u00e9ant les frais de r\u00e9siliation anticip\u00e9e qui sont imm\u00e9diatement exigible ;<\/li>\n\n\n\n<li>\u2713 cesser toute utilisation du Casque et du Logiciel ;<\/li>\n\n\n\n<li>\u2713 Restituer le Casque dans les conditions d\u00e9finies ci-apr\u00e8s ;<\/li>\n<\/ul>\n\n\n\n<p class=\"has-noir-color has-text-color has-link-color has-inter-font-family has-l-text-font-size wp-elements-576585f8f79388ee64c71d499126e9b7\">cesser toute utilisation de la Plateforme. En cons\u00e9quence, il appartient au Client de sauvegarder les donn\u00e9es stock\u00e9es sur la Plateforme pr\u00e9alablement \u00e0 la cessation de l\u2019Abonnement. Toutefois, le Client pourra contacter EYESOFT afin d\u2019exporter et transmettre les donn\u00e9es stock\u00e9es sur la Plateforme au plus tard avant la fin de la cessation de l\u2019Abonnement.11.3 Restitution du Casque et des Accessoires<\/p>\n\n\n\n<p class=\"has-noir-color has-text-color has-link-color has-inter-font-family has-l-text-font-size wp-elements-b7ddaef19e85e829738dda48f5e926f8\">La restitution du Casque et des Accessoires aupr\u00e8s d\u2019EYESOFT est \u00e0 la charge du Client.<\/p>\n\n\n\n<p class=\"has-noir-color has-text-color has-link-color has-inter-font-family has-l-text-font-size wp-elements-6331a8a9e13afd9a6827a4a3864e4648\">Il est recommand\u00e9 de conserver l\u2019emballage d\u2019origine du Casque afin de garantir la meilleure protection de celui\u2013ci pour l\u2019envoi de restitution.<\/p>\n\n\n\n<p class=\"has-noir-color has-text-color has-link-color has-inter-font-family has-l-text-font-size wp-elements-d68bef547d805de21b96527fc6edb519\">En cas de restitution d\u2019un Casque non fonctionnel ou d\u00e9t\u00e9rior\u00e9, EYESOFT se r\u00e9serve le droit de facturer au Client le prix des r\u00e9parations correspondantes et le prix correspondant aux Accessoires non restitu\u00e9s. EYESOFT fera parvenir au Client une facture d\u00e9taillant les r\u00e9parations r\u00e9alis\u00e9es ainsi que leur co\u00fbt et pr\u00e9l\u00e8vera en cons\u00e9quence tout ou partie du montant de la garantie.<\/p>\n\n\n\n<p class=\"has-noir-color has-text-color has-link-color has-inter-font-family has-l-text-font-size wp-elements-3dfe4558713525653fc16786b64d5ee7\">En cas de non-restitution du Casque par le Client dans un d\u00e9lai de trente (30) jours \u00e0 compter de la fin de la Location ou de quinze (15) jours \u00e0 compter de la fin de la p\u00e9riode d\u2019essai non suivie d\u2019une Location, EYESOFT pr\u00e9l\u00e8vera sur la garantie une somme de neuf cents (900) euros TTC au Client.<\/p>\n\n\n\n<div style=\"height:10px\" aria-hidden=\"true\" class=\"wp-block-spacer\"><\/div>\n\n\n\n<p class=\"has-noir-color has-text-color has-link-color has-l-text-font-size wp-elements-bb5473264a17eadf4cc9f676b54e4d9f\" style=\"font-style:normal;font-weight:700\"><\/p><p class=\"has-noir-color has-text-color has-link-color has-inter-font-family has-l-text-font-size\" style=\"font-style:normal;font-weight:500\"><strong>14. Prix \u2013 Modalit\u00e9s de paiement<\/strong><\/p>\n\n\n\n<div style=\"height:10px\" aria-hidden=\"true\" class=\"wp-block-spacer\"><\/div>\n\n\n\n<p class=\"has-noir-color has-text-color has-link-color has-inter-font-family has-l-text-font-size\"><strong>14.1. Prix<\/strong><\/p>\n\n\n\n<p class=\"has-noir-color has-text-color has-link-color has-inter-font-family has-l-text-font-size wp-elements-0fb294d3e714fa526d029682cb1918fd\">Le Prix pay\u00e9 par le Client \u00e0 EYESOFT, ou \u00e0 l\u2019un de ses organismes financiers partenaires en contrepartie de la fourniture des Services correspond aux tarifs en vigueur au moment de la Commande.<\/p>\n\n\n\n<p class=\"has-noir-color has-text-color has-link-color has-inter-font-family has-l-text-font-size wp-elements-cab6f0528b0c1530c9cc99d96ba53af8\">Le Prix est ferme et d\u00e9finitif.<\/p>\n\n\n\n<p class=\"has-noir-color has-text-color has-link-color has-inter-font-family has-l-text-font-size wp-elements-7d9a87d5b82f071ed53a1ee377a68730\">Dans le cadre de l\u2019offre EMAA Home, le Client reconna\u00eet et accepte que chaque t\u00e9l\u00e9\u2013s\u00e9ance doit \u00eatre pay\u00e9e s\u00e9par\u00e9ment de l\u2019Abonnement et du Casque \u00e0 EYESOFT.<\/p>\n\n\n\n<p class=\"has-noir-color has-text-color has-link-color has-inter-font-family has-l-text-font-size wp-elements-fd2a2a7ba81c62553745534321a9daed\">Le Client reconna\u00eet que les Accessoires sont pay\u00e9s s\u00e9par\u00e9ment.<\/p>\n\n\n\n<p class=\"has-noir-color has-text-color has-link-color has-inter-font-family has-l-text-font-size wp-elements-afb081a98c59de3682fa13f1ce0528b0\">Le Prix ne comprend pas les co\u00fbts li\u00e9s \u00e0 l\u2019\u00e9quipement (ordinateur ou tablette pour acc\u00e9der \u00e0 la Plateforme) et aux communications \u00e9lectroniques (internet, wifi), n\u00e9cessaires \u00e0  l\u2019utilisation des Services, lesdits co\u00fbts \u00e9tant \u00e0 la charge du Client.<\/p>\n\n\n\n<div style=\"height:10px\" aria-hidden=\"true\" class=\"wp-block-spacer\"><\/div>\n\n\n\n<p class=\"has-noir-color has-text-color has-link-color has-inter-font-family has-l-text-font-size\"><strong>14.2. Modalit\u00e9s de paiement<\/strong><\/p>\n\n\n\n<div style=\"height:10px\" aria-hidden=\"true\" class=\"wp-block-spacer\"><\/div>\n\n\n\n<p class=\"has-noir-color has-text-color has-link-color has-inter-font-family has-l-text-font-size\">14.2.1. Modalit\u00e9s de paiement<\/p>\n\n\n\n<p class=\"has-noir-color has-text-color has-link-color has-inter-font-family has-l-text-font-size wp-elements-2b7537c596ff016ef68c6aff79e33b99\">La Location est factur\u00e9e mensuellement par EYESOFT ou l\u2019un des organismes financiers partenaires d\u2019EYESOFT \u00e0 compter de la date de signature (i) du bon de Commande avec EYESOFT ou (ii) du contrat avec le partenaire financier d\u2019EYESOFT.<\/p>\n\n\n\n<p class=\"has-noir-color has-text-color has-link-color has-inter-font-family has-l-text-font-size wp-elements-df606b19753d6d2017dd7d76da9d8ab7\">La dur\u00e9e de l\u2019engagement de la Location est de trente-six (36) mois  \u00e0 compter de la date de signature (i) du bon de Commande avec EYESOFT ou (ii) du contrat avec le partenaire financier d\u2019EYESOFT, et le paiement du prix sera effectu\u00e9 conform\u00e9ment aux modalit\u00e9s pr\u00e9cis\u00e9es dans les contrats desdits organismes ou dans le bon de Commande.<\/p>\n\n\n\n<div style=\"height:10px\" aria-hidden=\"true\" class=\"wp-block-spacer\"><\/div>\n\n\n\n<p class=\"has-noir-color has-text-color has-link-color has-inter-font-family has-l-text-font-size\">14.2.3. Modalit\u00e9s de paiement des Accessoires<\/p>\n\n\n\n<p class=\"has-noir-color has-text-color has-link-color has-inter-font-family has-l-text-font-size wp-elements-d0dc5241aa962de12aafb15db67543ff\">Chaque Accessoire achet\u00e9 fait l\u2019objet d\u2019une facturation unique.<\/p>\n\n\n\n<p class=\"has-noir-color has-text-color has-link-color has-inter-font-family has-l-text-font-size wp-elements-053a6cb737625a1e932bf481a02c558e\">Dans le cadre de l\u2019achat d\u2019un Accessoire, le paiement du Prix sera effectu\u00e9 par virement bancaire \/ carte bancaire \/ pr\u00e9l\u00e8vement SEPA dans un d\u00e9lai de trente (30) jours \u00e0 compter de la r\u00e9ception de la facture.14.2.4. Modalit\u00e9s de paiement des t\u00e9l\u00e9\u2013s\u00e9ances.<\/p>\n\n\n\n<p class=\"has-noir-color has-text-color has-link-color has-inter-font-family has-l-text-font-size wp-elements-898c16738610cb685afb447e7c015131\">Une facture r\u00e9capitulative des t\u00e9l\u00e9\u2013s\u00e9ances utilis\u00e9es pendant le mois est \u00e9mise \u00e0 la fin de chaque mois d\u00e9taillant le nombre de s\u00e9ances r\u00e9alis\u00e9es et le montant total du Prix.<\/p>\n\n\n\n<p class=\"has-noir-color has-text-color has-link-color has-inter-font-family has-l-text-font-size wp-elements-e0e4293c6a0bbccc8c6c21986c98c536\">Le paiement du Prix sera effectu\u00e9 par pr\u00e9l\u00e8vement bancaire dans un d\u00e9lai de trente (30) jours \u00e0 compter de la r\u00e9ception de la facture.<\/p>\n\n\n\n<div style=\"height:10px\" aria-hidden=\"true\" class=\"wp-block-spacer\"><\/div>\n\n\n\n<p class=\"has-noir-color has-text-color has-link-color has-inter-font-family has-l-text-font-size\">14.2.5. Modification des coordonn\u00e9es bancaires<\/p>\n\n\n\n<p class=\"has-noir-color has-text-color has-link-color has-inter-font-family has-l-text-font-size wp-elements-e3076fe2357eeabcd02a58e2d575b64c\">En cas de modification de ses coordonn\u00e9es bancaires, le Client s\u2019engage \u00e0 en informer EYESOFT dans les meilleurs d\u00e9lais en modifiant les coordonn\u00e9es bancaires sur la Plateforme.<\/p>\n\n\n\n<div style=\"height:10px\" aria-hidden=\"true\" class=\"wp-block-spacer\"><\/div>\n\n\n\n<p class=\"has-noir-color has-text-color has-link-color has-inter-font-family has-l-text-font-size\">14.2.6. Retard de paiement \u2013 P\u00e9nalit\u00e9s<\/p>\n\n\n\n<p class=\"has-noir-color has-text-color has-link-color has-inter-font-family has-l-text-font-size wp-elements-c2da71a7e1e8263fe7e584e68d6583db\">Le d\u00e9faut de paiement \u00e0 l\u2019\u00e9ch\u00e9ance des factures entra\u00eenera de plein droit et sans qu\u2019une mise en demeure pr\u00e9alable ne soit n\u00e9cessaire, l\u2019application d\u2019un int\u00e9r\u00eat sur les sommes \u00e9chues \u00e9gal \u00e0 trois fois le taux d\u2019int\u00e9r\u00eat l\u00e9gal ainsi que le paiement d\u2019une p\u00e9nalit\u00e9 de 40 euros pour frais de recouvrement.<\/p>\n\n\n\n<p class=\"has-noir-color has-text-color has-link-color has-inter-font-family has-l-text-font-size wp-elements-c3e2d40557b8d8a753a75c2d2e49d226\">En cas de d\u00e9faut de paiement du Client conform\u00e9ment aux pr\u00e9sentes, EYESOFT se r\u00e9serve le droit de suspendre les Services jusqu\u2019au complet paiement du Prix.<\/p>\n\n\n\n<div style=\"height:10px\" aria-hidden=\"true\" class=\"wp-block-spacer\"><\/div>\n\n\n\n<p class=\"has-noir-color has-text-color has-link-color has-l-text-font-size wp-elements-8aaa2a3a33eea880b3f0efb6b0f4a0e2\" style=\"font-style:normal;font-weight:700\"><\/p><p class=\"has-noir-color has-text-color has-link-color has-inter-font-family has-l-text-font-size\" style=\"font-style:normal;font-weight:500\"><strong>15. Responsabilit\u00e9<\/strong><\/p>\n\n\n\n<div style=\"height:10px\" aria-hidden=\"true\" class=\"wp-block-spacer\"><\/div>\n\n\n\n<p class=\"has-noir-color has-text-color has-link-color has-inter-font-family has-l-text-font-size\"><strong>15.1. Responsabilit\u00e9 concernant les Services<\/strong><\/p>\n\n\n\n<p class=\"has-noir-color has-text-color has-link-color has-inter-font-family has-l-text-font-size wp-elements-843f5ac10bc4e3f5657542c582bb4165\">EYESOFT ne saurait \u00eatre tenue responsable :<\/p>\n\n\n\n<ul class=\"wp-block-list\">\n<li>\u2713 d\u2019autres faits que ceux relatifs \u00e0 la fourniture des Services ;<\/li>\n\n\n\n<li>\u2713 d\u2019une inex\u00e9cution d\u2019une obligation \u00e0 la charge d\u2019EYESOFT au titre des pr\u00e9sentes CGV caus\u00e9e par un manquement d\u2019un prestataire du Client, du Client ou d\u2019un Patient.<\/li>\n<\/ul>\n\n\n\n<p class=\"has-noir-color has-text-color has-link-color has-inter-font-family has-l-text-font-size wp-elements-158333b1ab2b7f02c7fa64cbe7ea5a45\">Le Client est inform\u00e9 et reconna\u00eet que :<\/p>\n\n\n\n<ul class=\"wp-block-list\">\n<li>\u2713 le Logiciel est un dispositif m\u00e9dical de classe I au sens du R\u00e8glement (UE) 2017\/745 du Parlement europ\u00e9en et du Conseil du 5 avril 2017 relatif aux dispositifs m\u00e9dicaux,<\/li>\n\n\n\n<li>\u2713 l\u2019utilisation du Logiciel a pour seul objet d\u2019aider le Client \u00e0 assister les Patients dans l\u2018\u00e9valuation et la r\u00e9\u00e9ducation orthoptique.<\/li>\n<\/ul>\n\n\n\n<p class=\"has-noir-color has-text-color has-link-color has-inter-font-family has-l-text-font-size wp-elements-fcda0805830aed128eb5b56c5ce23da0\">EYESOFT indique que le contenu de la Plateforme peut faire l\u2019objet de correctifs et toute \u00e9volution jug\u00e9e n\u00e9cessaire et qu\u2019elle est susceptible d\u2019\u00eatre modifi\u00e9e ou faire l\u2019objet de mises \u00e0 jour.<\/p>\n\n\n\n<p class=\"has-noir-color has-text-color has-link-color has-inter-font-family has-l-text-font-size wp-elements-57e8989c13ef3e8e271f200df9d8e84d\">EYESOFT s\u2019organise pour que la Plateforme soit disponible 24 heures\/24, 7 jours\/7. Toutefois, EYESOFT se r\u00e9serve le droit d\u2019interrompre l\u2019acc\u00e8s \u00e0 tout ou partie de la Plateforme, de fa\u00e7on temporaire pour des raisons de maintenance visant le bon fonctionnement de la Plateforme, sans pr\u00e9avis et sans que cette interruption puisse donner droit \u00e0 une quelconque indemnit\u00e9 pour le Client.<\/p>\n\n\n\n<p class=\"has-noir-color has-text-color has-link-color has-inter-font-family has-l-text-font-size wp-elements-f6840bee68a7e441e2f06d254c589eff\">En tout \u00e9tat de cause, EYESOFT ne saurait \u00eatre tenue responsable du non\u2013fonctionnement, d\u2019une impossibilit\u00e9 d\u2019acc\u00e8s ou de dysfonctionnements de la Plateforme imputables \u00e0 un \u00e9quipement non adapt\u00e9, au comportement du Client ou d\u2019un Patient, au fait impr\u00e9visible et insurmontable d\u2019un tiers ou \u00e0 un cas de force majeure, \u00e0 des dysfonctionnements des services du fournisseur d\u2019acc\u00e8s du Client, \u00e0 ceux du r\u00e9seau Internet. EYESOFT ne peut garantir l\u2019exhaustivit\u00e9 de ses Services ou l\u2019absence de modification par un tiers (intrusion, virus).<\/p>\n\n\n\n<p class=\"has-noir-color has-text-color has-link-color has-inter-font-family has-l-text-font-size wp-elements-8b27004c696252f9c8f1c4e1390cfeb8\">Le Client d\u00e9clare accepter les caract\u00e9ristiques et les limites d\u2019Internet.<\/p>\n\n\n\n<div style=\"height:10px\" aria-hidden=\"true\" class=\"wp-block-spacer\"><\/div>\n\n\n\n<p class=\"has-noir-color has-text-color has-link-color has-inter-font-family has-l-text-font-size\"><strong>15.2. Limitation de responsabilit\u00e9<\/strong><\/p>\n\n\n\n<p class=\"has-noir-color has-text-color has-link-color has-inter-font-family has-l-text-font-size wp-elements-27f7dc761fe6424449146b7cadc9321c\">La responsabilit\u00e9 d\u2019EYESOFT ne pourra \u00eatre engag\u00e9e que pour les dommages directs subis par le Client, r\u00e9sultant d\u2019un manquement \u00e0 ses obligations contractuelles telles que d\u00e9finies aux pr\u00e9sentes.<\/p>\n\n\n\n<p class=\"has-noir-color has-text-color has-link-color has-inter-font-family has-l-text-font-size wp-elements-fdb386e46a742c275a56504a3e4088ab\">Le Client renonce donc \u00e0 demander r\u00e9paration \u00e0 EYESOFT \u00e0 quelque titre que ce soit, de :<\/p>\n\n\n\n<ul class=\"wp-block-list\">\n<li>\u2713 dommages indirects tels que le manque \u00e0 gagner, la perte de chance, le pr\u00e9judice commercial ou financier,<\/li>\n\n\n\n<li>\u2713 la perte ou la corruption de donn\u00e9es ou interruption ou perte d\u2019activit\u00e9,<\/li>\n\n\n\n<li>\u2713 l\u2019augmentation de frais g\u00e9n\u00e9raux la perte de revenus, de b\u00e9n\u00e9fices, de client\u00e8le ou de ventes ou d\u2019\u00e9conomies pr\u00e9vues trouvant leur origine ou \u00e9tant la cons\u00e9quence de l\u2019ex\u00e9cution des pr\u00e9sentes CGV.<\/li>\n<\/ul>\n\n\n\n<p class=\"has-noir-color has-text-color has-link-color has-inter-font-family has-l-text-font-size wp-elements-11b10b72764d4015169ee3a63fafd51d\">Le Client est seul responsable des dommages caus\u00e9s aux tiers, et notamment les Patients, et des cons\u00e9quences des r\u00e9clamations ou actions qui pourraient en d\u00e9couler.<\/p>\n\n\n\n<p class=\"has-noir-color has-text-color has-link-color has-inter-font-family has-l-text-font-size wp-elements-88579557593380c8901efc08d8bebb12\">En tout \u00e9tat de cause, la responsabilit\u00e9 d\u2019EYESOFT ne pourra pas d\u00e9passer le montant pay\u00e9 par le Client \u00e0 EYESOFT pour la fourniture des Services.<\/p>\n\n\n\n<div style=\"height:10px\" aria-hidden=\"true\" class=\"wp-block-spacer\"><\/div>\n\n\n\n<p class=\"has-noir-color has-text-color has-link-color has-l-text-font-size wp-elements-a6266c89830488183646e163401e5b5c\" style=\"font-style:normal;font-weight:700\"><\/p><p class=\"has-noir-color has-text-color has-link-color has-inter-font-family has-l-text-font-size\" style=\"font-style:normal;font-weight:500\"><strong>15. Confidentialit\u00e9<\/strong><\/p>\n\n\n\n<p class=\"has-noir-color has-text-color has-link-color has-inter-font-family has-l-text-font-size wp-elements-254a7d3a2a0b2e9f16874cbc65a43fbb\">Chaque Partie s\u2019engage \u00e0 consid\u00e9rer comme confidentielles les informations \u00e9crites ou verbales, de toute nature, recueillies dans le cadre de l\u2019ex\u00e9cution des pr\u00e9sentes CGV, en particulier les donn\u00e9es techniques, juridiques, commerciales et financi\u00e8res, le savoir\u2013faire et plus g\u00e9n\u00e9ralement les informations relatives aux activit\u00e9s des Parties.<\/p>\n\n\n\n<p class=\"has-noir-color has-text-color has-link-color has-inter-font-family has-l-text-font-size wp-elements-72c645f91cf7bcc70e0512e113626932\">En cons\u00e9quence, les Parties s\u2019engagent \u00e0 ne pas communiquer ni divulguer ces informations \u00e0 qui que ce soit, sauf aux membres de leur personnel qui devront en avoir exclusivement et n\u00e9cessairement connaissance pour l\u2019ex\u00e9cution des pr\u00e9sentes CGV.<\/p>\n\n\n\n<p class=\"has-noir-color has-text-color has-link-color has-inter-font-family has-l-text-font-size wp-elements-44c01c9962295603f17593ecc13905d6\">Les Parties s\u2019interdisent d\u2019utiliser lesdites informations confidentielles de l\u2019autre Partie \u00e0 d\u2019autres fins que pour l\u2019ex\u00e9cution des pr\u00e9sentes CGV.<\/p>\n\n\n\n<p class=\"has-noir-color has-text-color has-link-color has-inter-font-family has-l-text-font-size wp-elements-87a25f88582867f6f2fe050d08ecb76a\">Chaque Partie prendra toutes dispositions pour assurer le respect de cet engagement par son personnel et garantira l\u2019autre Partie d\u2019un tel respect.<\/p>\n\n\n\n<p class=\"has-noir-color has-text-color has-link-color has-inter-font-family has-l-text-font-size wp-elements-4ad8cf3fb7a28add659e01ace3900291\">En cons\u00e9quence, les Parties s\u2019engagent \u00e0 ce que leurs salari\u00e9s, sous\u2013traitants, prestataires et plus g\u00e9n\u00e9ralement toute personne qui aurait acc\u00e8s aux informations confidentielles de l\u2019autre Partie soient tenus \u00e0 une obligation de confidentialit\u00e9 au moins \u00e9quivalente \u00e0 celle contenue dans les pr\u00e9sentes CGV.<\/p>\n\n\n\n<p class=\"has-noir-color has-text-color has-link-color has-inter-font-family has-l-text-font-size wp-elements-addf1355a2ecb840f13f9742136869d9\">L\u2019obligation de confidentialit\u00e9 ne s\u2019applique pas aux informations pour lesquelles la Partie qui les a re\u00e7ues rapporterait la preuve que :<\/p>\n\n\n\n<ul class=\"wp-block-list\">\n<li>\u2713 l\u2019information \u00e9tait en sa possession avant qu\u2019elle la re\u00e7oive de l\u2019autre Partie,<\/li>\n\n\n\n<li>\u2713 l\u2019information \u00e9tait dans le domaine public avant qu\u2019elle la re\u00e7oive de l\u2019autre Partie,<\/li>\n\n\n\n<li>\u2713 l\u2019information a \u00e9t\u00e9 l\u00e9galement re\u00e7ue d\u2019un tiers qui ne la tenait pas directement ou indirectement de l\u2019autre Partie,<\/li>\n\n\n\n<li>\u2713 l\u2019information a \u00e9t\u00e9 d\u00e9velopp\u00e9e ind\u00e9pendamment par la Partie.<\/li>\n<\/ul>\n\n\n\n<p class=\"has-noir-color has-text-color has-link-color has-inter-font-family has-l-text-font-size wp-elements-cc2b2c56a384edf08a23691e6f3ced5a\">L\u2019obligation de confidentialit\u00e9 ne s\u2019applique pas non plus \u00e0 l\u2019\u00e9gard des autorit\u00e9s administratives, judiciaires et fiscales, ainsi que des experts comptables, commissaires aux comptes et avocats, ces derniers \u00e9tant tenus par le secret professionnel envers leurs clients.<\/p>\n\n\n\n<p class=\"has-noir-color has-text-color has-link-color has-inter-font-family has-l-text-font-size wp-elements-3b2ee09dc203e80ee6b392e4053e352f\">L\u2019obligation de confidentialit\u00e9 subsistera pendant une dur\u00e9e d\u2019un (1) an apr\u00e8s le terme des pr\u00e9sentes CGV.<\/p>\n\n\n\n<div style=\"height:10px\" aria-hidden=\"true\" class=\"wp-block-spacer\"><\/div>\n\n\n\n<p class=\"has-noir-color has-text-color has-link-color has-l-text-font-size wp-elements-5fbe37a156f33e3369be5b931d7f5af6\" style=\"font-style:normal;font-weight:700\"><\/p><p class=\"has-noir-color has-text-color has-link-color has-inter-font-family has-l-text-font-size\" style=\"font-style:normal;font-weight:500\"><strong>17. Propri\u00e9t\u00e9 intellectuelle \u2013 Garanties<\/strong><\/p>\n\n\n\n<div style=\"height:10px\" aria-hidden=\"true\" class=\"wp-block-spacer\"><\/div>\n\n\n\n<p class=\"has-noir-color has-text-color has-link-color has-inter-font-family has-l-text-font-size\"><strong>17.1. Propri\u00e9t\u00e9 intellectuelle<\/strong><\/p>\n\n\n\n<p class=\"has-noir-color has-text-color has-link-color has-inter-font-family has-l-text-font-size wp-elements-9e26b6b162c3fb1ce8b7187756199d4e\">Le Client reconna\u00eet qu\u2019EYESOFT est titulaire de droits de propri\u00e9t\u00e9 intellectuelle, notamment des droits d\u2019auteur, des marques ou des dessins et mod\u00e8les aff\u00e9rents au Site et \u00e0 la Plateforme, et qu\u2019elle en demeure et demeurera respectivement la seule propri\u00e9taire.<\/p>\n\n\n\n<p class=\"has-noir-color has-text-color has-link-color has-inter-font-family has-l-text-font-size wp-elements-1b551e5b0e776d269ee360c9dac31779\">Le Client s\u2019interdit, en cons\u00e9quence, de porter atteinte, sous quelque forme et \u00e0 quelque titre que ce soit et sur quelque support que ce soit, aux droits de propri\u00e9t\u00e9 intellectuelle dont EYESOFT est titulaire.<\/p>\n\n\n\n<p class=\"has-noir-color has-text-color has-link-color has-inter-font-family has-l-text-font-size wp-elements-1da658ba575be196013ca1f1025a54d1\">Ainsi et plus particuli\u00e8rement, le Client s\u2019interdit de d\u00e9poser et\/ou c\u00e9der lesdits droits de propri\u00e9t\u00e9 intellectuelle, notamment les marques, d\u2019en disposer de quelque fa\u00e7on que ce soit ou de conc\u00e9der \u00e0 tout tiers des droits de quelque nature que ce soit la concernant.<\/p>\n\n\n\n<div style=\"height:10px\" aria-hidden=\"true\" class=\"wp-block-spacer\"><\/div>\n\n\n\n<p class=\"has-noir-color has-text-color has-link-color has-inter-font-family has-l-text-font-size\"><strong>17.2. Garantie<\/strong><\/p>\n\n\n\n<p class=\"has-noir-color has-text-color has-link-color has-inter-font-family has-l-text-font-size wp-elements-125b3b54c7491933bd7d97748d5cca73\">EYESOFT garantit au Client qu\u2019elle est titulaire des droits conc\u00e9d\u00e9s sur le Logiciel ou la Plateforme.<\/p>\n\n\n\n<p class=\"has-noir-color has-text-color has-link-color has-inter-font-family has-l-text-font-size wp-elements-5500b8e7894172227dc9ff8acedad8a6\">EYESOFT garantit au Client une jouissance libre et paisible des droits conc\u00e9d\u00e9s.<\/p>\n\n\n\n<p class=\"has-noir-color has-text-color has-link-color has-inter-font-family has-l-text-font-size wp-elements-fdf4b2cab60e897d46c0b278b5e7f5ec\">EYESOFT garantit le Client contre tout trouble, toute action en revendication intent\u00e9e par des tiers qui soutiendraient que le Logiciel ou la Plateforme viole ses droits de propri\u00e9t\u00e9 intellectuelle.<\/p>\n\n\n\n<p class=\"has-noir-color has-text-color has-link-color has-inter-font-family has-l-text-font-size wp-elements-c01bccb3b9fa060aac2d115324ae270a\">EYESOFT d\u00e9clare qu\u2019il n\u2019existe, \u00e0 sa connaissance, aucune action en justice, en demande ou en d\u00e9fense, relative au Logiciel ou \u00e0 la Plateforme.<\/p>\n\n\n\n<p class=\"has-noir-color has-text-color has-link-color has-inter-font-family has-l-text-font-size wp-elements-b9031909a309749ad6ce0529a3ae2b52\">Nonobstant les autres droits d\u2019EYESOFT, en cas de condamnation d\u00e9finitive ou de transaction cons\u00e9cutive \u00e0 une contestation, interdisant toute exploitation de tout ou partie du Logiciel ou de la Plateforme, EYESOFT s\u2019efforcera, \u00e0 ses frais d\u2019obtenir le droit d\u2019exploitation, pour le Client ou de proc\u00e9der \u00e0 toute modification du Logiciel ou de la Plateforme aux fins de les rendre non contestables.<\/p>\n\n\n\n<p class=\"has-noir-color has-text-color has-link-color has-inter-font-family has-l-text-font-size wp-elements-afa8956a576ec39d46ac99e4c432f308\">Si aucune de ces mesures n\u2019est r\u00e9alisable, il est express\u00e9ment convenu que le Client pourra r\u00e9silier les CGV.<\/p>\n\n\n\n<div style=\"height:10px\" aria-hidden=\"true\" class=\"wp-block-spacer\"><\/div>\n\n\n\n<p class=\"has-noir-color has-text-color has-link-color has-l-text-font-size wp-elements-518c4446021674c9eae7719c256f00b1\" style=\"font-style:normal;font-weight:700\"><\/p><p class=\"has-noir-color has-text-color has-link-color has-inter-font-family has-l-text-font-size\" style=\"font-style:normal;font-weight:500\"><strong>18. Donn\u00e9es personnelles<\/strong><\/p>\n\n\n\n<div style=\"height:10px\" aria-hidden=\"true\" class=\"wp-block-spacer\"><\/div>\n\n\n\n<p class=\"has-noir-color has-text-color has-link-color has-inter-font-family has-l-text-font-size\"><strong>18.1. Obligations d\u2019EYESOFT en tant que responsable de traitement<\/strong><\/p>\n\n\n\n<p class=\"has-noir-color has-text-color has-link-color has-inter-font-family has-l-text-font-size wp-elements-db39068dab9a52582624d5795b6ac26c\">Dans le cadre de la fourniture des Services, EYESOFT, responsable du traitement, met en \u0153uvre un traitement de Donn\u00e9es concernant le Client aux fins de gestion, de suivi, de facturation de la Location et des Services de mani\u00e8re g\u00e9n\u00e9rale.<\/p>\n\n\n\n<p class=\"has-noir-color has-text-color has-link-color has-inter-font-family has-l-text-font-size wp-elements-e55fc38dc60e27472bc52fee0354740d\">Donn\u00e9es concern\u00e9es :<\/p>\n\n\n\n<ul class=\"wp-block-list\">\n<li>\u2713 coordonn\u00e9es du Client : nom, pr\u00e9nom, adresse e\u2013mail, adresse postale, num\u00e9ro de t\u00e9l\u00e9phone, carte d\u2019identit\u00e9,<\/li>\n\n\n\n<li>\u2713 informations professionnelles : SIRET\/SIREN et extrait K-Bis<\/li>\n\n\n\n<li>\u2713 coordonn\u00e9es bancaires : Carte bancaire ou RIB.<\/li>\n\n\n\n<li>\u2713 autre : attestation responsabilit\u00e9 civile professionnelle.<\/li>\n<\/ul>\n\n\n\n<p class=\"has-noir-color has-text-color has-link-color has-inter-font-family has-l-text-font-size wp-elements-8fcb45815d21eecfc3bd72c121a312b0\">Ces Donn\u00e9es sont conserv\u00e9es sur des serveurs dans l\u2019Union Europ\u00e9enne.<\/p>\n\n\n\n<p class=\"has-noir-color has-text-color has-link-color has-inter-font-family has-l-text-font-size wp-elements-6b5826db2739801aacff2262c0d0fbee\">Ces Donn\u00e9es seront conserv\u00e9es pendant le temps n\u00e9cessaire \u00e0 l\u2019accomplissement de l\u2019objectif poursuivi lors de leur collecte.<\/p>\n\n\n\n<p class=\"has-noir-color has-text-color has-link-color has-inter-font-family has-l-text-font-size wp-elements-83723da1d23a7a468a8d19b1ccc62b98\">Conform\u00e9ment \u00e0 la Loi Informatique et Libert\u00e9s et au RGPD, le Client dispose d&#8217;un droit d&#8217;acc\u00e8s, de limitation, de rectification, de portabilit\u00e9, d\u2019opposition et de suppression des Donn\u00e9es le concernant. Le Client dispose enfin du droit de d\u00e9finir des directives d\u00e9finissant la mani\u00e8re dont il entend que soient exerc\u00e9s, apr\u00e8s ses d\u00e9c\u00e8s, ces droits.<\/p>\n\n\n\n<p class=\"has-noir-color has-text-color has-link-color has-inter-font-family has-l-text-font-size wp-elements-6cac6fbed49b3bec1acef2d3eb453482\">Le Client peut exercer ces droits en adressant un courrier au si\u00e8ge social d&#8217;EYESOFT ou un email \u00e0 <a href=\"mailto:regulatory@eyesoft.fr\">regulatory@eyesoft.fr<\/a> et en joignant une copie recto-verso de sa pi\u00e8ce d\u2019identit\u00e9, ou tout autre moyen permettant de justifier de son identit\u00e9.<\/p>\n\n\n\n<p class=\"has-noir-color has-text-color has-link-color has-inter-font-family has-l-text-font-size wp-elements-8bd33bce19cbe50ab4f3110fe5c02693\">Le Client dispose du droit d\u2019introduire une r\u00e9clamation aupr\u00e8s de la Commission Nationale de l\u2019Informatique et des Libert\u00e9s (www.cnil.fr).<\/p>\n\n\n\n<div style=\"height:10px\" aria-hidden=\"true\" class=\"wp-block-spacer\"><\/div>\n\n\n\n<p class=\"has-noir-color has-text-color has-link-color has-inter-font-family has-l-text-font-size\"><strong>18.1. Obligations d\u2019EYESOFT en tant que sous\u2013traitant<\/strong><\/p>\n\n\n\n<p class=\"has-noir-color has-text-color has-link-color has-inter-font-family has-l-text-font-size wp-elements-6254985f17de49b3a4baa990d6fc9e26\">Dans le cadre de la fourniture des Services, EYESOFT est amen\u00e9e \u00e0 agir en tant que sous\u2013traitant du Client au sens de la Loi Informatique et Libert\u00e9s et du RGPD.<\/p>\n\n\n\n<p class=\"has-noir-color has-text-color has-link-color has-inter-font-family has-l-text-font-size wp-elements-2eca186de335727aef4484a1836b50ee\">Le Client reconna\u00eet \u00eatre responsable de traitement de Donn\u00e9es au sens de la Loi Informatique et Libert\u00e9s et du RGPD. En cons\u00e9quence, le Client s\u2019engage \u00e0 se conformer \u00e0 la r\u00e9glementation en vigueur applicable en mati\u00e8re de protection des Donn\u00e9es.<\/p>\n\n\n\n<p class=\"has-noir-color has-text-color has-link-color has-inter-font-family has-l-text-font-size wp-elements-b73857800463e866a5d04d0a563df2da\">EYESOFT proc\u00e8dera au traitement des Donn\u00e9es au nom et pour le compte du Client. \u00c0 ce titre,\nEYESOFT s\u2019engage \u00e0 respecter les obligations pr\u00e9vues par l\u2019article 28 du RGPD, et notamment, \u00e0 :<\/p>\n\n\n\n<ul class=\"wp-block-list\">\n<li>\u2713 tenir un registre des traitements de Donn\u00e9es effectu\u00e9s pour le compte du Client ;<\/li>\n\n\n\n<li>\u2713 veiller \u00e0 ce que les personnes habilit\u00e9es \u00e0 traiter les Donn\u00e9es s\u2019engagent \u00e0 respecter la confidentialit\u00e9 de celles\u2013ci ou qu\u2019elles soient soumises \u00e0 une obligation l\u00e9gale appropri\u00e9e de confidentialit\u00e9 ;<\/li>\n\n\n\n<li>\u2713 assurer la s\u00e9curit\u00e9 des Donn\u00e9es notamment en pr\u00e9voyant les mesures techniques et organisationnelles appropri\u00e9es pour maintenir cette s\u00e9curit\u00e9 ;<\/li>\n\n\n\n<li>\u2713 ne pas conserver les Donn\u00e9es trait\u00e9es pour le compte du Client au\u2013del\u00e0 de la dur\u00e9e strictement n\u00e9cessaire \u00e0 l\u2019ex\u00e9cution des CGV en cause et aux Services rendus pour le compte du Client dans le cadre dudit contrat ;<\/li>\n\n\n\n<li>\u2713 agir uniquement sur instructions du Client, sauf disposition l\u00e9gale contraire \u00e0 laquelle EYESOFT pourrait \u00eatre soumis, auquel cas cette derni\u00e8re en informera le Client dans les meilleurs d\u00e9lais \u00e0 moins qu\u2019une telle information ne soit interdite par ladite loi ;<\/li>\n\n\n\n<li>\u2713 recourir \u00e0 des sous\u2013traitants ult\u00e9rieurs, aux seules fins de fourniture des Services. Le Client autorise EYESOFT \u00e0 recourir \u00e0 des sous\u2013traitants \u00e0 la condition que ces derniers pr\u00e9sentent toutes les garanties de s\u00e9curit\u00e9 informatique li\u00e9es au traitement des donn\u00e9es \u00e0 caract\u00e8re personnel ;<\/li>\n\n\n\n<li>\u2713 fournir au Client toutes les informations n\u00e9cessaires permettant de prouver que EYESOFT se conforme aux dispositions l\u00e9gales applicables, notamment en coop\u00e9rant et contribuant aux audits et inspections de l\u2019autorit\u00e9 de contr\u00f4le ;<\/li>\n\n\n\n<li>\u2713 coop\u00e9rer avec tout auditeur mandat\u00e9 par le Client. EYESOFT se r\u00e9serve le droit de r\u00e9cuser un auditeur d\u2019un cabinet ext\u00e9rieur. Le nombre de jours d\u2019audit est limit\u00e9 \u00e0 deux (2) jours par\nan. Toute journ\u00e9e suppl\u00e9mentaire sera factur\u00e9e \u00e0 haute de 1000 euros ;<\/li>\n\n\n\n<li>\u2713 notifier dans les meilleurs d\u00e9lais toute violation de donn\u00e9es \u00e0 caract\u00e8re personnel trait\u00e9e pour le compte du Client. Le cas \u00e9ch\u00e9ant, et sur demande, coop\u00e9rer avec le Client et les autorit\u00e9s comp\u00e9tentes, en apportant l\u2019assistance dont le Client aurait besoin afin de proc\u00e9der \u00e0 la notification de la violation de donn\u00e9es aux personnes concern\u00e9es ;<\/li>\n\n\n\n<li>\u2713 informer imm\u00e9diatement le Client si une de ses instructions risque de contrevenir aux dispositions du RGPD ou toute autre loi europ\u00e9enne ou nationale relative \u00e0 la protection des Donn\u00e9es ;<\/li>\n\n\n\n<li>\u2713 proc\u00e9der \u00e0 l\u2019h\u00e9bergement des Donn\u00e9es au sein de l\u2019Union europ\u00e9enne [aupr\u00e8s d\u2019un h\u00e9bergeur de donn\u00e9es de sant\u00e9 \u00e0 caract\u00e8re personnel agr\u00e9\u00e9].<\/li>\n<\/ul>\n\n\n\n<div style=\"height:10px\" aria-hidden=\"true\" class=\"wp-block-spacer\"><\/div>\n\n\n\n<p class=\"has-noir-color has-text-color has-link-color has-inter-font-family has-l-text-font-size\"><strong>18.2. H\u00e9bergement des donn\u00e9es de sant\u00e9 \u00e0 caract\u00e8re personnel<\/strong><\/p>\n\n\n\n<p class=\"has-noir-color has-text-color has-link-color has-inter-font-family has-l-text-font-size wp-elements-2f430fc975549fee8a287aa6642469e9\">Les donn\u00e9es trait\u00e9es et collect\u00e9es dans le cadre de l\u2019utilisation des Services font l\u2019objet d\u2019un h\u00e9bergement aupr\u00e8s d\u2019un h\u00e9bergeur certifi\u00e9 de donn\u00e9es de sant\u00e9 conform\u00e9ment aux dispositions de l\u2019article L. 1111\u20138 du code de la sant\u00e9 publique. Sur le fondement de ces dispositions, l\u2019Utilisateur b\u00e9n\u00e9ficie d\u2019un droit d\u2019opposition \u00e0 l\u2019h\u00e9bergement de ses donn\u00e9es \u00e0 caract\u00e8re personnel pour un motif l\u00e9gitime.<\/p>\n\n\n\n<p class=\"has-noir-color has-text-color has-link-color has-inter-font-family has-l-text-font-size wp-elements-d5b5af8ba1cedfdb6621574ab55700e4\">L\u2019h\u00e9bergeur certifi\u00e9 de donn\u00e9es de sant\u00e9 \u00e0 caract\u00e8re personnel est la soci\u00e9t\u00e9 123 C.S<\/p>\n\n\n\n<p class=\"has-noir-color has-text-color has-link-color has-inter-font-family has-l-text-font-size wp-elements-e1e802e2707f090c201a506a94e8855b\">Dont le si\u00e8ge est situ\u00e9 \u00e0 l\u2019adresse suivante : 18 All\u00e9es d\u2019Orl\u00e9ans, 33000 Bordeaux.<\/p>\n\n\n\n<p class=\"has-noir-color has-text-color has-link-color has-inter-font-family has-l-text-font-size wp-elements-b88ebe2a11863500b2ea6c494bec9632\">T\u00e9l\u00e9phone : +33 (0)5 35 54 11 08    <\/p>\n\n\n\n<div style=\"height:10px\" aria-hidden=\"true\" class=\"wp-block-spacer\"><\/div>\n\n\n\n<p class=\"has-noir-color has-text-color has-link-color has-l-text-font-size wp-elements-6d8721ef652a51c4b653d74ef685e59f\" style=\"font-style:normal;font-weight:700\"><\/p><p class=\"has-noir-color has-text-color has-link-color has-inter-font-family has-l-text-font-size\" style=\"font-style:normal;font-weight:500\"><strong>19. Force majeure<\/strong><\/p>\n\n\n\n<p class=\"has-noir-color has-text-color has-link-color has-inter-font-family has-l-text-font-size wp-elements-04457a3c43408f94c860c1d490f4996e\">La responsabilit\u00e9 des Parties ne saurait \u00eatre recherch\u00e9e si elles sont retard\u00e9es ou emp\u00each\u00e9es d\u2019ex\u00e9cuter une obligation r\u00e9sultant des pr\u00e9sentes CGV en raison d\u2019un cas de force majeure.<\/p>\n\n\n\n<p class=\"has-noir-color has-text-color has-link-color has-inter-font-family has-l-text-font-size wp-elements-bf9f670fb8b741394f728f9afa76b70d\">Sont consid\u00e9r\u00e9s comme des cas de force majeure, outre ceux habituellement retenus par la jurisprudence des cours et tribunaux fran\u00e7ais : les guerres, troubles sociaux (gr\u00e8ves ou situations de lock\u2013out), attentats, intemp\u00e9ries, \u00e9pid\u00e9mies, tremblement de terre, inondations, d\u00e9g\u00e2ts des eaux, incendies, blocage des moyens de communication, de transport ou d\u2019approvisionnement, etc\u2026<\/p>\n\n\n\n<p class=\"has-noir-color has-text-color has-link-color has-inter-font-family has-l-text-font-size wp-elements-cc40f14156cc237dc0697218ac57bade\">D\u00e8s la d\u00e9couverte du cas de force majeure, la Partie qui souhaite s\u2019en pr\u00e9valoir notifiera celui\u2013ci \u00e0 l\u2019autre Partie par lettre recommand\u00e9e avec demande d\u2019avis de r\u00e9ception.<\/p>\n\n\n\n<p class=\"has-noir-color has-text-color has-link-color has-inter-font-family has-l-text-font-size wp-elements-f950c8d87fb9e00386241c84fff4bba8\">Les pr\u00e9sentes CGV seront alors suspendues pendant toute la dur\u00e9e de cet \u00e9v\u00e8nement.<\/p>\n\n\n\n<p class=\"has-noir-color has-text-color has-link-color has-inter-font-family has-l-text-font-size wp-elements-30fab3ea1d1ff6bb7d3406a86b2bea94\">Si la dur\u00e9e de la suspension est sup\u00e9rieure \u00e0 un (1) mois, les pr\u00e9sentes CGV pourront \u00eatre r\u00e9sili\u00e9es de plein droit par l\u2019une des Parties apr\u00e8s notification par lettre recommand\u00e9e avec demande d\u2019avis de r\u00e9ception, et sans indemnit\u00e9 de part et d\u2019autre.<\/p>\n\n\n\n<div style=\"height:10px\" aria-hidden=\"true\" class=\"wp-block-spacer\"><\/div>\n\n\n\n<p class=\"has-noir-color has-text-color has-link-color has-l-text-font-size wp-elements-6697d879dcb87ed20c127947bde5a1a5\" style=\"font-style:normal;font-weight:700\"><\/p><p class=\"has-noir-color has-text-color has-link-color has-inter-font-family has-l-text-font-size\" style=\"font-style:normal;font-weight:500\"><strong>20. R\u00e9f\u00e9rence commerciale<\/strong><\/p>\n\n\n\n<p class=\"has-noir-color has-text-color has-link-color has-inter-font-family has-l-text-font-size wp-elements-72c7c8ac8a9d72158d878bbdf273ae9a\">Sauf mention contraire expresse du Client, le Client autorise express\u00e9ment EYESOFT \u00e0 citer le nom du Client \u00e0 titre de r\u00e9f\u00e9rence commerciale et notamment sur le Site.<\/p>\n\n\n\n<div style=\"height:10px\" aria-hidden=\"true\" class=\"wp-block-spacer\"><\/div>\n\n\n\n<p class=\"has-noir-color has-text-color has-link-color has-l-text-font-size wp-elements-3ff20d5b8a6a60bc9afbd6da6c6acff9\" style=\"font-style:normal;font-weight:700\"><\/p><p class=\"has-noir-color has-text-color has-link-color has-inter-font-family has-l-text-font-size\" style=\"font-style:normal;font-weight:500\"><strong>21. Intuitu personae<\/strong><\/p>\n\n\n\n<p class=\"has-noir-color has-text-color has-link-color has-inter-font-family has-l-text-font-size wp-elements-5726aeef0dd5cee7a6331950bfd8f165\">Les CGV \u00e9tant conclues intuitu personae, le Client ne peut c\u00e9der, transf\u00e9rer ou sous\u2013traiter tout ou partie de ses droits et obligations au titre des pr\u00e9sentes CGV, sans l\u2019accord pr\u00e9alable et \u00e9crit\nd\u2019EYESOFT.<\/p>\n\n\n\n<div style=\"height:10px\" aria-hidden=\"true\" class=\"wp-block-spacer\"><\/div>\n\n\n\n<p class=\"has-noir-color has-text-color has-link-color has-l-text-font-size wp-elements-fac970f7887f22b94ec05cada1530460\" style=\"font-style:normal;font-weight:700\"><\/p><p class=\"has-noir-color has-text-color has-link-color has-inter-font-family has-l-text-font-size\" style=\"font-style:normal;font-weight:500\"><strong>22. Signature \u00e9lectronique<\/strong><\/p>\n\n\n\n<p class=\"has-noir-color has-text-color has-link-color has-inter-font-family has-l-text-font-size wp-elements-8fb38d5bd4cfafaa8dd92697a6d6c050\">Les Parties conviennent express\u00e9ment que les pr\u00e9sentes CGV sont sign\u00e9es par des moyens \u00e9lectroniques et constituent l&#8217;original des CGV, lequel pr\u00e9vaut entre les Parties. Les Parties conviennent express\u00e9ment que, conform\u00e9ment \u00e0 l\u2019article 1366 du Code civil, l&#8217;accord sign\u00e9 \u00e9lectroniquement constitue une preuve ayant la m\u00eame valeur probante qu&#8217;un accord au format papier comportant une signature manuscrite et lui conf\u00e8rent date certaine.<\/p>\n\n\n\n<p class=\"has-noir-color has-text-color has-link-color has-inter-font-family has-l-text-font-size wp-elements-61b01ee4ece8722a764795155ee7f256\">En cons\u00e9quence, les Parties reconnaissent que les CGV sont valablement ex\u00e9cutoires, et les Parties s&#8217;engagent par la pr\u00e9sente \u00e0 ne pas contester la recevabilit\u00e9, la validit\u00e9, la force ex\u00e9cutoire ou la valeur probante de la version \u00e9lectronique du pr\u00e9sent document. Ces stipulations s&#8217;appliquent \u00e0 toute modification future des CGV que les Parties pourraient \u00eatre amen\u00e9es \u00e0 signer.<\/p>\n\n\n\n<p class=\"has-noir-color has-text-color has-link-color has-inter-font-family has-l-text-font-size wp-elements-2dbd32c0fc9989b7eb13272c4f645de3\">La solution de signature \u00e9lectronique est fournie par le prestataire de services agr\u00e9\u00e9 fournissant, conform\u00e9ment \u00e0 l\u2019article 1367 du Code civil, un proc\u00e9d\u00e9 fiable d\u2019identification garantissant le lien de la signature avec l\u2019acte auquel elle s\u2019attache.<\/p>\n\n\n\n<div style=\"height:10px\" aria-hidden=\"true\" class=\"wp-block-spacer\"><\/div>\n\n\n\n<p class=\"has-noir-color has-text-color has-link-color has-l-text-font-size wp-elements-a23140b125bc7128baf901af4f3c1345\" style=\"font-style:normal;font-weight:700\"><\/p><p class=\"has-noir-color has-text-color has-link-color has-inter-font-family has-l-text-font-size\" style=\"font-style:normal;font-weight:500\"><strong>23. Stipulations diverses<\/strong><\/p>\n\n\n\n<p class=\"has-noir-color has-text-color has-link-color has-inter-font-family has-l-text-font-size wp-elements-aaaa4f28acbb429557ad0be33b765950\">Les Parties sont ind\u00e9pendantes et agissent en leur propre nom et sous leur seule responsabilit\u00e9.<\/p>\n\n\n\n<p class=\"has-noir-color has-text-color has-link-color has-inter-font-family has-l-text-font-size wp-elements-25ddc64f5e1827f029b2e8ac5456ad15\">Les Parties sont des professionnels.<\/p>\n\n\n\n<p class=\"has-noir-color has-text-color has-link-color has-inter-font-family has-l-text-font-size wp-elements-bd26bdfaf5cc76a4d9490a25d3241de1\">Dans l\u2019hypoth\u00e8se o\u00f9 l\u2019un des termes des CGV serait consid\u00e9r\u00e9 comme ill\u00e9gal ou inopposable par une d\u00e9cision de justice les autres stipulations resteraient valables.<\/p>\n\n\n\n<p class=\"has-noir-color has-text-color has-link-color has-inter-font-family has-l-text-font-size wp-elements-ef502fd02051042625085a2d6521c298\">Le fait pour l\u2019une des Parties de ne pas exercer un droit ou de ne pas exiger de l\u2019autre Partie qu\u2019elle se conforme strictement et \u00e0 tout moment aux pr\u00e9sentes CGV ne pourra jamais \u00eatre consid\u00e9r\u00e9 comme \u00e9tant une renonciation \u00e0 s\u2019en pr\u00e9valoir.<\/p>\n\n\n\n<p class=\"has-noir-color has-text-color has-link-color has-inter-font-family has-l-text-font-size wp-elements-985637cde849881c089cf5a8b1665c5c\">Toutes les notifications des Parties devront \u00eatre adress\u00e9es au si\u00e8ge social de l\u2019autre Partie, et sous forme de lettre recommand\u00e9e avec demande d\u2019avis de r\u00e9ception, ou remises contre\nr\u00e9c\u00e9piss\u00e9.<\/p>\n\n\n\n<p class=\"has-noir-color has-text-color has-link-color has-inter-font-family has-l-text-font-size wp-elements-0cf67e9df38754da4946c3919fbde18b\">Les registres informatis\u00e9s d\u2019EYESOFT et la signature \u00e9lectronique des CGV par le Client seront consid\u00e9r\u00e9s par les Parties comme preuve des communications, commandes, paiements et transactions intervenus entre les Parties.<\/p>\n\n\n\n<div style=\"height:10px\" aria-hidden=\"true\" class=\"wp-block-spacer\"><\/div>\n\n\n\n<p class=\"has-noir-color has-text-color has-link-color has-l-text-font-size wp-elements-dac10267b0c73a8a9b3cee426e5fef58\" style=\"font-style:normal;font-weight:700\"><\/p><p class=\"has-noir-color has-text-color has-link-color has-inter-font-family has-l-text-font-size\" style=\"font-style:normal;font-weight:500\"><strong>24. Loi applicable et litige<\/strong><\/p>\n\n\n\n<p class=\"has-noir-color has-text-color has-link-color has-inter-font-family has-l-text-font-size wp-elements-0dfda1536e75cc0d974d15ff482a3381\">Les CGV sont conclues en langue fran\u00e7aise et soumises \u00e0 la loi fran\u00e7aise.<\/p>\n\n\n\n<p class=\"has-noir-color has-text-color has-link-color has-inter-font-family has-l-text-font-size wp-elements-c3a300b48c882cf4c3e9757164ea479a\">En cas de litige entre EYESOFT et le Client d\u00e9coulant de la formation, l\u2019interpr\u00e9tation, l\u2019ex\u00e9cution et\/ou la fin du contrat, et apr\u00e8s une tentative de recherche d\u2019une solution amiable, comp\u00e9tence expresse est attribu\u00e9e au tribunal comp\u00e9tent de Bordeaux, nonobstant pluralit\u00e9 de d\u00e9fendeurs ou appel en garantie, m\u00eame pour les proc\u00e9dures d\u2019urgence ou les proc\u00e9dures conservatoires ou en r\u00e9f\u00e9r\u00e9 ou par requ\u00eate.<\/p>\n\n\n\n<div style=\"height:10px\" aria-hidden=\"true\" class=\"wp-block-spacer\"><\/div>\n\n\n\n<p class=\"has-noir-color has-text-color has-link-color has-xl-text-font-size wp-elements-b460bc1bb1a670c831c35b9bf2cfa4b6\" style=\"font-style:normal;font-weight:900\"><\/p><p class=\"has-noir-color has-text-color has-link-color has-inter-font-family has-xl-text-font-size\" style=\"font-style:normal;font-weight:700\"><strong>II. Stipulations Sp\u00e9cifiques EMAA Pro 2<\/strong><\/p>\n\n\n\n<p class=\"has-noir-color has-text-color has-link-color has-inter-font-family has-l-text-font-size wp-elements-8e1499bede574d48d3197110870b92dd\">Dans le cadre des pr\u00e9sentes, EYESOFT fournit au Client les Services suivants :<\/p>\n\n\n\n<ul class=\"wp-block-list\">\n<li>\u2713 la mise \u00e0 disposition du Logiciel embarqu\u00e9 dans le Casque pendant toute la dur\u00e9e de l\u2019Abonnement ;<\/li>\n\n\n\n<li>\u2713 la mise \u00e0 disposition de la Plateforme de suivi et de gestion des Patients pendant toute la dur\u00e9e de l\u2019Abonnement ;<\/li>\n\n\n\n<li>\u2713 l\u2019installation du Logiciel dans le Casque ;<\/li>\n\n\n\n<li>\u2713 l\u2019assistance technique pendant toute la dur\u00e9e de l\u2019Abonnement. Le support (Service Apr\u00e8s Vente) Eyesoft est d\u00e9di\u00e9 aux professionnels de sant\u00e9 utilisateurs et clients des solutions Eyesoft. Il ne r\u00e9pondra en aucun cas aux patients des utilisateurs ;<\/li>\n\n\n\n<li>\u2713 la mise en service et la formation \u00e0 l\u2019utilisation du Casque et du Logiciel<\/li>\n<\/ul>\n\n\n\n<p class=\"has-noir-color has-text-color has-link-color has-inter-font-family has-l-text-font-size wp-elements-2cab00be42ff6eba893854a5f9573d1b\">Le Client reconna\u00eet et accepte que les Services sont fournis ensemble. Le Client ne peut limiter l\u2019Abonnement \u00e0 l\u2019un des Services <\/p>\n\n\n\n<p class=\"has-noir-color has-text-color has-link-color has-inter-font-family has-l-text-font-size wp-elements-58be7db33acb2728b6e8dc59fd6cd131\">Le Casque est un casque de r\u00e9alit\u00e9 virtuelle disposant des caract\u00e9ristiques suivantes :<\/p>\n\n\n\n<ul class=\"wp-block-list\">\n<li>\u2713 Casque PICO :<\/li>\n\n\n\n<li>\u2713 S\u00e9rie Neo 3 Pro Eye ;<\/li>\n\n\n\n<li>\u2713 Mod\u00e8le A7H10<\/li>\n<\/ul>\n\n\n\n<p class=\"has-noir-color has-text-color has-link-color has-inter-font-family has-l-text-font-size wp-elements-5eb7a9ebe94f9dc667b8e229ae5db18c\">Le Casque est associ\u00e9 \u00e0 deux manettes de contr\u00f4le : Mod\u00e8le C1710.<\/p>\n\n\n\n<p class=\"has-noir-color has-text-color has-link-color has-inter-font-family has-l-text-font-size wp-elements-d95c4aaa916eb2b39e52efa6afcfae5f\">EYESOFT se r\u00e9serve le droit de faire \u00e9voluer les caract\u00e9ristiques du Casque de r\u00e9alit\u00e9 virtuelle afin d\u2019am\u00e9liorer la qualit\u00e9 du Service ou de son dispositif.<\/p>\n\n\n\n<p class=\"has-noir-color has-text-color has-link-color has-inter-font-family has-l-text-font-size wp-elements-0374f57b06f49dede7761d5181ac966d\">Conform\u00e9ment aux conditions d\u2019utilisation du Casque, ce dernier dispose d\u2019un \u00ab mode de protection des yeux \u00bb, certifi\u00e9 par TUV Rheinland (Allemagne), qui peut prot\u00e9ger les yeux en r\u00e9duisant la lumi\u00e8re bleue dans les trois canaux de couleur \u00e0 l\u2019aide d\u2019algorithmes logiciels. L\u2019\u00e9cran du Casque appara\u00eet jaun\u00e2tre dans ce mode et les Patients peuvent activer\/d\u00e9sactiver cette fonctionnalit\u00e9 dans \u00ab Param\u00e8tres \u00bb &gt; \u00ab Luminosit\u00e9 \u00bb &gt; \u00ab Mode Protection des yeux \u00bb.<\/p>\n\n\n\n<p class=\"has-noir-color has-text-color has-link-color has-inter-font-family has-l-text-font-size wp-elements-17e7be37cc182c6e7b4fff238c55c8f4\">Le Client s\u2019engage \u00e0 respecter les conditions d\u2019utilisation pr\u00e9vues par EYESOFT. Tout m\u00e9susage pourrait entra\u00eener l\u2019annulation de la garantie.<\/p>\n\n\n\n<div style=\"height:10px\" aria-hidden=\"true\" class=\"wp-block-spacer\"><\/div>\n\n\n\n<p class=\"has-noir-color has-text-color has-link-color has-xl-text-font-size wp-elements-dd5d69fb9fe11ebc14533457c63bec6c\" style=\"font-style:normal;font-weight:900\"><\/p><p class=\"has-noir-color has-text-color has-link-color has-inter-font-family has-xl-text-font-size\" style=\"font-style:normal;font-weight:700\"><strong>III. Stipulations Sp\u00e9cifiques EMAA Home<\/strong><\/p>\n\n\n\n<p class=\"has-noir-color has-text-color has-link-color has-inter-font-family has-l-text-font-size wp-elements-36e3e0afe4b203d0848b7e83c7ac1db9\">Dans le cadre des pr\u00e9sentes, EYESOFT fournit au Client les Services consistant en la mise \u00e0 disposition pendant toute la dur\u00e9e de la Commande du Logiciel de r\u00e9\u00e9ducation orthoptique comprenant la possibilit\u00e9 d\u2019effectuer des t\u00e9l\u00e9\u2013s\u00e9ances au sens de la r\u00e9glementation en vigueur.<\/p>\n\n\n\n<p class=\"has-noir-color has-text-color has-link-color has-inter-font-family has-l-text-font-size\">Le support (Service Apr\u00e8s Vente) Eyesoft est d\u00e9di\u00e9 aux professionnels de sant\u00e9 utilisateurs et clients des solutions Eyesoft. Il ne r\u00e9pondra en aucun cas aux patients des utilisateurs.<\/p>\n\n\n\n<p class=\"has-noir-color has-text-color has-link-color has-inter-font-family has-l-text-font-size wp-elements-7dc37b8552c3d92e8a913ad6af043ea3\">Le Client reconna\u00eet et accepte que les Services (i) sont fournis ensemble et (ii) n\u00e9cessitent un Abonnement EMAA Pro 2 afin de disposer d\u2019un acc\u00e8s \u00e0 la Plateforme de suivi et de gestion des Patients.<\/p>\n\n\n\n<p class=\"has-noir-color has-text-color has-link-color has-inter-font-family has-l-text-font-size wp-elements-58be7db33acb2728b6e8dc59fd6cd131\">Le Casque est un casque de r\u00e9alit\u00e9 virtuelle disposant des caract\u00e9ristiques suivantes :<\/p>\n\n\n\n<ul class=\"wp-block-list\">\n<li>\u2713 Casque PICO :<\/li>\n\n\n\n<li>\u2713 S\u00e9rie G2 4K ou G3;<\/li>\n\n\n\n<li>\u2713 Mod\u00e8le A7510<\/li>\n<\/ul>\n\n\n\n<p class=\"has-noir-color has-text-color has-link-color has-inter-font-family has-l-text-font-size wp-elements-5fcd3dcb71bc351ea74a37f79d9ee6f6\">Le Casque est associ\u00e9 \u00e0 une manette de contr\u00f4le : Mod\u00e8le C1510.<\/p>\n\n\n\n<p class=\"has-noir-color has-text-color has-link-color has-inter-font-family has-l-text-font-size wp-elements-d95c4aaa916eb2b39e52efa6afcfae5f\">EYESOFT se r\u00e9serve le droit de faire \u00e9voluer les caract\u00e9ristiques du Casque de r\u00e9alit\u00e9 virtuelle afin d\u2019am\u00e9liorer la qualit\u00e9 du Service ou de son dispositif.<\/p>\n\n\n\n<p class=\"has-noir-color has-text-color has-link-color has-inter-font-family has-l-text-font-size wp-elements-0374f57b06f49dede7761d5181ac966d\">Conform\u00e9ment aux conditions d\u2019utilisation du Casque, ce dernier dispose d\u2019un \u00ab mode de protection des yeux \u00bb, certifi\u00e9 par TUV Rheinland (Allemagne), qui peut prot\u00e9ger les yeux en r\u00e9duisant la lumi\u00e8re bleue dans les trois canaux de couleur \u00e0 l\u2019aide d\u2019algorithmes logiciels. L\u2019\u00e9cran du Casque appara\u00eet jaun\u00e2tre dans ce mode et les Patients peuvent activer\/d\u00e9sactiver cette fonctionnalit\u00e9 dans \u00ab Param\u00e8tres \u00bb &gt; \u00ab Luminosit\u00e9 \u00bb &gt; \u00ab Mode Protection des yeux \u00bb.<\/p>\n\n\n\n<p class=\"has-noir-color has-text-color has-link-color has-inter-font-family has-l-text-font-size wp-elements-e0b0078d7f9b7fe9f5e6672e38f61653\">Le Client s\u2019engage \u00e0 respecter les conditions d\u2019utilisation pr\u00e9vues par EYESOFT. Tout m\u00e9susage\npourrait entra\u00eener l\u2019annulation de la garantie.<\/p>\n<\/div>\n\n<div id=\"cgv-opticien\" class=\"wp-block-group is-style-container-medium is-layout-constrained wp-block-group-is-layout-constrained\">\n<div style=\"height:80px\" aria-hidden=\"true\" class=\"wp-block-spacer\"><\/div>\n\n\n\n<h2 class=\"wp-block-heading has-text-align-left has-vert-color has-text-color has-link-color has-m-title-font-size wp-elements-ddfe311af714da845e362760d8b5c0b8\" style=\"font-style:normal;font-weight:400\">CGV OPTICIEN<\/h2>\n\n\n\n<p class=\"has-noir-color has-text-color has-link-color has-inter-font-family has-l-text-font-size wp-elements-779c179c2d6b7b94ebfaa62dfb547e0c\">Mise \u00e0 jour le 07.04.2025<\/p>\n\n\n\n<div style=\"height:10px\" aria-hidden=\"true\" class=\"wp-block-spacer\"><\/div>\n\n\n\n<p class=\"has-noir-color has-text-color has-link-color has-xl-text-font-size wp-elements-b7320c399a8b10a5ccc106ce70dd962a\" style=\"font-style:normal;font-weight:900\"><\/p><p class=\"has-noir-color has-text-color has-link-color has-inter-font-family has-xl-text-font-size\" style=\"font-style:normal;font-weight:700\"><strong>I. Stipulations G\u00e9n\u00e9rales<\/strong><\/p>\n\n\n\n<div style=\"height:10px\" aria-hidden=\"true\" class=\"wp-block-spacer\"><\/div>\n\n\n\n<p class=\"has-noir-color has-text-color has-link-color has-l-text-font-size wp-elements-1302198dc1bd1bc4f8276d1bd13c0517\" style=\"font-style:normal;font-weight:700\"><\/p><p class=\"has-noir-color has-text-color has-link-color has-inter-font-family has-l-text-font-size\" style=\"font-style:normal;font-weight:500\"><strong>1. Objet<\/strong><\/p>\n\n\n\n<p class=\"has-noir-color has-text-color has-link-color has-inter-font-family has-l-text-font-size wp-elements-037ed74df14160fa4f5c5af073bb8aef\">Les pr\u00e9sentes conditions g\u00e9n\u00e9rales de vente (ci\u2013apr\u00e8s, \u00ab CGV \u00bb) ont pour objet de r\u00e9gir la fourniture par la soci\u00e9t\u00e9 EYESOFT de services comprenant la location d\u2019un casque de r\u00e9alit\u00e9 virtuelle, la vente d\u2019accessoires, l\u2019installation et la mise en service d\u2019un logiciel dans les casques VR, la mise \u00e0 disposition d\u2019une plateforme de gestion et d\u2019un logiciel, l\u2019assistance technique (ci\u2013apr\u00e8s, les \u00ab Services \u00bb) r\u00e9serv\u00e9s aux seuls opticiens (ci\u2013apr\u00e8s, le ou les \u00ab Opticiens \u00bb) afin d\u2019\u00eatre utilis\u00e9s pour l\u2019optimisation du confort visuel, la simulation de verres, et l\u2019identification des capacit\u00e9s oculomotrices de leurs clients (ci\u2013apr\u00e8s, les \u00ab Clients \u00bb).<\/p>\n\n\n\n<p class=\"has-noir-color has-text-color has-link-color has-inter-font-family has-l-text-font-size wp-elements-eae8b99de6a0af5912833787730f9723\">Les Services sont fournis par la soci\u00e9t\u00e9 EYESOFT dont le si\u00e8ge social est situ\u00e9 76 boulevard Roosevelt 33800 Bordeaux, inscrite au RCS de Bordeaux sous le num\u00e9ro 833 515 026 (ci\u2013 apr\u00e8s, \u00ab EYESOFT \u00bb).<\/p>\n\n\n\n<p class=\"has-noir-color has-text-color has-link-color has-inter-font-family has-l-text-font-size wp-elements-ee3cabd17b82e074e962a58a3b208df6\">Les pr\u00e9sentes CGV pr\u00e9valent sur toutes autres conditions g\u00e9n\u00e9rales ou particuli\u00e8res des Opticiens.<\/p>\n\n\n\n<div style=\"height:10px\" aria-hidden=\"true\" class=\"wp-block-spacer\"><\/div>\n\n\n\n<p class=\"has-noir-color has-text-color has-link-color has-l-text-font-size wp-elements-6bafc1823e10d6ccf0f7eb761ab87886\" style=\"font-style:normal;font-weight:700\"><\/p><p class=\"has-noir-color has-text-color has-link-color has-inter-font-family has-l-text-font-size\" style=\"font-style:normal;font-weight:500\"><strong>2. Acceptation et modification des CGV<\/strong><\/p>\n\n\n\n<p class=\"has-noir-color has-text-color has-link-color has-inter-font-family has-l-text-font-size wp-elements-560bec3212f191f8cd367ab006bc0f9b\">Les pr\u00e9sentes CGV s\u2019appliquent, sans restriction ni r\u00e9serve, \u00e0 toute commande de Casque, d\u2019Accessoires, Location ou souscription d\u2019un service (ci\u2013apr\u00e8s, la \u00ab Commande \u00bb) faite par le Client.<\/p>\n\n\n\n<p class=\"has-noir-color has-text-color has-link-color has-inter-font-family has-l-text-font-size wp-elements-6be28f85b3eed0018c3466dcaf70bd27\">Le Client s\u2019engage \u00e0 prendre connaissance des CGV avant toute Commande, \u00e9tant pr\u00e9cis\u00e9 que le fait de passer commande d\u2019un Casque, d\u2019Accessoires et\/ou de souscrire \u00e0 un service, devra \u00eatre obligatoirement pr\u00e9c\u00e9d\u00e9 de l\u2019acceptation des CGV d\u2019EYESOFT, de sorte que les CGV seront opposables au Client.<\/p>\n\n\n\n<p class=\"has-noir-color has-text-color has-link-color has-inter-font-family has-l-text-font-size wp-elements-fbf2b3382539a9d46eaef400bc065f4f\">L\u2019Opticien a la facult\u00e9 de t\u00e9l\u00e9charger, sauvegarder et imprimer les CGV \u00e0 partir du Site, ces op\u00e9rations relevant de sa seule responsabilit\u00e9.<\/p>\n\n\n\n<p class=\"has-noir-color has-text-color has-link-color has-inter-font-family has-l-text-font-size wp-elements-79c8c61daade22dc92ca64aa062e8c2a\">EYESOFT se r\u00e9serve le droit de modifier les CGV \u00e0 tout moment, notamment afin que celles-ci refl\u00e8tent toujours les fonctionnalit\u00e9s des Services. Toutefois, la version des CGV applicables \u00e0 la Commande est la version en vigueur au jour de la passation de la Commande.<\/p>\n\n\n\n<div style=\"height:10px\" aria-hidden=\"true\" class=\"wp-block-spacer\"><\/div>\n\n\n\n<p class=\"has-noir-color has-text-color has-link-color has-l-text-font-size wp-elements-1ec9692c2874c4f50efde925b193537f\" style=\"font-style:normal;font-weight:700\"><\/p><p class=\"has-noir-color has-text-color has-link-color has-inter-font-family has-l-text-font-size\" style=\"font-style:normal;font-weight:500\"><strong>3. D\u00e9finitions<\/strong><\/p>\n\n\n\n<p class=\"has-noir-color has-text-color has-link-color has-inter-font-family has-l-text-font-size wp-elements-fabca19aba303605829b01ceaaf90bc4\">\u00ab <strong>Abonnement<\/strong> \u00bb : d\u00e9signe l\u2019abonnement mensuel payant souscrit par l\u2019Opticien lors de la Commande sur le Site en contrepartie de la fourniture de Services par EYESOFT.<\/p>\n\n\n\n<p class=\"has-noir-color has-text-color has-link-color has-inter-font-family has-l-text-font-size wp-elements-e4a20eeb2d6c5c5ae3f518814c295105\">\u00ab <strong>Accessoire<\/strong> \u00bb : d\u00e9signe un accessoire du Casque vendu par EYESOFT.<\/p>\n\n\n\n<p class=\"has-noir-color has-text-color has-link-color has-inter-font-family has-l-text-font-size wp-elements-47ba94a4992091e68cec615570604942\">\u00ab <strong>Casque<\/strong> \u00bb : d\u00e9signe le casque de r\u00e9alit\u00e9 virtuelle, ainsi que ses contr\u00f4leurs, fournis par EYESOFT dans le cadre des Services. Ledit Casque est lou\u00e9 par l\u2019Opticien.<\/p>\n\n\n\n<p class=\"has-noir-color has-text-color has-link-color has-inter-font-family has-l-text-font-size wp-elements-01d8bfeb58e37f5cd3252d5bf87e455e\">\u00ab <strong>CGV<\/strong> \u00bb :  d\u00e9signe les pr\u00e9sentes Conditions G\u00e9n\u00e9rales de Vente, constitu\u00e9es des Stipulations G\u00e9n\u00e9rales et Sp\u00e9cifiques.<\/p>\n\n\n\n<p class=\"has-noir-color has-text-color has-link-color has-inter-font-family has-l-text-font-size wp-elements-1728696144674c0492251dc5e06a49bb\">\u00ab <strong>Client(s)<\/strong> \u00bb : d\u00e9signe(nt) les utilisateurs du Casque et du Logiciel, clients de l\u2019Opticien.<\/p>\n\n\n\n<p class=\"has-noir-color has-text-color has-link-color has-inter-font-family has-l-text-font-size wp-elements-ee85d1f5bbb82c907e7f0faa949843a0\">\u00ab <strong>Commande<\/strong> \u00bb d\u00e9signe la Location du Casque dans le cadre de l\u2019offre Check-LenScape (en ce inclus la p\u00e9riode d\u2019essai), la souscription d\u2019un Abonnement sur le Site et la commande \u00e9ventuelle d\u2019un Accessoire par l\u2019Opticien.<\/p>\n\n\n\n<p class=\"has-noir-color has-text-color has-link-color has-inter-font-family has-l-text-font-size wp-elements-124ac7874d5c91b92a9cdd3314cc0fb5\">\u00ab <strong>Donn\u00e9es<\/strong> \u00bb : d\u00e9signent les donn\u00e9es \u00e0 caract\u00e8re personnel relatives \u00e0 un Client identifi\u00e9 ou identifiable au sens de la Loi Informatique et Libert\u00e9s et du RGPD.<\/p>\n\n\n\n<p class=\"has-noir-color has-text-color has-link-color has-inter-font-family has-l-text-font-size wp-elements-25457b8d1c347014570769735e119941\">\u00ab <strong>EYESOFT<\/strong> \u00bb : d\u00e9signe la soci\u00e9t\u00e9 EYESOFT.<\/p>\n\n\n\n<p class=\"has-noir-color has-text-color has-link-color has-inter-font-family has-l-text-font-size wp-elements-ff91be0a4e30f59f2ffcc1717cd243db\">\u00ab <strong>Location<\/strong> \u00bb : d\u00e9signe la location (gratuite pendant la p\u00e9riode d\u2019essai ou payante) souscrite par l\u2019Opticien lors de la Commande en contrepartie de la fourniture des Services par EYESOFT. La location peut s\u2019effectuer par l\u2019interm\u00e9diaire d\u2019EYESOFT ou d\u2019un des organismes financiers partenaires, selon les modalit\u00e9s en vigueur au moment de la souscription.<\/p>\n\n\n\n<p class=\"has-noir-color has-text-color has-link-color has-inter-font-family has-l-text-font-size wp-elements-53b7f6411373e358c0852382b48b44e3\">\u00ab <strong>Logiciel<\/strong> \u00bb : d\u00e9signe le logiciel l\u2019identification des capacit\u00e9s oculomotrices fourni par EYESOFT dans le cadre des Services et int\u00e9gr\u00e9 au Casque.<\/p>\n\n\n\n<p class=\"has-noir-color has-text-color has-link-color has-inter-font-family has-l-text-font-size wp-elements-d7fdf3743c78dda71d29f084ecf77a7a\">\u00ab <strong>Loi Informatique et Libert\u00e9s<\/strong> \u00bb : d\u00e9signe la loi n\u00b078\u201317 du 6 janvier 1978 relative \u00e0 l\u2019Informatique, aux Fichiers et aux Libert\u00e9s telle que modifi\u00e9e.<\/p>\n\n\n\n<p class=\"has-noir-color has-text-color has-link-color has-inter-font-family has-l-text-font-size wp-elements-4d4cb7a9b941a624e37f9aa6073f55c9\">\u00ab <strong>Opticien<\/strong> \u00bb : d\u00e9signe tout opticien client de EYESOFT qui proc\u00e8de \u00e0 une Commande.<\/p>\n\n\n\n<p class=\"has-noir-color has-text-color has-link-color has-inter-font-family has-l-text-font-size wp-elements-4bfff0dd28dc1d389c4f3c3d2311e705\">\u00ab <strong>Partie(s)<\/strong> \u00bb : d\u00e9signe(nt) individuellement ou collectivement la ou les parties aux pr\u00e9sentes CGV.<\/p>\n\n\n\n<p class=\"has-noir-color has-text-color has-link-color has-inter-font-family has-l-text-font-size wp-elements-063f5a8e5299b4fc12670c76f29bbe44\">\u00ab <strong>Plateforme<\/strong> \u00bb : d\u00e9signe la plateforme de suivi et de gestion des Clients \u00e9dit\u00e9e et mise \u00e0 disposition par EYESOFT dans le cadre des Services.<\/p>\n\n\n\n<p class=\"has-noir-color has-text-color has-link-color has-inter-font-family has-l-text-font-size wp-elements-0784a955136692dfedbbe1592dc85336\">\u00ab <strong>Prix<\/strong> \u00bb : d\u00e9signe le prix des Services selon l\u2019offre s\u00e9lectionn\u00e9e par l\u2019Opticien.<\/p>\n\n\n\n<p class=\"has-noir-color has-text-color has-link-color has-inter-font-family has-l-text-font-size wp-elements-f085f69f56fc5888e2caaec276ee70fd\">\u00ab <strong>RGPD<\/strong> \u00bb : d\u00e9signe le R\u00e8glement europ\u00e9en sur la protection des donn\u00e9es n\u00b02016\/679 du 27 avril 2016.<\/p>\n\n\n\n<p class=\"has-noir-color has-text-color has-link-color has-inter-font-family has-l-text-font-size wp-elements-a93ff3c6d2b5cba1efe955ca6a8cefa6\">\u00ab <strong>Services<\/strong> \u00bb : d\u00e9signent les services fournis par EYESOFT tels que d\u00e9taill\u00e9s dans les Stipulations G\u00e9n\u00e9rales et Sp\u00e9cifiques.<\/p>\n\n\n\n<p class=\"has-noir-color has-text-color has-link-color has-inter-font-family has-l-text-font-size wp-elements-0a006b3c6b41509027aaa96aa179cd0d\">\u00ab <strong>Site<\/strong> \u00bb : D\u00e9signe le site internet &lt; <a href=\"https:\/\/www.eyesoft.fr\/en\/\">https:\/\/www.eyesoft.fr\/<\/a>&gt;.<\/p>\n\n\n\n<div style=\"height:10px\" aria-hidden=\"true\" class=\"wp-block-spacer\"><\/div>\n\n\n\n<p class=\"has-noir-color has-text-color has-link-color has-l-text-font-size wp-elements-f53defb83da167360476d9c39be90824\" style=\"font-style:normal;font-weight:700\"><\/p><p class=\"has-noir-color has-text-color has-link-color has-inter-font-family has-l-text-font-size\" style=\"font-style:normal;font-weight:500\"><strong>4. Description des Services<\/strong><\/p>\n\n\n\n<p class=\"has-noir-color has-text-color has-link-color has-inter-font-family has-l-text-font-size wp-elements-54802adc4a0e2cef98a8f0ca7090a689\">Dans le cadre des pr\u00e9sentes, EYESOFT fournit \u00e0 l\u2019Opticien les Services d\u00e9taill\u00e9s au sein des Stipulations Sp\u00e9cifiques, en particulier pour l\u2019offre Check-LenScape s\u00e9lectionn\u00e9e par l\u2019Opticien.<\/p>\n\n\n\n<p class=\"has-noir-color has-text-color has-link-color has-inter-font-family has-l-text-font-size wp-elements-8fed31b13e15cbc27614d6ae33f64b0e\">Les Services peuvent comprendre :<\/p>\n\n\n\n<ul class=\"wp-block-list\">\n<li>\u2713 la fourniture d\u2019un Casque et\/ou de ses Accessoires,<\/li>\n\n\n\n<li>\u2713 l\u2019installation d\u2019un Logiciel dans les Casques ;<\/li>\n\n\n\n<li>\u2713 la mise \u00e0 disposition du Logiciel  ;<\/li>\n\n\n\n<li>\u2713 la mise \u00e0 disposition de la Plateforme;<\/li>\n\n\n\n<li>\u2713 la mise en service et la formation \u00e0 l\u2019utilisation du Casque et du Logiciel.<\/li>\n<\/ul>\n\n\n\n<p class=\"has-noir-color has-text-color has-link-color has-inter-font-family has-l-text-font-size wp-elements-bbce9f1b69d2231050fce465b1c9f280\">L\u2019Opticien pourra fournir \u00e0 ses Clients le Casque, l\u2019Accessoire et le Logiciel int\u00e9gr\u00e9 afin de proc\u00e9der aux tests et simulations au sein des locaux de l\u2019Opticien.<\/p>\n\n\n\n<p class=\"has-noir-color has-text-color has-link-color has-inter-font-family has-l-text-font-size wp-elements-439971e46ee6ae9ca45539016473766d\">L\u2019Opticien est inform\u00e9 que l\u2019utilisation des Services n\u00e9cessite une connexion internet et un r\u00e9seau Wifi stable ainsi qu\u2019un ordinateur.<\/p>\n\n\n\n<p class=\"has-noir-color has-text-color has-link-color has-inter-font-family has-l-text-font-size wp-elements-769f1c9ed17bdefe6af72bb0d5559238\">L\u2019Opticien s\u2019engage \u00e0 prendre connaissance des Stipulations Sp\u00e9cifiques, d\u00e9crites en fin des pr\u00e9sentes CGV.<\/p>\n\n\n\n<div style=\"height:10px\" aria-hidden=\"true\" class=\"wp-block-spacer\"><\/div>\n\n\n\n<p class=\"has-noir-color has-text-color has-link-color has-l-text-font-size wp-elements-daec98d894a3bf9b37355036dab9fb8a\" style=\"font-style:normal;font-weight:700\"><\/p><p class=\"has-noir-color has-text-color has-link-color has-inter-font-family has-l-text-font-size\" style=\"font-style:normal;font-weight:500\"><strong>5. Commande des Services, du Casque et des \u00e9ventuels Accessoires<\/strong><\/p>\n\n\n\n<p class=\"has-noir-color has-text-color has-link-color has-inter-font-family has-l-text-font-size wp-elements-ea8cc90d3f47bd167ea01d1f0e9f6141\">L\u2019Opticien qui souhaite obtenir les Services doit proc\u00e9der \u00e0 la Commande en ligne via le Site.<\/p>\n\n\n\n<p class=\"has-noir-color has-text-color has-link-color has-inter-font-family has-l-text-font-size wp-elements-751a107b7c4785d57575df35a5456601\">Lors de la Commande, l\u2019Opticien s\u2019engage \u00e0 fournir les informations suivantes n\u00e9cessaires pour la bonne fourniture des Services :<\/p>\n\n\n\n<ul class=\"wp-block-list\">\n<li>\u2713 son identit\u00e9 : carte d\u2019identit\u00e9 ;<\/li>\n\n\n\n<li>\u2713 ses coordonn\u00e9es : nom, pr\u00e9nom, adresse e-mail, adresse postale, num\u00e9ro de t\u00e9l\u00e9phone ;<\/li>\n\n\n\n<li>\u2713 ses informations professionnelles : SIRET\/SIREN et extrait K-bis<\/li>\n\n\n\n<li>\u2713 ses informations bancaires pour le d\u00e9p\u00f4t de garantie (empreinte bancaire)<\/li>\n\n\n\n<li>\u2713 attestation responsabilit\u00e9 civile professionnelle.<\/li>\n<\/ul>\n\n\n\n<p class=\"has-noir-color has-text-color has-link-color has-inter-font-family has-l-text-font-size wp-elements-a5d481a19c11a44053cd1808ac08a314\">La Commande du Casque dans le cadre de l\u2019offre Check-LenScape et des \u00e9ventuels Accessoires s\u2019effectue par e-mail aupr\u00e8s d\u2019EYESOFT. EYESOFT fait parvenir \u00e0 l\u2019Opticien un bon de Commande (comportant la d\u00e9signation des produits, quantit\u00e9, prix) ainsi que les pr\u00e9sentes CGV dont l\u2019Opticien conserve une copie.<\/p>\n\n\n\n<p class=\"has-noir-color has-text-color has-link-color has-inter-font-family has-l-text-font-size wp-elements-e7a162b6b0ccd9257db49e758a818622\">La signature \u00e9lectronique du bon de Commande par l\u2019Opticien constitue un engagement ferme et d\u00e9finitif du Client de proc\u00e9der \u00e0 la Commande. EYESOFT fait parvenir \u00e0 l\u2019Opticien une confirmation de sa Commande.<\/p>\n\n\n\n<div style=\"height:10px\" aria-hidden=\"true\" class=\"wp-block-spacer\"><\/div>\n\n\n\n<p class=\"has-noir-color has-text-color has-link-color has-l-text-font-size wp-elements-91d063a73cd9343671a5f66e4ebba81d\" style=\"font-style:normal;font-weight:700\"><\/p><p class=\"has-noir-color has-text-color has-link-color has-inter-font-family has-l-text-font-size\" style=\"font-style:normal;font-weight:500\"><strong>6. D\u00e9p\u00f4t de Garantie<\/strong><\/p>\n\n\n\n<p class=\"has-noir-color has-text-color has-link-color has-inter-font-family has-l-text-font-size wp-elements-86569b3eba8a70cc869bc64745eca238\">Le Client est inform\u00e9 qu\u2019une caution d\u2019un montant de neuf cents euros (900\u20ac) TTC est exig\u00e9e lors de la Commande avant tout envoi du Casque. La caution se mat\u00e9rialise par un relev\u00e9 d\u2019empreinte bancaire du Client conserv\u00e9 par EYESOFT durant la p\u00e9riode d\u2019essai et\/ou la dur\u00e9e de l\u2019Abonnement.<\/p>\n\n\n\n<p class=\"has-noir-color has-text-color has-link-color has-inter-font-family has-l-text-font-size wp-elements-51cfff6af9b4746baa30be5587cf0783\">L\u2019empreinte bancaire est supprim\u00e9e dans un d\u00e9lai de dix (10) jours maximum \u00e0 compter de la r\u00e9ception du Casque et sous r\u00e9serve de son bon \u00e9tat de fonctionnement v\u00e9rifi\u00e9 par EYESOFT, conform\u00e9ment \u00e0 l\u2019article \u00ab R\u00e9ception du Casque \u00bb des CGV.<\/p>\n\n\n\n<p class=\"has-noir-color has-text-color has-link-color has-inter-font-family has-l-text-font-size wp-elements-7a8b0683f7610b4268c95455ebd1d825\">L\u2019Opticien s\u2019engage \u00e0 transmettre \u00e0 EYESOFT ses coordonn\u00e9es bancaires actualis\u00e9es en cas d\u2019expiration de sa carte bancaire pendant la dur\u00e9e de l\u2019Abonnement.<\/p>\n\n\n\n<div style=\"height:10px\" aria-hidden=\"true\" class=\"wp-block-spacer\"><\/div>\n\n\n\n<p class=\"has-noir-color has-text-color has-link-color has-l-text-font-size wp-elements-db60a3cd2d6b7b4ac81dcfd1202a6ad2\" style=\"font-style:normal;font-weight:700\"><\/p><p class=\"has-noir-color has-text-color has-link-color has-inter-font-family has-l-text-font-size\" style=\"font-style:normal;font-weight:500\"><strong>7. Fourniture du Casque et des Accessoires<\/strong><\/p>\n\n\n\n<div style=\"height:10px\" aria-hidden=\"true\" class=\"wp-block-spacer\"><\/div>\n\n\n\n<p class=\"has-noir-color has-text-color has-link-color has-inter-font-family has-l-text-font-size\"><strong>7.1. Description du Casque et des Accessoires<\/strong><\/p>\n\n\n\n<p class=\"has-noir-color has-text-color has-link-color has-inter-font-family has-l-text-font-size wp-elements-426e52be5e03fbea06e7f08d5e28b9f2\">Dans le cadre des Services, EYESOFT loue un Casque et ses Accessoires, et\/ou vend des Accessoires \u00e0 l\u2019Opticien dans les conditions pr\u00e9vues aux pr\u00e9sentes.<\/p>\n\n\n\n<p class=\"has-noir-color has-text-color has-link-color has-inter-font-family has-l-text-font-size wp-elements-fe825854b6b7d4bef9590b419fc74ccf\">Le Casque est un casque de r\u00e9alit\u00e9 virtuelle. Ses caract\u00e9ristiques sont d\u00e9taill\u00e9es au sein des Stipulations Sp\u00e9cifiques.<\/p>\n\n\n\n<p class=\"has-noir-color has-text-color has-link-color has-inter-font-family has-l-text-font-size wp-elements-003db3d4f8d928da3fff24266d8d6f8b\">Les Accessoires disponibles \u00e0 l\u2019achat par l\u2019Opticien et leurs caract\u00e9ristiques sont mentionn\u00e9s sur le Site.<\/p>\n\n\n\n<div style=\"height:10px\" aria-hidden=\"true\" class=\"wp-block-spacer\"><\/div>\n\n\n\n<p class=\"has-noir-color has-text-color has-link-color has-inter-font-family has-l-text-font-size\"><strong>7.2. Conditions d\u2019utilisation du Casque<\/strong><\/p>\n\n\n\n<p class=\"has-noir-color has-text-color has-link-color has-inter-font-family has-l-text-font-size wp-elements-75ffb1d1f511eabd317c779ba77ab15d\">Dans le cadre des Services, l\u2019Opticien s\u2019engage \u00e0 lire, respecter, et \u00e0 faire respecter par ses Clients, les conditions d\u2019utilisation du Casque accessibles sur le Site, et en particulier \u00e0 :<\/p>\n\n\n\n<ul class=\"wp-block-list\">\n<li>\u2713 ne pas exposer les lentilles optiques du Casque \u00e0 la lumi\u00e8re directe du soleil. L\u2019Opticien reconna\u00eet que l\u2019exposition \u00e0 la lumi\u00e8re directe du soleil pendant moins d\u2019une minute peut causer des d\u00e9g\u00e2ts sous forme de tache jaune sur l\u2019\u00e9cran. L\u2019Opticien s\u2019engage \u00e0 prendre des pr\u00e9cautions suppl\u00e9mentaires lors des conditions de forte luminosit\u00e9 (utilisation proche d\u2019une fen\u00eatre ou d\u2019une forte source d\u2019\u00e9clairage direct) ;<\/li>\n\n\n\n<li>\u2713 prot\u00e9ger les lentilles optiques pendant l\u2019utilisation et le stockage du Casque afin d\u2019\u00e9viter que des objets ne rayent les lentilles ;<\/li>\n\n\n\n<li>\u2713 recharger le casque r\u00e9guli\u00e8rement (y compris lorsqu\u2019il n\u2019est pas utilis\u00e9 pendant une p\u00e9riode de plus d\u2019un mois), et d\u00e8s l\u2019apparition du message d\u2019alerte de niveau de batterie faible ;<\/li>\n\n\n\n<li>\u2713 ne pas faire fonctionner le Casque \u00e0 un volume trop \u00e9lev\u00e9 pendant une p\u00e9riode prolong\u00e9e. L\u2019Opticien reconna\u00eet qu\u2019un volume trop \u00e9lev\u00e9 peut endommager l\u2019ou\u00efe de son Client ;<\/li>\n\n\n\n<li>\u2713 faire une pause toutes les 30 minutes en cas d\u2019utilisation prolong\u00e9e et ne pas faire plus d\u2019une session par jour par Client. Une utilisation prolong\u00e9e peut causer des \u00e9tourdissements ou de la fatigue oculaire ;<\/li>\n\n\n\n<li>\u2713 arr\u00eater imm\u00e9diatement d\u2019utiliser le Casque en cas d\u2019anomalies visuelles (diplopie et distorsion de la vue, inconfort ou douleur oculaire, etc.), transpiration excessive, naus\u00e9es, vertiges, palpitations, d\u00e9sorientation, perte d\u2019\u00e9quilibre, etc ;<\/li>\n\n\n\n<li>\u2713 s\u2019assurer d\u2019avoir suffisamment d\u2019espace dans son local pour \u00e9viter les accidents ;<\/li>\n\n\n\n<li>\u2713 ne pas utiliser le Casque pr\u00e8s des escaliers, des fen\u00eatres, des sources de chaleur ou d\u2019autres zones dangereuses ;<\/li>\n\n\n\n<li>\u2713 utiliser le Casque en position assise et sur une assise stable ;<\/li>\n\n\n\n<li>\u2713 ne pas utiliser sur des Clients atteints d\u2019\u00e9pilepsie.<\/li>\n<\/ul>\n\n\n\n<p class=\"has-noir-color has-text-color has-link-color has-inter-font-family has-l-text-font-size wp-elements-1679fab97f8074592264fbe972faaaf2\">Pour une meilleure exp\u00e9rience, il est recommand\u00e9 d\u2019utiliser la manette incluse. Toutefois, le Client peut utiliser les boutons du Casque pour effectuer des op\u00e9rations de base.<\/p>\n\n\n\n<p class=\"has-noir-color has-text-color has-link-color has-inter-font-family has-l-text-font-size wp-elements-67d4c8cd370f92dcce9205c25cab22dc\">Les Clients am\u00e9tropes peuvent utiliser le Casque avec leur correction (lunettes ou lentilles de contact) conform\u00e9ment aux instructions au sein des conditions d\u2019utilisation du Casque.<\/p>\n\n\n\n<p class=\"has-noir-color has-text-color has-link-color has-inter-font-family has-l-text-font-size wp-elements-4bc6744d72652ac61abab4be9b6023e0\">Ce produit n\u2019est pas recommand\u00e9 pour les Clients de moins de 8 ans. Les enfants de plus de 8 ans ne doivent utiliser le Casque que sous la surveillance d\u2019un adulte.<\/p>\n\n\n\n<p class=\"has-noir-color has-text-color has-link-color has-inter-font-family has-l-text-font-size wp-elements-33f8cd56a17778e284ffe82ebdeb5148\">L\u2019Opticien est invit\u00e9 \u00e0 prendre connaissance, le cas \u00e9ch\u00e9ant, des conditions d\u2019utilisation particuli\u00e8res mentionn\u00e9es dans les Stipulations Sp\u00e9cifiques.<\/p>\n\n\n\n<div style=\"height:10px\" aria-hidden=\"true\" class=\"wp-block-spacer\"><\/div>\n\n\n\n<p class=\"has-noir-color has-text-color has-link-color has-inter-font-family has-l-text-font-size\"><strong>7.3. Conformit\u00e9, Livraison et Garantie<\/strong><\/p>\n\n\n\n<div style=\"height:10px\" aria-hidden=\"true\" class=\"wp-block-spacer\"><\/div>\n\n\n\n<p class=\"has-noir-color has-text-color has-link-color has-inter-font-family has-l-text-font-size\">7.3.1. Conformit\u00e9 du Casque et des Accessoires<\/p>\n\n\n\n<p class=\"has-noir-color has-text-color has-link-color has-inter-font-family has-l-text-font-size wp-elements-92ac8b42bf82d5ff67b1fdcb9ea7f38c\">EYESOFT s\u2019engage \u00e0 mettre \u00e0 disposition un Casque en bon \u00e9tat de fonctionnement, sans d\u00e9faut, dans le cadre d\u2019une utilisation pr\u00e9vue en rapport avec le Logiciel et la Plateforme, conforme aux sp\u00e9cifications techniques et qui respecte la r\u00e9glementation applicable, notamment en mati\u00e8re de s\u00e9curit\u00e9.<\/p>\n\n\n\n<p class=\"has-noir-color has-text-color has-link-color has-inter-font-family has-l-text-font-size wp-elements-2a8681ce2c4fd3f1db4c44402891d887\">Le Client s\u2019engage \u00e0 respecter les conditions d\u2019usage d\u00e9finies par EYESOFT. Toute autre utilisation du Casque non pr\u00e9vue engendre l\u2019annulation de la garantie.<\/p>\n\n\n\n<p class=\"has-noir-color has-text-color has-link-color has-inter-font-family has-l-text-font-size wp-elements-071a606f66266e687b9d3966f56ae476\">Si un mod\u00e8le de Casque ou d\u2019Accessoire est en rupture de stock, EYESOFT se r\u00e9serve le droit de le remplacer par un mod\u00e8le aux fonctionnalit\u00e9s \u00e9quivalentes.<\/p>\n\n\n\n<div style=\"height:10px\" aria-hidden=\"true\" class=\"wp-block-spacer\"><\/div>\n\n\n\n<p class=\"has-noir-color has-text-color has-link-color has-inter-font-family has-l-text-font-size\">7.3.2. Livraison<\/p>\n\n\n\n<p class=\"has-noir-color has-text-color has-link-color has-inter-font-family has-l-text-font-size wp-elements-54d8a80c30351a1a985356111566559c\">Le Casque lou\u00e9 ou l\u2019Accessoire achet\u00e9 sera livr\u00e9 au Client, par transporteur type Colissimo suivi et contre signature, \u00e0 l\u2019adresse mentionn\u00e9e lors de la Commande.<\/p>\n\n\n\n<p class=\"has-noir-color has-text-color has-link-color has-inter-font-family has-l-text-font-size wp-elements-4acda9c2fcb734203f62a1dfad5c5adb\">\u00c0 la r\u00e9ception du Casque ou de l\u2019Accessoire, le Client s\u2019engage \u00e0 l\u2019inspecter, v\u00e9rifier son \u00e9tat, et signaler toute r\u00e9serve au livreur, notamment en signant les documents ad\u00e9quats mis \u00e0 sa disposition par ledit livreur.<\/p>\n\n\n\n<p class=\"has-noir-color has-text-color has-link-color has-inter-font-family has-l-text-font-size wp-elements-fa75c0bc339c49a2c6bd5804d61ed4d1\">En cas de r\u00e9serves, l\u2019Opticien en informera \u00e9galement EYESOFT dans les meilleurs d\u00e9lais \u00e0 l\u2019adresse : contact@eyesoft.fr.<\/p>\n\n\n\n<p class=\"has-noir-color has-text-color has-link-color has-inter-font-family has-l-text-font-size wp-elements-3ada6567cf034999ce5bd0b95d7670b6\">Les d\u00e9lais de livraison mentionn\u00e9s lors de la Commande sont indicatifs et sous r\u00e9serve de la disponibilit\u00e9 du Casque ou de l\u2019Accessoire au jour de la Commande.<\/p>\n\n\n\n<div style=\"height:10px\" aria-hidden=\"true\" class=\"wp-block-spacer\"><\/div>\n\n\n\n<p class=\"has-noir-color has-text-color has-link-color has-inter-font-family has-l-text-font-size\">7.3.3 Garantie<\/p>\n\n\n\n<p class=\"has-noir-color has-text-color has-link-color has-inter-font-family has-l-text-font-size wp-elements-7eb4fc54344a55db577170410ca0abe6\">La garantie s\u2019applique pour le Casque uniquement et prend effet \u00e0 compter de la livraison, pour la dur\u00e9e de l\u2019Abonnement.<\/p>\n\n\n\n<p class=\"has-noir-color has-text-color has-link-color has-inter-font-family has-l-text-font-size wp-elements-5e2f9c90a28650d84983ef744c776a23\">EYESOFT s\u2019engage, pendant la dur\u00e9e de garantie vis\u00e9e ci\u2013dessus, \u00e0 remplacer le Casque d\u00e9fectueux par un autre Casque \u00e9quivalent conforme aux pr\u00e9sentes dans les meilleurs d\u00e9lais, sauf en cas de force majeure telle que d\u00e9finie par la loi (article 1218 du Code civil).<\/p>\n\n\n\n<p class=\"has-noir-color has-text-color has-link-color has-inter-font-family has-l-text-font-size wp-elements-95a70dc9a13404fcfe9e337673912a35\">La garantie n\u2019est pas applicable dans les cas o\u00f9 la d\u00e9faillance est due \u00e0 :<\/p>\n\n\n\n<ul class=\"wp-block-list\">\n<li>\u2713 une casse ou panne li\u00e9e \u00e0 un non\u2013respect des conditions d\u2019utilisation du Casque par les Clients\net l\u2019Opticien,<\/li>\n\n\n\n<li>\u2713 la modification du Casque,<\/li>\n\n\n\n<li>\u2713 le Casque n\u2019a pas \u00e9t\u00e9 install\u00e9, recharg\u00e9, utilis\u00e9, r\u00e9par\u00e9 ou entretenu conform\u00e9ment aux instructions fournies. Dans le cas o\u00f9 la garantie ne serait pas applicable, les frais de remplacement ou de r\u00e9paration du Casque d\u00e9fectueux seront support\u00e9s par le Client et pr\u00e9lev\u00e9s du d\u00e9p\u00f4t de garantie.<\/li>\n<\/ul>\n\n\n\n<p class=\"has-noir-color has-text-color has-link-color has-inter-font-family has-l-text-font-size wp-elements-3406a5f1b5bbf7016fde88522074b61c\">Le Client retournera le Casque \u00e0 EYESOFT \u00e0 l\u2019adresse suivante : Eyesoft, 76 Boulevard du pr\u00e9sident Franklin Roosevelt \u2013 33000 Bordeaux. Le Client reconna\u00eet que les frais d\u2019envoi de retour sont \u00e0 sa charge.<\/p>\n\n\n\n<div style=\"height:10px\" aria-hidden=\"true\" class=\"wp-block-spacer\"><\/div>\n\n\n\n<p class=\"has-noir-color has-text-color has-link-color has-l-text-font-size wp-elements-d16990ed1d02f0621b8edd64e6e1390a\" style=\"font-style:normal;font-weight:700\"><\/p><p class=\"has-noir-color has-text-color has-link-color has-inter-font-family has-l-text-font-size\" style=\"font-style:normal;font-weight:500\"><strong>8. Installation et mise en service<\/strong><\/p>\n\n\n\n<div style=\"height:10px\" aria-hidden=\"true\" class=\"wp-block-spacer\"><\/div>\n\n\n\n<p class=\"has-noir-color has-text-color has-link-color has-inter-font-family has-l-text-font-size\"><strong>8.1. Installation du Logiciel<\/strong><\/p>\n\n\n\n<p class=\"has-noir-color has-text-color has-link-color has-inter-font-family has-l-text-font-size wp-elements-d1e9a5f5c3ed879e6689c4c9d967f56b\">Dans le cadre des Services, EYESOFT met \u00e0 disposition du Client un Casque pr\u00eat \u00e0 \u00eatre utilis\u00e9 incluant les \u00e9tapes suivantes :<\/p>\n\n\n\n<ul class=\"wp-block-list\">\n<li>\u2713 la configuration du Casque et mise \u00e0 niveau du firmware ;  <\/li>\n\n\n\n<li>\u2713 l\u2019installation et la configuration du Logiciel ;  <\/li>\n\n\n\n<li>\u2713 les v\u00e9rifications de s\u00e9curit\u00e9 et de bon fonctionnement du Logiciel<\/li>\n<\/ul>\n\n\n\n<div style=\"height:10px\" aria-hidden=\"true\" class=\"wp-block-spacer\"><\/div>\n\n\n\n<p class=\"has-noir-color has-text-color has-link-color has-inter-font-family has-l-text-font-size\"><strong>8.2. Mise en service<\/strong><\/p>\n\n\n\n<p class=\"has-noir-color has-text-color has-link-color has-inter-font-family has-l-text-font-size wp-elements-3bb0452d3da31d674c386cdecfe70b04\">Dans le cadre des Services, EYESOFT fournit au Client un accompagnement personnalis\u00e9 pour la mise en service comprenant :<\/p>\n\n\n\n<ul class=\"wp-block-list\">\n<li>\u2713 la cr\u00e9ation d\u2019un compte client permettant d\u2019utiliser le Logiciel en lien avec la Plateforme ;<\/li>\n\n\n\n<li>\u2713 l\u2019accompagnement en pr\u00e9sentiel ou distanciel pour guider la premi\u00e8re utilisation des Services (onboarding).<\/li>\n<\/ul>\n\n\n\n<div style=\"height:10px\" aria-hidden=\"true\" class=\"wp-block-spacer\"><\/div>\n\n\n\n<p class=\"has-noir-color has-text-color has-link-color has-l-text-font-size wp-elements-35d2396fa631323cd27ef7c68d626947\" style=\"font-style:normal;font-weight:700\"><\/p><p class=\"has-noir-color has-text-color has-link-color has-inter-font-family has-l-text-font-size\" style=\"font-style:normal;font-weight:500\"><strong>9. Mise \u00e0 disposition du Logiciel<\/strong><\/p>\n\n\n\n<div style=\"height:10px\" aria-hidden=\"true\" class=\"wp-block-spacer\"><\/div>\n\n\n\n<p class=\"has-noir-color has-text-color has-link-color has-inter-font-family has-l-text-font-size\"><strong>9.1. Description du Logiciel<\/strong><\/p>\n\n\n\n<p class=\"has-noir-color has-text-color has-link-color has-inter-font-family has-l-text-font-size wp-elements-5540c94382cbc4379f7a9f43f800ed17\">Dans le cadre des Services, EYESOFT met un Logiciel embarqu\u00e9 dans un Casque permettant l\u2019optimisation du confort visuel, la simulation de verres, et la d\u00e9tection des capacit\u00e9s oculomotrices \u00e0 disposition de l \u2018Opticien pendant toute la dur\u00e9e de l\u2019Abonnement.<\/p>\n\n\n\n<p class=\"has-noir-color has-text-color has-link-color has-inter-font-family has-l-text-font-size wp-elements-3fa96853f7a15472e63f87c471d195fa\">Ce Logiciel, int\u00e9gr\u00e9 dans le Casque, permet :<\/p>\n\n\n\n<ul class=\"wp-block-list\">\n<li>\u2713 pour l\u2019Opticien, de configurer les param\u00e8tres wifi, et son code client,<\/li>\n\n\n\n<li>\u2713 pour le Client de l\u2019Opticien : la calibration lors de la pose du Casque, le r\u00e9alignement des menus face \u00e0 lui en cas de mouvement, et des interactions en r\u00e9ponses aux exercices (validation de l\u2019exercice) gr\u00e2ce \u00e0 un syst\u00e8me de s\u00e9lection intuitive (vis\u00e9e \/ curseur sur onglet cible)<\/li>\n<\/ul>\n\n\n\n<p class=\"has-noir-color has-text-color has-link-color has-inter-font-family has-l-text-font-size wp-elements-b6c98fe634898ae3d93f138dfe093449\">Les diff\u00e9rents exercices en immersion sont contr\u00f4lables uniquement depuis la Plateforme par l\u2019Opticien.<\/p>\n\n\n\n<p class=\"has-noir-color has-text-color has-link-color has-inter-font-family has-l-text-font-size wp-elements-90be1863f0dc5705b45e4757b8b33c30\">L\u2019Opticien est invit\u00e9 \u00e0 prendre connaissance des Stipulations Sp\u00e9cifiques afin de conna\u00eetre les particularit\u00e9s du Logiciel.<\/p>\n\n\n\n<div style=\"height:10px\" aria-hidden=\"true\" class=\"wp-block-spacer\"><\/div>\n\n\n\n<p class=\"has-noir-color has-text-color has-link-color has-inter-font-family has-l-text-font-size\"><strong>9.2. Licence d\u2019utilisation du Logiciel<\/strong><\/p>\n\n\n\n<p class=\"has-noir-color has-text-color has-link-color has-inter-font-family has-l-text-font-size wp-elements-36bc73abe29d1bec26cad5908fa8f924\">EYESOFT conc\u00e8de \u00e0 l\u2019Opticien, \u00e0 titre non exclusif, non transf\u00e9rable, un droit d\u2019utilisation du Logiciel en code objet et ce, pour la dur\u00e9e des pr\u00e9sentes CGV, pour le territoire fran\u00e7ais et pour les besoins internes de l\u2019Opticien.<\/p>\n\n\n\n<p class=\"has-noir-color has-text-color has-link-color has-inter-font-family has-l-text-font-size wp-elements-8034baee96abc8e5dbc2e03cbac2c84a\">Toute utilisation du Logiciel non express\u00e9ment autoris\u00e9e au titre des pr\u00e9sentes CGV est interdite. \u00c0 ce titre et notamment, l\u2019Opticien s\u2019interdit de :<\/p>\n\n\n\n<ul class=\"wp-block-list\">\n<li>\u2713 mettre tout ou partie du Logiciel \u00e0 la disposition de tiers, m\u00eame gratuitement, et ce, de\nquelque mani\u00e8re que ce soit,<\/li>\n\n\n\n<li>\u2713 permettre l\u2019utilisation du Logiciel par toute personne autre que ses Clients,<\/li>\n\n\n\n<li>\u2713 divulguer tout ou partie du Logiciel \u00e0 toute personne autre que ses Clients,<\/li>\n\n\n\n<li>\u2713 traiter les donn\u00e9es de tiers au moyen du Logiciel \u00e0 l\u2019exclusion des donn\u00e9es des Clients,,<\/li>\n\n\n\n<li>\u2713 imprimer, transf\u00e9rer, transmettre ou afficher tout ou partie du Logiciel sauf pour les besoins de son Client,<\/li>\n\n\n\n<li>\u2713 modifier\/adapter le Logiciel et\/ou fusionner tout ou partie du Logiciel dans d\u2019autres programmes informatiques, notamment en vue de le rendre conforme \u00e0 sa destination, dans la mesure o\u00f9 EYESOFT se r\u00e9serve express\u00e9ment le droit de proc\u00e9der aux corrections, adaptations et modifications n\u00e9cessaires,<\/li>\n\n\n\n<li>\u2713 compiler le Logiciel, le d\u00e9compiler, le d\u00e9sassembler, le traduire, l\u2019analyser, proc\u00e9der au\nreverse\u2013engineering ou tenter d\u2019y proc\u00e9der,<\/li>\n\n\n\n<li>\u2713 \u00e9crire, faire \u00e9crire, cr\u00e9er, faire d\u00e9velopper, tout programme informatique d\u00e9riv\u00e9 du Logiciel,<\/li>\n\n\n\n<li>\u2713 alt\u00e9rer, enlever, dissimuler ou modifier toute information indiquant le titulaire des droits de propri\u00e9t\u00e9 intellectuelle aff\u00e9rents au Logiciel.<\/li>\n<\/ul>\n\n\n\n<p class=\"has-noir-color has-text-color has-link-color has-inter-font-family has-l-text-font-size wp-elements-0b83451dba7d774b76e38a050ae79b10\">EYESOFT garantit, pendant une p\u00e9riode de 30 jours \u00e0 compter de sa livraison \u00e0 l\u2019Opticien, que le Logiciel fonctionne correctement. La seule responsabilit\u00e9 d\u2019EYESOFT au titre de la garantie consiste \u00e0 donner la possibilit\u00e9 \u00e0 l\u2019Opticien de t\u00e9l\u00e9charger \u00e0 nouveau le Logiciel au sein du disque dur du Casque.<\/p>\n\n\n\n<p class=\"has-noir-color has-text-color has-link-color has-inter-font-family has-l-text-font-size wp-elements-88c77f223fcac3aa5e50c609736c535c\">EYESOFT est lib\u00e9r\u00e9e de toute obligation au titre de la garantie pr\u00e9vue ci-dessous si les dysfonctionnements ne sont pas imputables au Logiciel.<\/p>\n\n\n\n<p class=\"has-noir-color has-text-color has-link-color has-inter-font-family has-l-text-font-size wp-elements-0881dc3312af0a478d6ae49b4945d617\">EYESOFT ne consent aucune autre garantie expresse, tacite ou l\u00e9gale quant au fonctionnement du Logiciel. EYESOFT ne garantit pas que le Logiciel est exempt d\u2019erreurs ou de risques d\u2019interruption<\/p>\n\n\n\n<div style=\"height:10px\" aria-hidden=\"true\" class=\"wp-block-spacer\"><\/div>\n\n\n\n<p class=\"has-noir-color has-text-color has-link-color has-l-text-font-size wp-elements-9a5371c6016f3b3b2efd942dafdb126d\" style=\"font-style:normal;font-weight:700\"><\/p><p class=\"has-noir-color has-text-color has-link-color has-inter-font-family has-l-text-font-size\" style=\"font-style:normal;font-weight:500\"><strong>10. Mise \u00e0 disposition de la Plateforme<\/strong><\/p>\n\n\n\n<div style=\"height:10px\" aria-hidden=\"true\" class=\"wp-block-spacer\"><\/div>\n\n\n\n<p class=\"has-noir-color has-text-color has-link-color has-inter-font-family has-l-text-font-size\"><strong>10.1. Description de la Plateforme<\/strong><\/p>\n\n\n\n<p class=\"has-noir-color has-text-color has-link-color has-inter-font-family has-l-text-font-size wp-elements-87be72e9909a7d4a0e680e6d3b709017\">Dans le cadre des Services, EYESOFT met une Plateforme de suivi et de gestion des Casques et des Clients \u00e0 disposition de l\u2019Opticien pendant toute la dur\u00e9e de l\u2019Abonnement.<\/p>\n\n\n\n<p class=\"has-noir-color has-text-color has-link-color has-inter-font-family has-l-text-font-size wp-elements-928c634623d16aedad229ccf145137c6\">La Plateforme est accessible par internet \u00e0 l\u2019adresse <a href=\"https:\/\/app.eyesoft.fr\/auth\/login\">https:\/\/app.eyesoft.fr\/auth\/login<\/a> et est fournie en mode SAAS.<\/p>\n\n\n\n<p class=\"has-noir-color has-text-color has-link-color has-inter-font-family has-l-text-font-size wp-elements-a6a87fddc3fe560552874fceb5cf0d16\">Cette Plateforme permet de :<\/p>\n\n\n\n<ul class=\"wp-block-list\">\n<li>\u2713 consulter et modifier ses informations personnelles (nom, pr\u00e9nom, profession, adresse e\u2013\nmail, r\u00f4le, adresse postale) ;<\/li>\n\n\n\n<li>\u2713 g\u00e9rer ses Abonnements ;<\/li>\n\n\n\n<li>\u2713 consulter et modifier ses coordonn\u00e9es de facturation ;<\/li>\n\n\n\n<li>\u2713 r\u00e9initialiser son mot de passe ;<\/li>\n\n\n\n<li>\u2713 g\u00e9rer ses appareils (Casques) ;<\/li>\n\n\n\n<li>\u2713 g\u00e9rer les fonctionnalit\u00e9s des tests et simulations ;<\/li>\n\n\n\n<li>\u2713 g\u00e9rer ses Clients et en particulier leur historique.<\/li>\n<\/ul>\n\n\n\n<p class=\"has-noir-color has-text-color has-link-color has-inter-font-family has-l-text-font-size wp-elements-3bde64339b8a3e3f9fad5e513c28f9c9\">EYESOFT cr\u00e9e le compte sur la Plateforme pour le compte de l\u2019Opticien. L\u2019Opticien s\u2019engage \u00e0 fournir des informations exactes et \u00e0 jour au sein de la Plateforme.<\/p>\n\n\n\n<p class=\"has-noir-color has-text-color has-link-color has-inter-font-family has-l-text-font-size wp-elements-3222c75f6bb95881d37d304e82619764\">EYESOFT se r\u00e9serve le droit de modifier \u00e0 tout moment la Plateforme pour la bonne fourniture des Services.<\/p>\n\n\n\n<div style=\"height:10px\" aria-hidden=\"true\" class=\"wp-block-spacer\"><\/div>\n\n\n\n<p class=\"has-noir-color has-text-color has-link-color has-inter-font-family has-l-text-font-size\"><strong>10.2. Droit d\u2019utilisation de la Plateforme<\/strong><\/p>\n\n\n\n<p class=\"has-noir-color has-text-color has-link-color has-inter-font-family has-l-text-font-size wp-elements-fe64a1f610f25afe5bd9f3f3ed1502b7\">Les CGV ne conf\u00e8rent \u00e0 l\u2019Opticien aucun titre ou droit de propri\u00e9t\u00e9 sur la Plateforme ou tout \u00e9l\u00e9ment la composant (logiciels, structure de base de donn\u00e9es, marques, logos graphismes, textes), \u00e0 l\u2019exception d\u2019un droit d\u2019utilisation de la Plateforme en contrepartie du paiement de l\u2019Abonnement.<\/p>\n\n\n\n<p class=\"has-noir-color has-text-color has-link-color has-inter-font-family has-l-text-font-size wp-elements-31554110fa18a043f834d7947d22ced8\">Le droit d\u2019utilisation est conc\u00e9d\u00e9 uniquement \u00e0 l\u2019Opticien dans les limites d\u00e9crites dans les pr\u00e9sentes CGV et \u00e0 la dur\u00e9e de celles\u2013ci.<\/p>\n\n\n\n<p class=\"has-noir-color has-text-color has-link-color has-inter-font-family has-l-text-font-size wp-elements-674322d4d5d59fdc62b5e7a023ecc878\">Le droit conc\u00e9d\u00e9 est personnel, non exclusif, non transmissible et non cessible.<\/p>\n\n\n\n<p class=\"has-noir-color has-text-color has-link-color has-inter-font-family has-l-text-font-size wp-elements-3a3ce2b6cc9458d4c07b1f7188936b15\">L\u2019Opticien ne pourra copier, modifier, notamment en d\u00e9compilant, alt\u00e9rer, adapter, notamment en traduisant, arranger et plus g\u00e9n\u00e9ralement modifier tout ou partie de la Plateforme. Il ne pourra pas non plus la reproduire de fa\u00e7on permanente ou provisoire en tout ou partie, par tout moyen et sous toute forme.<\/p>\n\n\n\n<p class=\"has-noir-color has-text-color has-link-color has-inter-font-family has-l-text-font-size wp-elements-8f7df6e9f86840a66b6e1d4087d9e07e\">Sont soumis \u00e0 la licence du pr\u00e9sent article toute correction, mise \u00e0 jour ou nouvelle version de la Plateforme.<\/p>\n\n\n\n<div style=\"height:10px\" aria-hidden=\"true\" class=\"wp-block-spacer\"><\/div>\n\n\n\n<p class=\"has-noir-color has-text-color has-link-color has-inter-font-family has-l-text-font-size\"><strong>10.3. Limitations de l\u2019utilisation de la Plateforme<\/strong><\/p>\n\n\n\n<p class=\"has-noir-color has-text-color has-link-color has-inter-font-family has-l-text-font-size wp-elements-a8cf8b92fe493577842297e0fa06ff98\">L\u2019Opticien s\u2019engage notamment \u00e0 :<\/p>\n\n\n\n<ul class=\"wp-block-list\">\n<li>\u2713 ne pas perturber le fonctionnement de la Plateforme ;<\/li>\n\n\n\n<li>\u2713 ne pas extraire, r\u00e9utiliser, stocker, reproduire, repr\u00e9senter ou conserver, directement ou indirectement, sur un support quelconque, par tout moyen, et sous quelque forme que ce soit, tout ou partie de la Plateforme qui constitue une base de donn\u00e9es prot\u00e9g\u00e9e par la loi.<\/li>\n<\/ul>\n\n\n\n<p class=\"has-noir-color has-text-color has-link-color has-inter-font-family has-l-text-font-size wp-elements-818887e35c7094a51a25da81c7a12f8f\">L\u2019Opticien reconna\u00eet qu\u2019il est fortement recommand\u00e9 de ne pas stocker sur la Plateforme de contenu contenant des donn\u00e9es sensibles (par exemple des informations concernant la sant\u00e9, l\u2019origine raciale ou ethnique, les opinions religieuses).<\/p>\n\n\n\n<div style=\"height:10px\" aria-hidden=\"true\" class=\"wp-block-spacer\"><\/div>\n\n\n\n<p class=\"has-noir-color has-text-color has-link-color has-inter-font-family has-l-text-font-size\"><strong>10.4. S\u00e9curit\u00e9 du compte sur la Plateforme<\/strong><\/p>\n\n\n\n<p class=\"has-noir-color has-text-color has-link-color has-inter-font-family has-l-text-font-size wp-elements-1a270765cfcc8f5189313358d47d7315\">L\u2019identifiant et le mot de passe d\u00e9termin\u00e9 par EYESOFT permettant \u00e0 l\u2019Opticien d\u2019acc\u00e9der \u00e0 son compte sur la Plateforme sont strictement confidentiels et personnels.<\/p>\n\n\n\n<p class=\"has-noir-color has-text-color has-link-color has-inter-font-family has-l-text-font-size wp-elements-07ea26e85ee629fcfa6551ff640c2ab9\">L\u2019Opticien est seul responsable de l\u2019utilisation qui pourrait \u00eatre faite de l\u2019identifiant et de son mot de passe ou de son compte et se porte garant de leur caract\u00e8re confidentiel, et par suite, de toute utilisation qui pourra \u00eatre faite de son compte.<\/p>\n\n\n\n<p class=\"has-noir-color has-text-color has-link-color has-inter-font-family has-l-text-font-size wp-elements-e33aae85616ea0fd4d110c95931d15e9\">En tout \u00e9tat de cause, l\u2019Opticien s\u2019engage \u00e0 informer imm\u00e9diatement EYESOFT de toute utilisation qu\u2019il n\u2019aurait pas autoris\u00e9e et de toute atteinte \u00e0 la confidentialit\u00e9 ou s\u00e9curit\u00e9 de ses donn\u00e9es d\u2019identification.<\/p>\n\n\n\n<p class=\"has-noir-color has-text-color has-link-color has-inter-font-family has-l-text-font-size wp-elements-fbd31766ab389e1ac1fd816613b1463b\">Si, par la faute de l\u2019Opticien, il est fait une utilisation non autoris\u00e9e de ses identifiants, l\u2019Opticien sera exclusivement responsable de tout acte r\u00e9sultant de l\u2019utilisation d\u00e9tourn\u00e9e de la Plateforme ou des Services. EYESOFT ne pourra en aucun cas \u00eatre tenue responsable de toute perte ou de tout dommage r\u00e9sultant d\u2019un non\u2013respect des obligations de l\u2019Opticien stipul\u00e9es au pr\u00e9sent article.<\/p>\n\n\n\n<div style=\"height:10px\" aria-hidden=\"true\" class=\"wp-block-spacer\"><\/div>\n\n\n\n<p class=\"has-noir-color has-text-color has-link-color has-l-text-font-size wp-elements-a25470214d879d4c84dc42c8a74a283c\" style=\"font-style:normal;font-weight:700\"><\/p><p class=\"has-noir-color has-text-color has-link-color has-inter-font-family has-l-text-font-size\" style=\"font-style:normal;font-weight:500\"><strong>11. Dur\u00e9e<\/strong><\/p>\n\n\n\n<p class=\"has-noir-color has-text-color has-link-color has-inter-font-family has-l-text-font-size wp-elements-183ab350e686a488435341254a067a29\">Les pr\u00e9sentes CGV sont conclues pour toute la dur\u00e9e de la Commande et\/ou de l\u2019Abonnement ou le cas \u00e9ch\u00e9ant de la p\u00e9riode d\u2019essai.<\/p>\n\n\n\n<div style=\"height:10px\" aria-hidden=\"true\" class=\"wp-block-spacer\"><\/div>\n\n\n\n<p class=\"has-noir-color has-text-color has-link-color has-inter-font-family has-l-text-font-size\"><strong>11.1. P\u00e9riode d\u2019essai gratuite (France M\u00e9tropolitaine uniquement)<\/strong> <\/p>\n\n\n\n<p class=\"has-noir-color has-text-color has-link-color has-inter-font-family has-l-text-font-size wp-elements-bb160e25074a522b308fce323a1bbbc7\">Dans le cadre l\u2019offre Check-LenScape en France M\u00e9tropolitaine uniquement, l\u2019Opticien dispose d\u2019une p\u00e9riode d\u2019essai gratuite de trente (30) jours \u00e0 compter de la r\u00e9ception du Casque afin d\u2019essayer les Services.<\/p>\n\n\n\n<p class=\"has-noir-color has-text-color has-link-color has-inter-font-family has-l-text-font-size wp-elements-3193d405ae43ff7373e9d4d553d13241\">Durant cette p\u00e9riode d\u2019essai, l\u2019Opticien recevra l\u2019offre de Location de la part de l\u2019organisme financier partenaire ou d\u2019EYESOFT<\/p>\n\n\n\n<p class=\"has-noir-color has-text-color has-link-color has-inter-font-family has-l-text-font-size wp-elements-8ac26f828cb5daca933267ada897ad60\">Dans le cas o\u00f9 l\u2019Opticien ne souhaite pas souscrire un Abonnement au terme de la p\u00e9riode d\u2019essai, il en informe EYESOFT par e-mail \u00e0 l\u2019adresse contact@eyesoft.fr et s\u2019engage dans ce cas \u00e0 restituer le Casque dans les conditions pr\u00e9vues \u00e0 l\u2019article \u00ab Restitution du Casque \u00bb.<\/p>\n\n\n\n<p class=\"has-noir-color has-text-color has-link-color has-inter-font-family has-l-text-font-size wp-elements-e8116e374ea6fc23dd6ae8eca363a2e6\">L\u2019absence de restitution du Casque dans un d\u00e9lai de quinze (15) jours apr\u00e8s la fin de la p\u00e9riode d\u2019essai, entra\u00eene l\u2019encaissement par EYESOFT de la garantie de neuf cents euros TTC (900\u20ac), ce que l\u2019Opticien reconnait et accepte sans r\u00e9serve.<\/p>\n\n\n\n<div style=\"height:10px\" aria-hidden=\"true\" class=\"wp-block-spacer\"><\/div>\n\n\n\n<p class=\"has-noir-color has-text-color has-link-color has-inter-font-family has-l-text-font-size\"><strong>11.2. Dur\u00e9e de l\u2019Abonnement<\/strong><\/p>\n\n\n\n<div style=\"height:10px\" aria-hidden=\"true\" class=\"wp-block-spacer\"><\/div>\n\n\n\n<p class=\"has-noir-color has-text-color has-link-color has-inter-font-family has-l-text-font-size\">11.2.1 Dur\u00e9e initiale<\/p>\n\n\n\n<p class=\"has-noir-color has-text-color has-link-color has-inter-font-family has-l-text-font-size wp-elements-88b9b970a4b470077e04b0d5a4a3e0ff\">Les Services sont accessibles par location, avec un engagement de 36 mois, aupr\u00e8s d\u2019EYESOFT directement ou via un\norganisme financier partenaire d\u2019EYESOFT.<\/p>\n\n\n\n<p class=\"has-noir-color has-text-color has-link-color has-inter-font-family has-l-text-font-size wp-elements-526652c75ac364f95a835a94640484a2\">Les modalit\u00e9s (accord, montant) seront pr\u00e9sent\u00e9es et convenues entre EYESOFT et l\u2019Opticien, et l\u2018organisme financier partenaire, le cas \u00e9ch\u00e9ant, au moment du choix de financement par l\u2019Opticien.<\/p>\n\n\n\n<p class=\"has-noir-color has-text-color has-link-color has-inter-font-family has-l-text-font-size wp-elements-3db75f5923d458fc31ddb572460b2e40\">La p\u00e9riode de Location d\u00e9bute \u00e0 la date de signature (i) du bon de Commande avec EYESOFT ou (ii) du contrat avec le partenaire financier d\u2019EYESOFT.<\/p>\n\n\n\n<div style=\"height:10px\" aria-hidden=\"true\" class=\"wp-block-spacer\"><\/div>\n\n\n\n<p class=\"has-noir-color has-text-color has-link-color has-inter-font-family has-l-text-font-size\">11.2.2. Reconduction automatique de l\u2019Abonnement et d\u00e9nonciation<\/p>\n\n\n\n<p class=\"has-noir-color has-text-color has-link-color has-inter-font-family has-l-text-font-size wp-elements-a58556991e45e32a6cacfc12ed7dede9\">Au terme de la dur\u00e9e initiale, le contrat sera reconduit tacitement pour des dur\u00e9es  identiques \u00e0 celle pr\u00e9vue dans le contrat initial, selon les modalit\u00e9s tarifaires et de r\u00e8glement en vigueur au moment du renouvellement.<\/p>\n\n\n\n<p class=\"has-noir-color has-text-color has-link-color has-inter-font-family has-l-text-font-size wp-elements-f8f2021a0c393b5f9175ab7d8f4fcd43\">La d\u00e9nonciation du contrat pourra intervenir \u00e0 l\u2019initiative de l\u2019une ou l\u2019autre des Parties \u00e0 l\u2019issue de la dur\u00e9e initiale du contrat, puis \u00e0 chaque date anniversaire de la reconduction du contrat et, sous r\u00e9serve de la notification de l\u2019autre Partie par e-mail. L\u2019Opticien fera parvenir un e-mail \u00e0 EYESOFT \u00e0 l\u2019adresse suivante : service@eyesoft.fr.<\/p>\n\n\n\n<p class=\"has-noir-color has-text-color has-link-color has-inter-font-family has-l-text-font-size wp-elements-505dfbed1cc2047d759d7b09e706554b\">La d\u00e9nonciation devra \u00eatre notifi\u00e9e moyennant le respect d\u2019un pr\u00e9avis de deux (2) mois, et emportera application des stipulations pr\u00e9vues \u00e0 l\u2019article \u00ab Modalit\u00e9s de fin du contrat \u00bb.<\/p>\n\n\n\n<p class=\"has-noir-color has-text-color has-link-color has-inter-font-family has-l-text-font-size wp-elements-23eeda3bce632978a6acc89e83d510d3\">Dans le cas d\u2019un contrat avec l\u2019organisme financier partenaire, le contrat pourra \u00eatre renouvel\u00e9 et\/ou d\u00e9nonc\u00e9 de la m\u00eame mani\u00e8re, aupr\u00e8s d\u2019EYESOFT.<\/p>\n\n\n\n<p class=\"has-noir-color has-text-color has-link-color has-inter-font-family has-l-text-font-size wp-elements-7f04896e7f589aa27c6fc93e3d2ecba5\">L\u2019Opticien a la possibilit\u00e9 de r\u00e9silier par anticipation l\u2019Abonnement dans les conditions d\u00e9finies \u00e0 l\u2019article \u00ab R\u00e9siliation par anticipation \u00bb.<\/p>\n\n\n\n<div style=\"height:10px\" aria-hidden=\"true\" class=\"wp-block-spacer\"><\/div>\n\n\n\n<p class=\"has-noir-color has-text-color has-link-color has-l-text-font-size wp-elements-c53eae174102e1e964fe4133cad82414\" style=\"font-style:normal;font-weight:700\"><\/p><p class=\"has-noir-color has-text-color has-link-color has-inter-font-family has-l-text-font-size\" style=\"font-style:normal;font-weight:500\"><strong>12. R\u00e9siliation<\/strong><\/p>\n\n\n\n<div style=\"height:10px\" aria-hidden=\"true\" class=\"wp-block-spacer\"><\/div>\n\n\n\n<p class=\"has-noir-color has-text-color has-link-color has-inter-font-family has-l-text-font-size\"><strong>12.1. R\u00e9siliation pour manquement de l\u2019une des Parties<\/strong><\/p>\n\n\n\n<p class=\"has-noir-color has-text-color has-link-color has-inter-font-family has-l-text-font-size wp-elements-56c7e19aa1df8477594d8bc45f75547e\">En cas de manquement par l\u2019une ou l\u2019autre des Parties \u00e0 ses obligations au titre des pr\u00e9sentes CGV, l\u2019autre Partie adressera \u00e0 la Partie d\u00e9faillante une mise en demeure, par lettre recommand\u00e9e avec demande d\u2019avis de r\u00e9ception, de rem\u00e9dier au manquement.<\/p>\n\n\n\n<p class=\"has-noir-color has-text-color has-link-color has-inter-font-family has-l-text-font-size wp-elements-28729eec9745ca86a7dad37d724e5201\">Si cette mise en demeure est rest\u00e9e infructueuse trente (30) jours \u00e0 compter de la r\u00e9ception de celle\u2013 ci, la Partie pourra prononcer la r\u00e9siliation de plein droit du contrat, sans autre formalit\u00e9 que l\u2019envoi \u00e0 la Partie d\u00e9faillante, d\u2019une seconde lettre recommand\u00e9e avec demande d\u2019avis de r\u00e9ception.<\/p>\n\n\n\n<p class=\"has-noir-color has-text-color has-link-color has-inter-font-family has-l-text-font-size wp-elements-685965ee319447b427f8ff265b871940\">Par exception, EYESOFT se r\u00e9serve la facult\u00e9 de r\u00e9silier de plein droit les CGV sans notification pr\u00e9alable ni indemnit\u00e9 dans le cas o\u00f9 l\u2019Opticien ou un de ses Clients porte atteinte de quelque mani\u00e8re que ce soit \u00e0 l\u2019int\u00e9grit\u00e9 du Casque, du Logiciel ou de la Plateforme, ainsi qu\u2019aux droits de propri\u00e9t\u00e9 intellectuelle d\u2019EYESOFT.<\/p>\n\n\n\n<p class=\"has-noir-color has-text-color has-link-color has-inter-font-family has-l-text-font-size wp-elements-8db42a7a6d23428588bdd26d7acb408e\">En cas de r\u00e9siliation de l\u2019Abonnement pour manquement de l\u2019Opticien, l\u2019ensemble des sommes pay\u00e9es restent acquises \u00e0 EYESOFT, qui facturera l\u2019ensemble des redevances restant dues jusqu\u2019\u00e0 la fin de l\u2019Abonnement, imm\u00e9diatement exigibles \u00e0 la date de r\u00e9siliation effective.<\/p>\n\n\n\n<p class=\"has-noir-color has-text-color has-link-color has-inter-font-family has-l-text-font-size wp-elements-c02ebcd5edc6630bafedd1d62f033edf\">En cas de r\u00e9siliation, l\u2019Opticien s\u2019engage \u00e0 respecter les cons\u00e9quences de la fin des CGV telles que mentionn\u00e9es \u00e0 l\u2019article \u00ab Cons\u00e9quences de la fin de la Location \u00bb.<\/p>\n\n\n\n<div style=\"height:10px\" aria-hidden=\"true\" class=\"wp-block-spacer\"><\/div>\n\n\n\n<p class=\"has-noir-color has-text-color has-link-color has-inter-font-family has-l-text-font-size\"><strong>12.2. R\u00e9siliation anticip\u00e9e par l\u2019Opticien<\/strong><\/p>\n\n\n\n<p class=\"has-noir-color has-text-color has-link-color has-inter-font-family has-l-text-font-size wp-elements-2c5642d5b366aeec9ab7d77ad2715b5f\">L\u2019Opticien dispose de la possibilit\u00e9 de r\u00e9silier le contrat pour convenance apr\u00e8s une p\u00e9riode de douze (12) mois \u00e0 compter de la date du d\u00e9but de la Location, moyennant le paiement de frais de r\u00e9siliation.<\/p>\n\n\n\n<p class=\"has-noir-color has-text-color has-link-color has-inter-font-family has-l-text-font-size wp-elements-e802fde556b68086a1fa55c79ecf381a\">L\u2019Opticien notifiera la r\u00e9siliation \u00e0 EYESOFT par e-mail : service@eyesoft.fr. La r\u00e9siliation sera effective apr\u00e8s l\u2019expiration d\u2019un d\u00e9lai de pr\u00e9avis d\u2019un (1) mois \u00e0 compter de la r\u00e9ception de la notification.<\/p>\n\n\n\n<p class=\"has-noir-color has-text-color has-link-color has-inter-font-family has-l-text-font-size wp-elements-cb15e7278af3a9ac6d47a25db22b9902\">En cas de r\u00e9siliation anticip\u00e9e, l\u2019Opticien devra verser \u00e0 EYESOFT une indemnit\u00e9 correspondant \u00e0 dix pour cent (10%) du montant total des loyers restant d\u00fb jusqu&#8217;au terme du contrat. Cette indemnit\u00e9 sera pay\u00e9e dans un d\u00e9lai de trente (30) jours date de facturation.<\/p>\n\n\n\n<p class=\"has-noir-color has-text-color has-link-color has-inter-font-family has-l-text-font-size wp-elements-e95690a044ddc93eab79bc7bcf7231e7\">L\u2019Opticien reconna\u00eet que cette indemnit\u00e9 forfaitaire repr\u00e9sente un d\u00e9dommagement raisonnable des pr\u00e9judices subis par EYESOFT en raison de cette r\u00e9siliation anticip\u00e9e apr\u00e8s la p\u00e9riode de douze (12) mois.<\/p>\n\n\n\n<div style=\"height:10px\" aria-hidden=\"true\" class=\"wp-block-spacer\"><\/div>\n\n\n\n<p class=\"has-noir-color has-text-color has-link-color has-l-text-font-size wp-elements-8ab1d347e33acce83f495171d8d8f8e0\" style=\"font-style:normal;font-weight:700\"><\/p><p class=\"has-noir-color has-text-color has-link-color has-inter-font-family has-l-text-font-size\" style=\"font-style:normal;font-weight:500\"><strong>13. Modalit\u00e9s de fin de la Location<\/strong><\/p>\n\n\n\n<div style=\"height:10px\" aria-hidden=\"true\" class=\"wp-block-spacer\"><\/div>\n\n\n\n<p class=\"has-noir-color has-text-color has-link-color has-inter-font-family has-l-text-font-size\"><strong>13.1. Cons\u00e9quences de la fin de la Location<\/strong><\/p>\n\n\n\n<p class=\"has-noir-color has-text-color has-link-color has-inter-font-family has-l-text-font-size wp-elements-f158b670cd596eb7ab562212cd62c105\">Au terme de la Location, et ce quelle qu\u2019en soit la cause, l\u2019Opticien s\u2019engage \u00e0 : <\/p>\n\n\n\n<ul class=\"wp-block-list\">\n<li>\u2713 r\u00e9gler toutes les sommes dues \u00e0 EYESOFT en contrepartie de la fourniture des Services, toute cr\u00e9ance devenant imm\u00e9diatement exigible ;<\/li>\n\n\n\n<li>\u2713 r\u00e9gler le cas \u00e9ch\u00e9ant les frais de r\u00e9siliation anticip\u00e9e qui sont imm\u00e9diatement exigibles ;<\/li>\n\n\n\n<li>\u2713 cesser toute utilisation du Casque et du Logiciel ;<\/li>\n\n\n\n<li>\u2713 restituer le Casque dans les conditions d\u00e9finies ci-apr\u00e8s ;<\/li>\n\n\n\n<li>\u2713 cesser toute utilisation de la Plateforme. En cons\u00e9quence, il appartient au Client de sauvegarder les donn\u00e9es stock\u00e9es sur la Plateforme pr\u00e9alablement \u00e0 la cessation de l\u2019Abonnement. Toutefois, l\u2019Opticien pourra contacter EYESOFT afin d\u2019exporter et transmettre les donn\u00e9es stock\u00e9es sur la Plateforme au plus tard avant la fin de la cessation de l\u2019Abonnement.<\/li>\n<\/ul>\n\n\n\n<div style=\"height:10px\" aria-hidden=\"true\" class=\"wp-block-spacer\"><\/div>\n\n\n\n<p class=\"has-noir-color has-text-color has-link-color has-inter-font-family has-l-text-font-size\"><strong>13.2. Restitution du Casque et des Accessoires<\/strong><\/p>\n\n\n\n<p class=\"has-noir-color has-text-color has-link-color has-inter-font-family has-l-text-font-size wp-elements-b7ddaef19e85e829738dda48f5e926f8\">La restitution du Casque et des Accessoires aupr\u00e8s d\u2019EYESOFT est \u00e0 la charge du Client.<\/p>\n\n\n\n<p class=\"has-noir-color has-text-color has-link-color has-inter-font-family has-l-text-font-size wp-elements-6331a8a9e13afd9a6827a4a3864e4648\">Il est recommand\u00e9 de conserver l\u2019emballage d\u2019origine du Casque afin de garantir la meilleure protection de celui\u2013ci pour l\u2019envoi de restitution.<\/p>\n\n\n\n<p class=\"has-noir-color has-text-color has-link-color has-inter-font-family has-l-text-font-size wp-elements-c04d600fd8f39d372a19df6756d80cc8\">En cas de restitution d\u2019un Casque non fonctionnel ou d\u00e9t\u00e9rior\u00e9, EYESOFT se r\u00e9serve le droit de facturer \u00e0 l\u2019Opticien le prix des r\u00e9parations correspondantes et le prix correspondant aux Accessoires non restitu\u00e9s. EYESOFT fera parvenir \u00e0 l\u2019Opticien une facture d\u00e9taillant les r\u00e9parations r\u00e9alis\u00e9es ainsi que leur co\u00fbt et pr\u00e9l\u00e8vera en cons\u00e9quence tout ou partie du montant de la garantie.<\/p>\n\n\n\n<p class=\"has-noir-color has-text-color has-link-color has-inter-font-family has-l-text-font-size wp-elements-bc67542088492f99f816000331f651b3\">En cas de non-restitution du Casque par le Client dans un d\u00e9lai de trente (30) jours \u00e0 compter de la fin de la Location ou de quinze (15) jours \u00e0 compter de la fin de la p\u00e9riode d\u2019essai non suivie d\u2019une Location, EYESOFT pr\u00e9l\u00e8vera sur la garantie une somme de neuf cents (900) euros TTC \u00e0 l\u2019Opticien.<\/p>\n\n\n\n<div style=\"height:10px\" aria-hidden=\"true\" class=\"wp-block-spacer\"><\/div>\n\n\n\n<p class=\"has-noir-color has-text-color has-link-color has-l-text-font-size wp-elements-bb5473264a17eadf4cc9f676b54e4d9f\" style=\"font-style:normal;font-weight:700\"><\/p><p class=\"has-noir-color has-text-color has-link-color has-inter-font-family has-l-text-font-size\" style=\"font-style:normal;font-weight:500\"><strong>14. Prix \u2013 Modalit\u00e9s de paiement<\/strong><\/p>\n\n\n\n<div style=\"height:10px\" aria-hidden=\"true\" class=\"wp-block-spacer\"><\/div>\n\n\n\n<p class=\"has-noir-color has-text-color has-link-color has-inter-font-family has-l-text-font-size\"><strong>14.1. Prix<\/strong><\/p>\n\n\n\n<p class=\"has-noir-color has-text-color has-link-color has-inter-font-family has-l-text-font-size wp-elements-42fc81cf042fd390f8e9827a649dbd15\">Le Prix pay\u00e9 par l\u2019Opticien \u00e0 EYESOFT, ou \u00e0 l\u2019un de ses organismes financiers partenaires en contrepartie de la fourniture des Services correspond aux tarifs en vigueur au moment de la Commande.<\/p>\n\n\n\n<p class=\"has-noir-color has-text-color has-link-color has-inter-font-family has-l-text-font-size wp-elements-cab6f0528b0c1530c9cc99d96ba53af8\">Le Prix est ferme et d\u00e9finitif.<\/p>\n\n\n\n<p class=\"has-noir-color has-text-color has-link-color has-inter-font-family has-l-text-font-size wp-elements-1d179b30babe84402cfa770b2aa65832\">L\u2019Opticien reconna\u00eet que les Accessoires sont pay\u00e9s s\u00e9par\u00e9ment.<\/p>\n\n\n\n<p class=\"has-noir-color has-text-color has-link-color has-inter-font-family has-l-text-font-size wp-elements-8ec1cd1081fe69897edd02639757c457\">Le Prix ne comprend pas les co\u00fbts li\u00e9s \u00e0 l\u2019\u00e9quipement (ordinateur ou tablette pour acc\u00e9der \u00e0 la Plateforme) et aux communications \u00e9lectroniques (internet, wifi), n\u00e9cessaires \u00e0  l\u2019utilisation des Services, lesdits co\u00fbts \u00e9tant \u00e0 la charge de l\u2019Opticien.<\/p>\n\n\n\n<div style=\"height:10px\" aria-hidden=\"true\" class=\"wp-block-spacer\"><\/div>\n\n\n\n<p class=\"has-noir-color has-text-color has-link-color has-inter-font-family has-l-text-font-size\"><strong>14.2. Modalit\u00e9s de paiement<\/strong><\/p>\n\n\n\n<div style=\"height:10px\" aria-hidden=\"true\" class=\"wp-block-spacer\"><\/div>\n\n\n\n<p class=\"has-noir-color has-text-color has-link-color has-inter-font-family has-l-text-font-size\">14.2.1. Modalit\u00e9s de paiement<\/p>\n\n\n\n<p class=\"has-noir-color has-text-color has-link-color has-inter-font-family has-l-text-font-size wp-elements-2b7537c596ff016ef68c6aff79e33b99\">La Location est factur\u00e9e mensuellement par EYESOFT ou l\u2019un des organismes financiers partenaires d\u2019EYESOFT \u00e0 compter de la date de signature (i) du bon de Commande avec EYESOFT ou (ii) du contrat avec le partenaire financier d\u2019EYESOFT.<\/p>\n\n\n\n<p class=\"has-noir-color has-text-color has-link-color has-inter-font-family has-l-text-font-size wp-elements-df606b19753d6d2017dd7d76da9d8ab7\">La dur\u00e9e de l\u2019engagement de la Location est de trente-six (36) mois  \u00e0 compter de la date de signature (i) du bon de Commande avec EYESOFT ou (ii) du contrat avec le partenaire financier d\u2019EYESOFT, et le paiement du prix sera effectu\u00e9 conform\u00e9ment aux modalit\u00e9s pr\u00e9cis\u00e9es dans les contrats desdits organismes ou dans le bon de Commande.<\/p>\n\n\n\n<div style=\"height:10px\" aria-hidden=\"true\" class=\"wp-block-spacer\"><\/div>\n\n\n\n<p class=\"has-noir-color has-text-color has-link-color has-inter-font-family has-l-text-font-size\">14.2.2. Modalit\u00e9s de paiement des Accessoires<\/p>\n\n\n\n<p class=\"has-noir-color has-text-color has-link-color has-inter-font-family has-l-text-font-size wp-elements-d0dc5241aa962de12aafb15db67543ff\">Chaque Accessoire achet\u00e9 fait l\u2019objet d\u2019une facturation unique.<\/p>\n\n\n\n<p class=\"has-noir-color has-text-color has-link-color has-inter-font-family has-l-text-font-size wp-elements-0590bc40ad2739f2353217058c79898f\">Dans le cadre de l\u2019achat d\u2019un Accessoire, le paiement du Prix sera effectu\u00e9 par virement bancaire \/ carte bancaire \/ pr\u00e9l\u00e8vement SEPA dans un d\u00e9lai de trente (30) jours \u00e0 compter de la r\u00e9ception de la facture.<\/p>\n\n\n\n<div style=\"height:10px\" aria-hidden=\"true\" class=\"wp-block-spacer\"><\/div>\n\n\n\n<p class=\"has-noir-color has-text-color has-link-color has-inter-font-family has-l-text-font-size\">14.2.5. Modification des coordonn\u00e9es bancaires<\/p>\n\n\n\n<p class=\"has-noir-color has-text-color has-link-color has-inter-font-family has-l-text-font-size wp-elements-5e4ae78f34bf5450a2b42c64087a7472\">En cas de modification de ses coordonn\u00e9es bancaires, l\u2019Opticien s\u2019engage \u00e0 en informer EYESOFT dans les meilleurs d\u00e9lais en modifiant les coordonn\u00e9es bancaires sur la Plateforme.<\/p>\n\n\n\n<div style=\"height:10px\" aria-hidden=\"true\" class=\"wp-block-spacer\"><\/div>\n\n\n\n<p class=\"has-noir-color has-text-color has-link-color has-inter-font-family has-l-text-font-size\">14.2.7. Retard de paiement \u2013 P\u00e9nalit\u00e9s<\/p>\n\n\n\n<p class=\"has-noir-color has-text-color has-link-color has-inter-font-family has-l-text-font-size wp-elements-c2da71a7e1e8263fe7e584e68d6583db\">Le d\u00e9faut de paiement \u00e0 l\u2019\u00e9ch\u00e9ance des factures entra\u00eenera de plein droit et sans qu\u2019une mise en demeure pr\u00e9alable ne soit n\u00e9cessaire, l\u2019application d\u2019un int\u00e9r\u00eat sur les sommes \u00e9chues \u00e9gal \u00e0 trois fois le taux d\u2019int\u00e9r\u00eat l\u00e9gal ainsi que le paiement d\u2019une p\u00e9nalit\u00e9 de 40 euros pour frais de recouvrement.<\/p>\n\n\n\n<p class=\"has-noir-color has-text-color has-link-color has-inter-font-family has-l-text-font-size wp-elements-a8b03946230bc9d252f3bc2c05c436f2\">En cas de d\u00e9faut de paiement de l\u2019Opticien conform\u00e9ment aux pr\u00e9sentes, EYESOFT se r\u00e9serve le droit de suspendre les Services jusqu\u2019au complet paiement du Prix.<\/p>\n\n\n\n<div style=\"height:10px\" aria-hidden=\"true\" class=\"wp-block-spacer\"><\/div>\n\n\n\n<p class=\"has-noir-color has-text-color has-link-color has-l-text-font-size wp-elements-8aaa2a3a33eea880b3f0efb6b0f4a0e2\" style=\"font-style:normal;font-weight:700\"><\/p><p class=\"has-noir-color has-text-color has-link-color has-inter-font-family has-l-text-font-size\" style=\"font-style:normal;font-weight:500\"><strong>15. Responsabilit\u00e9<\/strong><\/p>\n\n\n\n<div style=\"height:10px\" aria-hidden=\"true\" class=\"wp-block-spacer\"><\/div>\n\n\n\n<p class=\"has-noir-color has-text-color has-link-color has-inter-font-family has-l-text-font-size\"><strong>15.1. Responsabilit\u00e9 concernant les Services<\/strong><\/p>\n\n\n\n<p class=\"has-noir-color has-text-color has-link-color has-inter-font-family has-l-text-font-size wp-elements-843f5ac10bc4e3f5657542c582bb4165\">EYESOFT ne saurait \u00eatre tenue responsable :<\/p>\n\n\n\n<ul class=\"wp-block-list\">\n<li>\u2713 d\u2019autres faits que ceux relatifs \u00e0 la fourniture des Services ; <\/li>\n\n\n\n<li>\u2713 d\u2019une inex\u00e9cution d\u2019une obligation \u00e0 la charge d\u2019EYESOFT au titre des pr\u00e9sentes CGV caus\u00e9e par un manquement d\u2019un prestataire de l\u2019Opticien, de l\u2019Opticien ou d\u2019un Client.<\/li>\n<\/ul>\n\n\n\n<p class=\"has-noir-color has-text-color has-link-color has-inter-font-family has-l-text-font-size wp-elements-fcda0805830aed128eb5b56c5ce23da0\">EYESOFT indique que le contenu de la Plateforme peut faire l\u2019objet de correctifs et toute \u00e9volution jug\u00e9e n\u00e9cessaire et qu\u2019elle est susceptible d\u2019\u00eatre modifi\u00e9e ou faire l\u2019objet de mises \u00e0 jour.<\/p>\n\n\n\n<p class=\"has-noir-color has-text-color has-link-color has-inter-font-family has-l-text-font-size wp-elements-15ee5fc6bbd0b02fdabb85c62edb7025\">EYESOFT s\u2019organise pour que la Plateforme soit disponible 24 heures\/24, 7 jours\/7. Toutefois, EYESOFT se r\u00e9serve le droit d\u2019interrompre l\u2019acc\u00e8s \u00e0 tout ou partie de la Plateforme, de fa\u00e7on temporaire pour des raisons de maintenance visant le bon fonctionnement de la Plateforme, sans pr\u00e9avis et sans que cette interruption puisse donner droit \u00e0 une quelconque indemnit\u00e9 pour l\u2019Opticien.<\/p>\n\n\n\n<p class=\"has-noir-color has-text-color has-link-color has-inter-font-family has-l-text-font-size wp-elements-5dbf949f2bd4155c19ddadce7e3e2ab8\">En tout \u00e9tat de cause, EYESOFT ne saurait \u00eatre tenue responsable du non\u2013fonctionnement, d\u2019une impossibilit\u00e9 d\u2019acc\u00e8s ou de dysfonctionnements de la Plateforme imputables \u00e0 un \u00e9quipement non adapt\u00e9, au comportement de l\u2019Opticien ou de son Client, au fait impr\u00e9visible et insurmontable d\u2019un tiers ou \u00e0 un cas de force majeure, \u00e0 des dysfonctionnements des services du fournisseur d\u2019acc\u00e8s de l\u2019Opticien, \u00e0 ceux du r\u00e9seau Internet. EYESOFT ne peut garantir l\u2019exhaustivit\u00e9 de ses Services ou l\u2019absence de modification par un tiers (intrusion, virus).<\/p>\n\n\n\n<p class=\"has-noir-color has-text-color has-link-color has-inter-font-family has-l-text-font-size wp-elements-5a7f9ff40da597b6b419c9f4d717f6d3\">L\u2019Opticien d\u00e9clare accepter les caract\u00e9ristiques et les limites d\u2019Internet.<\/p>\n\n\n\n<div style=\"height:10px\" aria-hidden=\"true\" class=\"wp-block-spacer\"><\/div>\n\n\n\n<p class=\"has-noir-color has-text-color has-link-color has-inter-font-family has-l-text-font-size\"><strong>15.2. Limitation de responsabilit\u00e9<\/strong><\/p>\n\n\n\n<p class=\"has-noir-color has-text-color has-link-color has-inter-font-family has-l-text-font-size wp-elements-d30d4055995050aee7d261bbeb8a701a\">La responsabilit\u00e9 d\u2019EYESOFT ne pourra \u00eatre engag\u00e9e que pour les dommages directs subis par l\u2019Opticien, r\u00e9sultant d\u2019un manquement \u00e0 ses obligations contractuelles telles que d\u00e9finies aux pr\u00e9sentes.<\/p>\n\n\n\n<p class=\"has-noir-color has-text-color has-link-color has-inter-font-family has-l-text-font-size wp-elements-21ac199fbbf7ce244a8a3117bc49fc2c\">L\u2019Opticien renonce donc \u00e0 demander r\u00e9paration \u00e0 EYESOFT \u00e0 quelque titre que ce soit, de (i) dommages indirects tels que le manque \u00e0 gagner, la perte de chance, le pr\u00e9judice commercial ou financier, (ii) la perte ou la corruption de donn\u00e9es ou interruption ou perte d\u2019activit\u00e9, (iii) l\u2019augmentation de frais g\u00e9n\u00e9raux la perte de revenus, de b\u00e9n\u00e9fices, de client\u00e8le ou de ventes ou d\u2019\u00e9conomies pr\u00e9vues trouvant leur origine ou \u00e9tant la cons\u00e9quence de l\u2019ex\u00e9cution des pr\u00e9sentes CGV.<\/p>\n\n\n\n<p class=\"has-noir-color has-text-color has-link-color has-inter-font-family has-l-text-font-size wp-elements-66e61787c2ca5563a262e0edcbacee45\">L\u2019Opticien est seul responsable des dommages caus\u00e9s aux tiers, et notamment les Clients, et des cons\u00e9quences des r\u00e9clamations ou actions qui pourraient en d\u00e9couler.<\/p>\n\n\n\n<p class=\"has-noir-color has-text-color has-link-color has-inter-font-family has-l-text-font-size wp-elements-0550ebd895463f4e62456335608efb63\">En tout \u00e9tat de cause, la responsabilit\u00e9 d\u2019EYESOFT ne pourra pas d\u00e9passer le montant pay\u00e9 par l\u2019Opticien \u00e0 EYESOFT pour la fourniture des Services.<\/p>\n\n\n\n<div style=\"height:10px\" aria-hidden=\"true\" class=\"wp-block-spacer\"><\/div>\n\n\n\n<p class=\"has-noir-color has-text-color has-link-color has-l-text-font-size wp-elements-ce5d7e7949b82185b0a51ead2438317b\" style=\"font-style:normal;font-weight:700\"><\/p><p class=\"has-noir-color has-text-color has-link-color has-inter-font-family has-l-text-font-size\" style=\"font-style:normal;font-weight:500\"><strong>16. Confidentialit\u00e9<\/strong><\/p>\n\n\n\n<p class=\"has-noir-color has-text-color has-link-color has-inter-font-family has-l-text-font-size wp-elements-254a7d3a2a0b2e9f16874cbc65a43fbb\">Chaque Partie s\u2019engage \u00e0 consid\u00e9rer comme confidentielles les informations \u00e9crites ou verbales, de toute nature, recueillies dans le cadre de l\u2019ex\u00e9cution des pr\u00e9sentes CGV, en particulier les donn\u00e9es techniques, juridiques, commerciales et financi\u00e8res, le savoir\u2013faire et plus g\u00e9n\u00e9ralement les informations relatives aux activit\u00e9s des Parties.<\/p>\n\n\n\n<p class=\"has-noir-color has-text-color has-link-color has-inter-font-family has-l-text-font-size wp-elements-72c645f91cf7bcc70e0512e113626932\">En cons\u00e9quence, les Parties s\u2019engagent \u00e0 ne pas communiquer ni divulguer ces informations \u00e0 qui que ce soit, sauf aux membres de leur personnel qui devront en avoir exclusivement et n\u00e9cessairement connaissance pour l\u2019ex\u00e9cution des pr\u00e9sentes CGV.<\/p>\n\n\n\n<p class=\"has-noir-color has-text-color has-link-color has-inter-font-family has-l-text-font-size wp-elements-44c01c9962295603f17593ecc13905d6\">Les Parties s\u2019interdisent d\u2019utiliser lesdites informations confidentielles de l\u2019autre Partie \u00e0 d\u2019autres fins que pour l\u2019ex\u00e9cution des pr\u00e9sentes CGV.<\/p>\n\n\n\n<p class=\"has-noir-color has-text-color has-link-color has-inter-font-family has-l-text-font-size wp-elements-87a25f88582867f6f2fe050d08ecb76a\">Chaque Partie prendra toutes dispositions pour assurer le respect de cet engagement par son personnel et garantira l\u2019autre Partie d\u2019un tel respect.<\/p>\n\n\n\n<p class=\"has-noir-color has-text-color has-link-color has-inter-font-family has-l-text-font-size wp-elements-4ad8cf3fb7a28add659e01ace3900291\">En cons\u00e9quence, les Parties s\u2019engagent \u00e0 ce que leurs salari\u00e9s, sous\u2013traitants, prestataires et plus g\u00e9n\u00e9ralement toute personne qui aurait acc\u00e8s aux informations confidentielles de l\u2019autre Partie soient tenus \u00e0 une obligation de confidentialit\u00e9 au moins \u00e9quivalente \u00e0 celle contenue dans les pr\u00e9sentes CGV.<\/p>\n\n\n\n<p class=\"has-noir-color has-text-color has-link-color has-inter-font-family has-l-text-font-size wp-elements-addf1355a2ecb840f13f9742136869d9\">L\u2019obligation de confidentialit\u00e9 ne s\u2019applique pas aux informations pour lesquelles la Partie qui les a re\u00e7ues rapporterait la preuve que :<\/p>\n\n\n\n<ul class=\"wp-block-list\">\n<li>\u2713 l\u2019information \u00e9tait en sa possession avant qu\u2019elle la re\u00e7oive de l\u2019autre Partie,<\/li>\n\n\n\n<li>\u2713 l\u2019information \u00e9tait dans le domaine public avant qu\u2019elle la re\u00e7oive de l\u2019autre Partie,<\/li>\n\n\n\n<li>\u2713 l\u2019information a \u00e9t\u00e9 l\u00e9galement re\u00e7ue d\u2019un tiers qui ne la tenait pas directement ou indirectement de l\u2019autre Partie,<\/li>\n\n\n\n<li>\u2713 l\u2019information a \u00e9t\u00e9 d\u00e9velopp\u00e9e ind\u00e9pendamment par la Partie.<\/li>\n<\/ul>\n\n\n\n<p class=\"has-noir-color has-text-color has-link-color has-inter-font-family has-l-text-font-size wp-elements-cc2b2c56a384edf08a23691e6f3ced5a\">L\u2019obligation de confidentialit\u00e9 ne s\u2019applique pas non plus \u00e0 l\u2019\u00e9gard des autorit\u00e9s administratives, judiciaires et fiscales, ainsi que des experts comptables, commissaires aux comptes et avocats, ces derniers \u00e9tant tenus par le secret professionnel envers leurs clients.<\/p>\n\n\n\n<p class=\"has-noir-color has-text-color has-link-color has-inter-font-family has-l-text-font-size wp-elements-3b2ee09dc203e80ee6b392e4053e352f\">L\u2019obligation de confidentialit\u00e9 subsistera pendant une dur\u00e9e d\u2019un (1) an apr\u00e8s le terme des pr\u00e9sentes CGV.<\/p>\n\n\n\n<div style=\"height:10px\" aria-hidden=\"true\" class=\"wp-block-spacer\"><\/div>\n\n\n\n<p class=\"has-noir-color has-text-color has-link-color has-l-text-font-size wp-elements-5fbe37a156f33e3369be5b931d7f5af6\" style=\"font-style:normal;font-weight:700\"><\/p><p class=\"has-noir-color has-text-color has-link-color has-inter-font-family has-l-text-font-size\" style=\"font-style:normal;font-weight:500\"><strong>17. Propri\u00e9t\u00e9 intellectuelle \u2013 Garanties<\/strong><\/p>\n\n\n\n<div style=\"height:10px\" aria-hidden=\"true\" class=\"wp-block-spacer\"><\/div>\n\n\n\n<p class=\"has-noir-color has-text-color has-link-color has-inter-font-family has-l-text-font-size\"><strong>17.1. Propri\u00e9t\u00e9 intellectuelle<\/strong><\/p>\n\n\n\n<p class=\"has-noir-color has-text-color has-link-color has-inter-font-family has-l-text-font-size wp-elements-6dfb3eeb86e2da1b3eebfd16f0079cbc\">L\u2019Opticien reconna\u00eet qu\u2019EYESOFT est titulaire de droits de propri\u00e9t\u00e9 intellectuelle, notamment des droits d\u2019auteur, des marques ou des dessins et mod\u00e8les aff\u00e9rents au Site, au Logiciel et \u00e0 la Plateforme, et qu\u2019elle en demeure et demeurera respectivement la seule propri\u00e9taire.<\/p>\n\n\n\n<p class=\"has-noir-color has-text-color has-link-color has-inter-font-family has-l-text-font-size wp-elements-0623ca4fa4046819262d0f22dcb1bf13\">L\u2019Opticien s\u2019interdit, en cons\u00e9quence, de porter atteinte, sous quelque forme et \u00e0 quelque titre que ce soit et sur quelque support que ce soit, aux droits de propri\u00e9t\u00e9 intellectuelle dont EYESOFT est\ntitulaire.<\/p>\n\n\n\n<p class=\"has-noir-color has-text-color has-link-color has-inter-font-family has-l-text-font-size wp-elements-87d6c7bdcd840711c8541233c170c7fc\">Ainsi et plus particuli\u00e8rement, l\u2019Opticien s\u2019interdit de d\u00e9poser et\/ou c\u00e9der lesdits droits de propri\u00e9t\u00e9 intellectuelle, notamment les marques, d\u2019en disposer de quelque fa\u00e7on que ce soit ou de conc\u00e9der \u00e0 tout tiers des droits de quelque nature que ce soit la concernant.<\/p>\n\n\n\n<div style=\"height:10px\" aria-hidden=\"true\" class=\"wp-block-spacer\"><\/div>\n\n\n\n<p class=\"has-noir-color has-text-color has-link-color has-inter-font-family has-l-text-font-size\"><strong>17.2. Garanties<\/strong><\/p>\n\n\n\n<p class=\"has-noir-color has-text-color has-link-color has-inter-font-family has-l-text-font-size wp-elements-a17385f00b36425248dc593b14fb37fc\">EYESOFT garantit \u00e0 l\u2019Opticien qu\u2019elle est titulaire des droits conc\u00e9d\u00e9s sur le Logiciel ou la Plateforme.<\/p>\n\n\n\n<p class=\"has-noir-color has-text-color has-link-color has-inter-font-family has-l-text-font-size wp-elements-160dffcc1a3fd15ceba6278990a42be1\">EYESOFT garantit \u00e0 l\u2019Opticien une jouissance libre et paisible des droits conc\u00e9d\u00e9s.<\/p>\n\n\n\n<p class=\"has-noir-color has-text-color has-link-color has-inter-font-family has-l-text-font-size wp-elements-53ea621f738977df0ecdb6736e6ef0dd\">EYESOFT garantit l\u2019Opticien contre tout trouble, toute action en revendication intent\u00e9e par des tiers qui soutiendraient que le Logiciel ou la Plateforme viole ses droits de propri\u00e9t\u00e9 intellectuelle.<\/p>\n\n\n\n<p class=\"has-noir-color has-text-color has-link-color has-inter-font-family has-l-text-font-size wp-elements-c01bccb3b9fa060aac2d115324ae270a\">EYESOFT d\u00e9clare qu\u2019il n\u2019existe, \u00e0 sa connaissance, aucune action en justice, en demande ou en d\u00e9fense, relative au Logiciel ou \u00e0 la Plateforme.<\/p>\n\n\n\n<p class=\"has-noir-color has-text-color has-link-color has-inter-font-family has-l-text-font-size wp-elements-7ef28c5c194ee6c66121ec8b3aff8e3f\">Nonobstant les autres droits d\u2019EYESOFT, en cas de condamnation d\u00e9finitive ou de transaction cons\u00e9cutive \u00e0 une contestation, interdisant toute exploitation de tout ou partie du Logiciel ou de la Plateforme EYESOFT s\u2019efforcera, \u00e0 ses frais d\u2019obtenir le droit d\u2019exploitation, pour l\u2019Opticien ou de proc\u00e9der \u00e0 toute modification du Logiciel ou de la Plateforme aux fins de les rendre non contestables.<\/p>\n\n\n\n<p class=\"has-noir-color has-text-color has-link-color has-inter-font-family has-l-text-font-size wp-elements-4630ecbb99cac9a906f7568982174b1d\">Si aucune de ces mesures n\u2019est r\u00e9alisable, il est express\u00e9ment convenu que l\u2019Opticien pourra r\u00e9silier les CGV.<\/p>\n\n\n\n<div style=\"height:10px\" aria-hidden=\"true\" class=\"wp-block-spacer\"><\/div>\n\n\n\n<p class=\"has-noir-color has-text-color has-link-color has-l-text-font-size wp-elements-518c4446021674c9eae7719c256f00b1\" style=\"font-style:normal;font-weight:700\"><\/p><p class=\"has-noir-color has-text-color has-link-color has-inter-font-family has-l-text-font-size\" style=\"font-style:normal;font-weight:500\"><strong>18. Donn\u00e9es personnelles<\/strong><\/p>\n\n\n\n<div style=\"height:10px\" aria-hidden=\"true\" class=\"wp-block-spacer\"><\/div>\n\n\n\n<p class=\"has-noir-color has-text-color has-link-color has-inter-font-family has-l-text-font-size\"><strong>18.1. Obligations d\u2019EYESOFT en tant que responsable de traitement<\/strong><\/p>\n\n\n\n<p class=\"has-noir-color has-text-color has-link-color has-inter-font-family has-l-text-font-size wp-elements-40011ffbab9c277e7589e918aac98cec\">Dans le cadre de la fourniture des Services, EYESOFT, responsable du traitement, met en \u0153uvre un traitement de Donn\u00e9es concernant l\u2019Opticien aux fins de gestion, de suivi, de facturation de la Location et des Services de mani\u00e8re g\u00e9n\u00e9rale.<\/p>\n\n\n\n<p class=\"has-noir-color has-text-color has-link-color has-inter-font-family has-l-text-font-size wp-elements-e55fc38dc60e27472bc52fee0354740d\">Donn\u00e9es concern\u00e9es :<\/p>\n\n\n\n<ul class=\"wp-block-list\">\n<li>\u2713 coordonn\u00e9es du Client : nom, pr\u00e9nom, adresse e\u2013mail, adresse postale, num\u00e9ro de t\u00e9l\u00e9phone, carte d\u2019identit\u00e9,<\/li>\n\n\n\n<li>\u2713 informations professionnelles : SIRET\/SIREN et extrait K-Bis<\/li>\n\n\n\n<li>\u2713 coordonn\u00e9es bancaires : Carte bancaire ou RIB.<\/li>\n\n\n\n<li>\u2713 autre : attestation responsabilit\u00e9 civile professionnelle.<\/li>\n<\/ul>\n\n\n\n<p class=\"has-noir-color has-text-color has-link-color has-inter-font-family has-l-text-font-size wp-elements-8fcb45815d21eecfc3bd72c121a312b0\">Ces Donn\u00e9es sont conserv\u00e9es sur des serveurs dans l\u2019Union Europ\u00e9enne.<\/p>\n\n\n\n<p class=\"has-noir-color has-text-color has-link-color has-inter-font-family has-l-text-font-size wp-elements-6b5826db2739801aacff2262c0d0fbee\">Ces Donn\u00e9es seront conserv\u00e9es pendant le temps n\u00e9cessaire \u00e0 l\u2019accomplissement de l\u2019objectif poursuivi lors de leur collecte.<\/p>\n\n\n\n<p class=\"has-noir-color has-text-color has-link-color has-inter-font-family has-l-text-font-size wp-elements-4548f848831ea97e9c2844c66c950eb2\">Conform\u00e9ment \u00e0 la Loi Informatique et Libert\u00e9s et au RGPD, le Client dispose d&#8217;un droit d&#8217;acc\u00e8s, de limitation, de rectification, de portabilit\u00e9, d\u2019opposition et de suppression des Donn\u00e9es le concernant. L\u2019Opticien dispose enfin du droit de d\u00e9finir des directives d\u00e9finissant la mani\u00e8re dont il entend que soient exerc\u00e9s, apr\u00e8s ses d\u00e9c\u00e8s, ces droits.<\/p>\n\n\n\n<p class=\"has-noir-color has-text-color has-link-color has-inter-font-family has-l-text-font-size wp-elements-6cac6fbed49b3bec1acef2d3eb453482\">Le Client peut exercer ces droits en adressant un courrier au si\u00e8ge social d&#8217;EYESOFT ou un email \u00e0 <a href=\"mailto:regulatory@eyesoft.fr\">regulatory@eyesoft.fr<\/a> et en joignant une copie recto-verso de sa pi\u00e8ce d\u2019identit\u00e9, ou tout autre moyen permettant de justifier de son identit\u00e9.<\/p>\n\n\n\n<p class=\"has-noir-color has-text-color has-link-color has-inter-font-family has-l-text-font-size wp-elements-aae2e48e1f42d9b72cf5afc1a738979d\">L\u2019Opticien dispose du droit d\u2019introduire une r\u00e9clamation aupr\u00e8s de la Commission Nationale de l\u2019Informatique et des Libert\u00e9s (www.cnil.fr).<\/p>\n\n\n\n<div style=\"height:10px\" aria-hidden=\"true\" class=\"wp-block-spacer\"><\/div>\n\n\n\n<p class=\"has-noir-color has-text-color has-link-color has-inter-font-family has-l-text-font-size\"><strong>18.2. Obligations d\u2019EYESOFT en tant que sous-traitant<\/strong><\/p>\n\n\n\n<p class=\"has-noir-color has-text-color has-link-color has-inter-font-family has-l-text-font-size wp-elements-e355cbe4cb4a146a7453472d25cc3aa7\">Dans le cadre de la fourniture des Services, EYESOFT est amen\u00e9e \u00e0 agir en tant que sous\u2013traitant de l\u2019Opticien au sens de la Loi Informatique et Libert\u00e9s et du RGPD.<\/p>\n\n\n\n<p class=\"has-noir-color has-text-color has-link-color has-inter-font-family has-l-text-font-size wp-elements-8131cf8afc684b29f3f2e101eabe27b1\">L\u2019Opticien reconna\u00eet \u00eatre responsable de traitement de Donn\u00e9es au sens de la Loi Informatique et Libert\u00e9s et du RGPD. En cons\u00e9quence, l\u2019Opticien s\u2019engage \u00e0 se conformer \u00e0 la r\u00e9glementation en vigueur applicable en mati\u00e8re de protection des Donn\u00e9es.<\/p>\n\n\n\n<p class=\"has-noir-color has-text-color has-link-color has-inter-font-family has-l-text-font-size wp-elements-d58f432f91a3f383f13a3f1eb0a30b06\">EYESOFT proc\u00e8dera au traitement des Donn\u00e9es au nom et pour le compte de l\u2019Opticien. \u00c0 ce titre, EYESOFT s\u2019engage \u00e0 respecter les obligations pr\u00e9vues par l\u2019article 28 du RGPD, et notamment, \u00e0 :<\/p>\n\n\n\n<ul class=\"wp-block-list\">\n<li>\u2713 tenir un registre des traitements de Donn\u00e9es effectu\u00e9s pour le compte de l\u2019Opticien;<\/li>\n\n\n\n<li>\u2713 veiller \u00e0 ce que les personnes habilit\u00e9es \u00e0 traiter les Donn\u00e9es s\u2019engagent \u00e0 respecter la confidentialit\u00e9 de celles\u2013ci ou qu\u2019elles soient soumises \u00e0 une obligation l\u00e9gale appropri\u00e9e de confidentialit\u00e9 ;<\/li>\n\n\n\n<li>\u2713 assurer la s\u00e9curit\u00e9 des Donn\u00e9es notamment en pr\u00e9voyant les mesures techniques et organisationnelles appropri\u00e9es pour maintenir cette s\u00e9curit\u00e9 ;<\/li>\n\n\n\n<li>\u2713 ne pas conserver les Donn\u00e9es trait\u00e9es pour le compte de l\u2019Opticien au\u2013del\u00e0 de la dur\u00e9e strictement n\u00e9cessaire \u00e0 l\u2019ex\u00e9cution des CGV en cause et aux Services rendus pour le compte de l\u2019Opticien dans le cadre dudit contrat ;<\/li>\n\n\n\n<li>\u2713 agir uniquement sur instructions de l\u2019Opticien, sauf disposition l\u00e9gale contraire \u00e0 laquelle EYESOFT pourrait \u00eatre soumis, auquel cas cette derni\u00e8re en informera l\u2019Opticien dans les meilleurs d\u00e9lais \u00e0 moins qu\u2019une telle information ne soit interdite par ladite loi ;<\/li>\n\n\n\n<li>\u2713 recourir \u00e0 des sous\u2013traitants ult\u00e9rieurs, aux seules fins de fourniture des Services. L\u2019Opticien autorise EYESOFT \u00e0 recourir \u00e0 des sous\u2013traitants \u00e0 la condition que ces derniers pr\u00e9sentent toutes les garanties de s\u00e9curit\u00e9 informatique li\u00e9es au traitement des donn\u00e9es \u00e0 caract\u00e8re personnel ; <\/li>\n\n\n\n<li>\u2713 fournir \u00e0 l\u2019Opticien toutes les informations n\u00e9cessaires permettant de prouver que EYESOFT se conforme aux dispositions l\u00e9gales applicables, notamment en coop\u00e9rant et contribuant aux audits et inspections de l\u2019autorit\u00e9 de contr\u00f4le ;<\/li>\n\n\n\n<li>\u2713 coop\u00e9rer avec tout auditeur mandat\u00e9 par l\u2019Opticien. EYESOFT se r\u00e9serve le droit de r\u00e9cuser un auditeur d\u2019un cabinet ext\u00e9rieur. Le nombre de jours d\u2019audit est limit\u00e9 \u00e0 deux (2) jours par an. Toute journ\u00e9e suppl\u00e9mentaire sera factur\u00e9e \u00e0 hauteur de 1.000 (mille) euros HT ;<\/li>\n\n\n\n<li>\u2713 notifier dans les meilleurs d\u00e9lais toute violation de donn\u00e9es \u00e0 caract\u00e8re personnel trait\u00e9e pour le compte de l\u2019Opticien. Le cas \u00e9ch\u00e9ant, et sur demande, coop\u00e9rer avec l\u2019Opticien et les autorit\u00e9s comp\u00e9tentes, en apportant l\u2019assistance dont l\u2019Opticien aurait besoin afin de proc\u00e9der \u00e0 la notification de la violation de donn\u00e9es aux personnes concern\u00e9es ;<\/li>\n\n\n\n<li>\u2713 informer imm\u00e9diatement l\u2019Opticien si une de ses instructions risque de contrevenir aux dispositions du RGPD ou toute autre loi europ\u00e9enne ou nationale relative \u00e0 la protection des Donn\u00e9es ;<\/li>\n\n\n\n<li>\u2713 proc\u00e9der \u00e0 l\u2019h\u00e9bergement des Donn\u00e9es au sein de l\u2019Union europ\u00e9enne [aupr\u00e8s d\u2019un h\u00e9bergeur de donn\u00e9es de sant\u00e9 \u00e0 caract\u00e8re personnel agr\u00e9\u00e9]<\/li>\n<\/ul>\n\n\n\n<div style=\"height:10px\" aria-hidden=\"true\" class=\"wp-block-spacer\"><\/div>\n\n\n\n<p class=\"has-noir-color has-text-color has-link-color has-l-text-font-size wp-elements-6d8721ef652a51c4b653d74ef685e59f\" style=\"font-style:normal;font-weight:700\"><\/p><p class=\"has-noir-color has-text-color has-link-color has-inter-font-family has-l-text-font-size\" style=\"font-style:normal;font-weight:500\"><strong>19. Force majeure<\/strong><\/p>\n\n\n\n<p class=\"has-noir-color has-text-color has-link-color has-inter-font-family has-l-text-font-size wp-elements-04457a3c43408f94c860c1d490f4996e\">La responsabilit\u00e9 des Parties ne saurait \u00eatre recherch\u00e9e si elles sont retard\u00e9es ou emp\u00each\u00e9es d\u2019ex\u00e9cuter une obligation r\u00e9sultant des pr\u00e9sentes CGV en raison d\u2019un cas de force majeure.<\/p>\n\n\n\n<p class=\"has-noir-color has-text-color has-link-color has-inter-font-family has-l-text-font-size wp-elements-bf9f670fb8b741394f728f9afa76b70d\">Sont consid\u00e9r\u00e9s comme des cas de force majeure, outre ceux habituellement retenus par la jurisprudence des cours et tribunaux fran\u00e7ais : les guerres, troubles sociaux (gr\u00e8ves ou situations de lock\u2013out), attentats, intemp\u00e9ries, \u00e9pid\u00e9mies, tremblement de terre, inondations, d\u00e9g\u00e2ts des eaux, incendies, blocage des moyens de communication, de transport ou d\u2019approvisionnement, etc\u2026<\/p>\n\n\n\n<p class=\"has-noir-color has-text-color has-link-color has-inter-font-family has-l-text-font-size wp-elements-cc40f14156cc237dc0697218ac57bade\">D\u00e8s la d\u00e9couverte du cas de force majeure, la Partie qui souhaite s\u2019en pr\u00e9valoir notifiera celui\u2013ci \u00e0 l\u2019autre Partie par lettre recommand\u00e9e avec demande d\u2019avis de r\u00e9ception.<\/p>\n\n\n\n<p class=\"has-noir-color has-text-color has-link-color has-inter-font-family has-l-text-font-size wp-elements-f950c8d87fb9e00386241c84fff4bba8\">Les pr\u00e9sentes CGV seront alors suspendues pendant toute la dur\u00e9e de cet \u00e9v\u00e8nement.<\/p>\n\n\n\n<p class=\"has-noir-color has-text-color has-link-color has-inter-font-family has-l-text-font-size wp-elements-30fab3ea1d1ff6bb7d3406a86b2bea94\">Si la dur\u00e9e de la suspension est sup\u00e9rieure \u00e0 un (1) mois, les pr\u00e9sentes CGV pourront \u00eatre r\u00e9sili\u00e9es de plein droit par l\u2019une des Parties apr\u00e8s notification par lettre recommand\u00e9e avec demande d\u2019avis de r\u00e9ception, et sans indemnit\u00e9 de part et d\u2019autre.<\/p>\n\n\n\n<div style=\"height:10px\" aria-hidden=\"true\" class=\"wp-block-spacer\"><\/div>\n\n\n\n<p class=\"has-noir-color has-text-color has-link-color has-l-text-font-size wp-elements-6697d879dcb87ed20c127947bde5a1a5\" style=\"font-style:normal;font-weight:700\"><\/p><p class=\"has-noir-color has-text-color has-link-color has-inter-font-family has-l-text-font-size\" style=\"font-style:normal;font-weight:500\"><strong>20. R\u00e9f\u00e9rence commerciale<\/strong><\/p>\n\n\n\n<p class=\"has-noir-color has-text-color has-link-color has-inter-font-family has-l-text-font-size wp-elements-1756fbc85e7363eede5951b01cfb6869\">Sauf mention contraire expresse de l\u2019Opticien, l\u2019Opticien autorise express\u00e9ment EYESOFT \u00e0 citer le nom de l\u2019Opticien \u00e0 titre de r\u00e9f\u00e9rence commerciale et notamment sur le Site.<\/p>\n\n\n\n<div style=\"height:10px\" aria-hidden=\"true\" class=\"wp-block-spacer\"><\/div>\n\n\n\n<p class=\"has-noir-color has-text-color has-link-color has-l-text-font-size wp-elements-3ff20d5b8a6a60bc9afbd6da6c6acff9\" style=\"font-style:normal;font-weight:700\"><\/p><p class=\"has-noir-color has-text-color has-link-color has-inter-font-family has-l-text-font-size\" style=\"font-style:normal;font-weight:500\"><strong>21. Intuitu personae<\/strong><\/p>\n\n\n\n<p class=\"has-noir-color has-text-color has-link-color has-inter-font-family has-l-text-font-size wp-elements-44d88bf6c5dfbb435760c6ac20646451\">Les CGV \u00e9tant conclues intuitu personae, l\u2019Opticien ne peut c\u00e9der, transf\u00e9rer ou sous\u2013traiter tout ou partie de ses droits et obligations au titre des pr\u00e9sentes CGV, sans l\u2019accord pr\u00e9alable et \u00e9crit d\u2019EYESOFT.<\/p>\n\n\n\n<div style=\"height:10px\" aria-hidden=\"true\" class=\"wp-block-spacer\"><\/div>\n\n\n\n<p class=\"has-noir-color has-text-color has-link-color has-l-text-font-size wp-elements-fac970f7887f22b94ec05cada1530460\" style=\"font-style:normal;font-weight:700\"><\/p><p class=\"has-noir-color has-text-color has-link-color has-inter-font-family has-l-text-font-size\" style=\"font-style:normal;font-weight:500\"><strong>22. Signature \u00e9lectronique<\/strong><\/p>\n\n\n\n<p class=\"has-noir-color has-text-color has-link-color has-inter-font-family has-l-text-font-size wp-elements-8fb38d5bd4cfafaa8dd92697a6d6c050\">Les Parties conviennent express\u00e9ment que les pr\u00e9sentes CGV sont sign\u00e9es par des moyens \u00e9lectroniques et constituent l&#8217;original des CGV, lequel pr\u00e9vaut entre les Parties. Les Parties conviennent express\u00e9ment que, conform\u00e9ment \u00e0 l\u2019article 1366 du Code civil, l&#8217;accord sign\u00e9 \u00e9lectroniquement constitue une preuve ayant la m\u00eame valeur probante qu&#8217;un accord au format papier comportant une signature manuscrite et lui conf\u00e8rent date certaine.<\/p>\n\n\n\n<p class=\"has-noir-color has-text-color has-link-color has-inter-font-family has-l-text-font-size wp-elements-61b01ee4ece8722a764795155ee7f256\">En cons\u00e9quence, les Parties reconnaissent que les CGV sont valablement ex\u00e9cutoires, et les Parties s&#8217;engagent par la pr\u00e9sente \u00e0 ne pas contester la recevabilit\u00e9, la validit\u00e9, la force ex\u00e9cutoire ou la valeur probante de la version \u00e9lectronique du pr\u00e9sent document. Ces stipulations s&#8217;appliquent \u00e0 toute modification future des CGV que les Parties pourraient \u00eatre amen\u00e9es \u00e0 signer.<\/p>\n\n\n\n<p class=\"has-noir-color has-text-color has-link-color has-inter-font-family has-l-text-font-size wp-elements-2dbd32c0fc9989b7eb13272c4f645de3\">La solution de signature \u00e9lectronique est fournie par le prestataire de services agr\u00e9\u00e9 fournissant, conform\u00e9ment \u00e0 l\u2019article 1367 du Code civil, un proc\u00e9d\u00e9 fiable d\u2019identification garantissant le lien de la signature avec l\u2019acte auquel elle s\u2019attache.<\/p>\n\n\n\n<div style=\"height:10px\" aria-hidden=\"true\" class=\"wp-block-spacer\"><\/div>\n\n\n\n<p class=\"has-noir-color has-text-color has-link-color has-l-text-font-size wp-elements-a23140b125bc7128baf901af4f3c1345\" style=\"font-style:normal;font-weight:700\"><\/p><p class=\"has-noir-color has-text-color has-link-color has-inter-font-family has-l-text-font-size\" style=\"font-style:normal;font-weight:500\"><strong>23. Stipulations diverses<\/strong><\/p>\n\n\n\n<p class=\"has-noir-color has-text-color has-link-color has-inter-font-family has-l-text-font-size wp-elements-aaaa4f28acbb429557ad0be33b765950\">Les Parties sont ind\u00e9pendantes et agissent en leur propre nom et sous leur seule responsabilit\u00e9.<\/p>\n\n\n\n<p class=\"has-noir-color has-text-color has-link-color has-inter-font-family has-l-text-font-size wp-elements-25ddc64f5e1827f029b2e8ac5456ad15\">Les Parties sont des professionnels.<\/p>\n\n\n\n<p class=\"has-noir-color has-text-color has-link-color has-inter-font-family has-l-text-font-size wp-elements-bd26bdfaf5cc76a4d9490a25d3241de1\">Dans l\u2019hypoth\u00e8se o\u00f9 l\u2019un des termes des CGV serait consid\u00e9r\u00e9 comme ill\u00e9gal ou inopposable par une d\u00e9cision de justice les autres stipulations resteraient valables.<\/p>\n\n\n\n<p class=\"has-noir-color has-text-color has-link-color has-inter-font-family has-l-text-font-size wp-elements-ef502fd02051042625085a2d6521c298\">Le fait pour l\u2019une des Parties de ne pas exercer un droit ou de ne pas exiger de l\u2019autre Partie qu\u2019elle se conforme strictement et \u00e0 tout moment aux pr\u00e9sentes CGV ne pourra jamais \u00eatre consid\u00e9r\u00e9 comme \u00e9tant une renonciation \u00e0 s\u2019en pr\u00e9valoir.<\/p>\n\n\n\n<p class=\"has-noir-color has-text-color has-link-color has-inter-font-family has-l-text-font-size wp-elements-3e01fd35559167560da807226d5fbb4d\">Toutes les notifications des Parties devront \u00eatre adress\u00e9es au si\u00e8ge social de l\u2019autre Partie, et sous forme de lettre recommand\u00e9e avec demande d\u2019avis de r\u00e9ception, ou remises contre r\u00e9c\u00e9piss\u00e9.<\/p>\n\n\n\n<p class=\"has-noir-color has-text-color has-link-color has-inter-font-family has-l-text-font-size wp-elements-2e1998d3d5f2a1d2ae933bf6d913a9e9\">Les registres informatis\u00e9s d\u2019EYESOFT et la signature \u00e9lectronique des CGV par l\u2019Opticien seront consid\u00e9r\u00e9s par les Parties comme preuve des communications, commandes, paiements et transactions intervenus entre les Parties.<\/p>\n\n\n\n<div style=\"height:10px\" aria-hidden=\"true\" class=\"wp-block-spacer\"><\/div>\n\n\n\n<p class=\"has-noir-color has-text-color has-link-color has-l-text-font-size wp-elements-dac10267b0c73a8a9b3cee426e5fef58\" style=\"font-style:normal;font-weight:700\"><\/p><p class=\"has-noir-color has-text-color has-link-color has-inter-font-family has-l-text-font-size\" style=\"font-style:normal;font-weight:500\"><strong>24. Loi applicable et litige<\/strong><\/p>\n\n\n\n<p class=\"has-noir-color has-text-color has-link-color has-inter-font-family has-l-text-font-size wp-elements-0dfda1536e75cc0d974d15ff482a3381\">Les CGV sont conclues en langue fran\u00e7aise et soumises \u00e0 la loi fran\u00e7aise.<\/p>\n\n\n\n<p class=\"has-noir-color has-text-color has-link-color has-inter-font-family has-l-text-font-size wp-elements-f57a7f7241b23a13cc313590c1236d10\">En cas de litige entre EYESOFT et l\u2019Opticien d\u00e9coulant de la formation, l\u2019interpr\u00e9tation, l\u2019ex\u00e9cution et\/ou la fin du contrat, et apr\u00e8s une tentative de recherche d\u2019une solution amiable, comp\u00e9tence expresse est attribu\u00e9e au tribunal comp\u00e9tent de Bordeaux, nonobstant pluralit\u00e9 de d\u00e9fendeurs ou appel en garantie, m\u00eame pour les proc\u00e9dures d\u2019urgence ou les proc\u00e9dures conservatoires ou en r\u00e9f\u00e9r\u00e9 ou par requ\u00eate.<\/p>\n\n\n\n<div style=\"height:10px\" aria-hidden=\"true\" class=\"wp-block-spacer\"><\/div>\n\n\n\n<p class=\"has-noir-color has-text-color has-link-color has-xl-text-font-size wp-elements-ef95e46d76e8c53dbabe908e75bfb939\" style=\"font-style:normal;font-weight:900\"><\/p><p class=\"has-noir-color has-text-color has-link-color has-inter-font-family has-xl-text-font-size\" style=\"font-style:normal;font-weight:700\"><strong>II- Stipulations Sp\u00e9cifiques Check-Lenscape<\/strong><\/p>\n\n\n\n<p class=\"has-noir-color has-text-color has-link-color has-inter-font-family has-l-text-font-size wp-elements-cbecc9f52382a0421962714ee1e07603\">Dans le cadre des pr\u00e9sentes, EYESOFT fournit \u00e0 l\u2019Opticien les Services suivants :<\/p>\n\n\n\n<ul class=\"wp-block-list\">\n<li>\u2713 la mise \u00e0 disposition du Logiciel embarqu\u00e9 dans le Casque pendant toute la dur\u00e9e de l\u2019Abonnement ;<\/li>\n\n\n\n<li>\u2713 la mise \u00e0 disposition de la Plateforme de suivi et de gestion des Clients pendant toute la dur\u00e9e de l\u2019Abonnement ;<\/li>\n\n\n\n<li>\u2713 l\u2019installation du Logiciel dans le Casque  ;<\/li>\n\n\n\n<li>\u2713 l\u2019assistance technique pendant toute la dur\u00e9e de l\u2019Abonnement ;<\/li>\n\n\n\n<li>\u2713 la mise en service et la formation \u00e0 l\u2019utilisation du Casque et du Logiciel<\/li>\n<\/ul>\n\n\n\n<p class=\"has-noir-color has-text-color has-link-color has-inter-font-family has-l-text-font-size wp-elements-63837c06bb20835b6a7dda212b3d8893\">Le Client reconna\u00eet et accepte que les Services sont fournis ensemble. Le Client ne peut limiter l\u2019Abonnement \u00e0 l\u2019un des Services. <\/p>\n\n\n\n<p class=\"has-noir-color has-text-color has-link-color has-inter-font-family has-l-text-font-size wp-elements-58be7db33acb2728b6e8dc59fd6cd131\">Le Casque est un casque de r\u00e9alit\u00e9 virtuelle disposant des caract\u00e9ristiques suivantes :<\/p>\n\n\n\n<ul class=\"wp-block-list\">\n<li>\u2713 Casque PICO ;  <\/li>\n\n\n\n<li>\u2713 S\u00e9rie Neo 3 Pro Eye ;  <\/li>\n\n\n\n<li>\u2713 Mod\u00e8le A7H10  <\/li>\n\n\n\n<li>\u2713 Le Casque est associ\u00e9 \u00e0 deux manettes de contr\u00f4le : Mod\u00e8le C1710.<\/li>\n<\/ul>\n\n\n\n<p class=\"has-noir-color has-text-color has-link-color has-inter-font-family has-l-text-font-size wp-elements-ef38f95744d32f6cb208cb3896fe3d47\">EYESOFT se r\u00e9serve le droit de faire \u00e9voluer les caract\u00e9ristiques du Casque afin d\u2019am\u00e9liorer la qualit\u00e9 du Service ou de son dispositif.<\/p>\n\n\n\n<p class=\"has-noir-color has-text-color has-link-color has-inter-font-family has-l-text-font-size wp-elements-343b13c32189af8f09f78f0903f728c4\">Conform\u00e9ment aux conditions d\u2019utilisation du Casque, ce dernier dispose d\u2019un \u00ab mode de protection des yeux \u00bb, certifi\u00e9 par TUV Rheinland (Allemagne), qui peut prot\u00e9ger les yeux en r\u00e9duisant la lumi\u00e8re bleue dans les trois canaux de couleur \u00e0 l\u2019aide d\u2019algorithmes logiciels. L\u2019\u00e9cran du Casque appara\u00eet jaun\u00e2tre dans ce mode et les Clients peuvent activer\/d\u00e9sactiver cette fonctionnalit\u00e9 dans \u00ab\nParam\u00e8tres \u00bb &gt; \u00ab Luminosit\u00e9 \u00bb &gt; \u00ab Mode Protection des yeux \u00bb.<\/p>\n\n\n\n<p class=\"has-noir-color has-text-color has-link-color has-inter-font-family has-l-text-font-size wp-elements-4b913d930bf2bcd8ddc586cded1f5d6a\">L\u2019Opticien s\u2019engage \u00e0 respecter les conditions d\u2019utilisation pr\u00e9vues par EYESOFT. Tout m\u00e9susage pourrait entra\u00eener l\u2019annulation de la garantie.<\/p>\n<\/div>\n\n<div style=\"height:10px\" aria-hidden=\"true\" class=\"wp-block-spacer\"><\/div>\n","protected":false},"excerpt":{"rendered":"<p>Conditions g\u00e9n\u00e9rales de vente CGV EMAA Mise \u00e0 jour le 12.06.2025 I. Stipulations G\u00e9n\u00e9rales 1. Objet Les pr\u00e9sentes conditions g\u00e9n\u00e9rales de vente (ci\u2013apr\u00e8s, \u00ab CGV \u00bb) ont pour objet de r\u00e9gir la fourniture par la soci\u00e9t\u00e9 EYESOFT de services comprenant la vente ou la location d\u2019un casque de r\u00e9alit\u00e9 virtuelle, la vente d\u2019accessoires, l\u2019installation et [&hellip;]<\/p>\n","protected":false},"author":4,"featured_media":0,"parent":0,"menu_order":1,"comment_status":"closed","ping_status":"closed","template":"","meta":{"_acf_changed":false,"content-type":"","footnotes":""},"class_list":["post-4684","page","type-page","status-publish","hentry"],"acf":[],"yoast_head":"<!-- This site is optimized with the Yoast SEO plugin v27.5 - https:\/\/yoast.com\/product\/yoast-seo-wordpress\/ -->\n<title>General terms and conditions of sales - Eyesoft<\/title>\n<meta name=\"robots\" content=\"index, follow, max-snippet:-1, max-image-preview:large, max-video-preview:-1\" \/>\n<link rel=\"canonical\" href=\"https:\/\/www.eyesoft.fr\/en\/general-terms-and-conditions-of-sales-2\/\" \/>\n<meta property=\"og:locale\" content=\"en_US\" \/>\n<meta property=\"og:type\" content=\"article\" \/>\n<meta property=\"og:title\" content=\"General terms and conditions of sales - Eyesoft\" \/>\n<meta property=\"og:description\" content=\"Conditions g\u00e9n\u00e9rales de vente CGV EMAA Mise \u00e0 jour le 12.06.2025 I. Stipulations G\u00e9n\u00e9rales 1. Objet Les pr\u00e9sentes conditions g\u00e9n\u00e9rales de vente (ci\u2013apr\u00e8s, \u00ab CGV \u00bb) ont pour objet de r\u00e9gir la fourniture par la soci\u00e9t\u00e9 EYESOFT de services comprenant la vente ou la location d\u2019un casque de r\u00e9alit\u00e9 virtuelle, la vente d\u2019accessoires, l\u2019installation et [&hellip;]\" \/>\n<meta property=\"og:url\" content=\"https:\/\/www.eyesoft.fr\/en\/general-terms-and-conditions-of-sales-2\/\" \/>\n<meta property=\"og:site_name\" content=\"Eyesoft\" \/>\n<meta name=\"twitter:card\" content=\"summary_large_image\" \/>\n<meta name=\"twitter:label1\" content=\"Est. reading time\" \/>\n\t<meta name=\"twitter:data1\" content=\"77 minutes\" \/>\n<script type=\"application\/ld+json\" class=\"yoast-schema-graph\">{\"@context\":\"https:\\\/\\\/schema.org\",\"@graph\":[{\"@type\":\"WebPage\",\"@id\":\"https:\\\/\\\/www.eyesoft.fr\\\/en\\\/general-terms-and-conditions-of-sales-2\\\/\",\"url\":\"https:\\\/\\\/www.eyesoft.fr\\\/en\\\/general-terms-and-conditions-of-sales-2\\\/\",\"name\":\"General terms and conditions of sales - Eyesoft\",\"isPartOf\":{\"@id\":\"https:\\\/\\\/www.eyesoft.fr\\\/en\\\/#website\"},\"datePublished\":\"2026-03-27T10:50:55+00:00\",\"breadcrumb\":{\"@id\":\"https:\\\/\\\/www.eyesoft.fr\\\/en\\\/general-terms-and-conditions-of-sales-2\\\/#breadcrumb\"},\"inLanguage\":\"en-US\",\"potentialAction\":[{\"@type\":\"ReadAction\",\"target\":[\"https:\\\/\\\/www.eyesoft.fr\\\/en\\\/general-terms-and-conditions-of-sales-2\\\/\"]}]},{\"@type\":\"BreadcrumbList\",\"@id\":\"https:\\\/\\\/www.eyesoft.fr\\\/en\\\/general-terms-and-conditions-of-sales-2\\\/#breadcrumb\",\"itemListElement\":[{\"@type\":\"ListItem\",\"position\":1,\"name\":\"Accueil\",\"item\":\"https:\\\/\\\/www.eyesoft.fr\\\/en\\\/\"},{\"@type\":\"ListItem\",\"position\":2,\"name\":\"General terms and conditions of sales\"}]},{\"@type\":\"WebSite\",\"@id\":\"https:\\\/\\\/www.eyesoft.fr\\\/en\\\/#website\",\"url\":\"https:\\\/\\\/www.eyesoft.fr\\\/en\\\/\",\"name\":\"Eyesoft\",\"description\":\"\",\"potentialAction\":[{\"@type\":\"SearchAction\",\"target\":{\"@type\":\"EntryPoint\",\"urlTemplate\":\"https:\\\/\\\/www.eyesoft.fr\\\/en\\\/?s={search_term_string}\"},\"query-input\":{\"@type\":\"PropertyValueSpecification\",\"valueRequired\":true,\"valueName\":\"search_term_string\"}}],\"inLanguage\":\"en-US\"}]}<\/script>\n<!-- \/ Yoast SEO plugin. -->","yoast_head_json":{"title":"General terms and conditions of sales - Eyesoft","robots":{"index":"index","follow":"follow","max-snippet":"max-snippet:-1","max-image-preview":"max-image-preview:large","max-video-preview":"max-video-preview:-1"},"canonical":"https:\/\/www.eyesoft.fr\/en\/general-terms-and-conditions-of-sales-2\/","og_locale":"en_US","og_type":"article","og_title":"General terms and conditions of sales - Eyesoft","og_description":"Conditions g\u00e9n\u00e9rales de vente CGV EMAA Mise \u00e0 jour le 12.06.2025 I. Stipulations G\u00e9n\u00e9rales 1. Objet Les pr\u00e9sentes conditions g\u00e9n\u00e9rales de vente (ci\u2013apr\u00e8s, \u00ab CGV \u00bb) ont pour objet de r\u00e9gir la fourniture par la soci\u00e9t\u00e9 EYESOFT de services comprenant la vente ou la location d\u2019un casque de r\u00e9alit\u00e9 virtuelle, la vente d\u2019accessoires, l\u2019installation et [&hellip;]","og_url":"https:\/\/www.eyesoft.fr\/en\/general-terms-and-conditions-of-sales-2\/","og_site_name":"Eyesoft","twitter_card":"summary_large_image","twitter_misc":{"Est. reading time":"77 minutes"},"schema":{"@context":"https:\/\/schema.org","@graph":[{"@type":"WebPage","@id":"https:\/\/www.eyesoft.fr\/en\/general-terms-and-conditions-of-sales-2\/","url":"https:\/\/www.eyesoft.fr\/en\/general-terms-and-conditions-of-sales-2\/","name":"General terms and conditions of sales - Eyesoft","isPartOf":{"@id":"https:\/\/www.eyesoft.fr\/en\/#website"},"datePublished":"2026-03-27T10:50:55+00:00","breadcrumb":{"@id":"https:\/\/www.eyesoft.fr\/en\/general-terms-and-conditions-of-sales-2\/#breadcrumb"},"inLanguage":"en-US","potentialAction":[{"@type":"ReadAction","target":["https:\/\/www.eyesoft.fr\/en\/general-terms-and-conditions-of-sales-2\/"]}]},{"@type":"BreadcrumbList","@id":"https:\/\/www.eyesoft.fr\/en\/general-terms-and-conditions-of-sales-2\/#breadcrumb","itemListElement":[{"@type":"ListItem","position":1,"name":"Accueil","item":"https:\/\/www.eyesoft.fr\/en\/"},{"@type":"ListItem","position":2,"name":"General terms and conditions of sales"}]},{"@type":"WebSite","@id":"https:\/\/www.eyesoft.fr\/en\/#website","url":"https:\/\/www.eyesoft.fr\/en\/","name":"Eyesoft","description":"","potentialAction":[{"@type":"SearchAction","target":{"@type":"EntryPoint","urlTemplate":"https:\/\/www.eyesoft.fr\/en\/?s={search_term_string}"},"query-input":{"@type":"PropertyValueSpecification","valueRequired":true,"valueName":"search_term_string"}}],"inLanguage":"en-US"}]}},"_links":{"self":[{"href":"https:\/\/www.eyesoft.fr\/en\/wp-json\/wp\/v2\/pages\/4684","targetHints":{"allow":["GET"]}}],"collection":[{"href":"https:\/\/www.eyesoft.fr\/en\/wp-json\/wp\/v2\/pages"}],"about":[{"href":"https:\/\/www.eyesoft.fr\/en\/wp-json\/wp\/v2\/types\/page"}],"author":[{"embeddable":true,"href":"https:\/\/www.eyesoft.fr\/en\/wp-json\/wp\/v2\/users\/4"}],"replies":[{"embeddable":true,"href":"https:\/\/www.eyesoft.fr\/en\/wp-json\/wp\/v2\/comments?post=4684"}],"version-history":[{"count":1,"href":"https:\/\/www.eyesoft.fr\/en\/wp-json\/wp\/v2\/pages\/4684\/revisions"}],"predecessor-version":[{"id":4690,"href":"https:\/\/www.eyesoft.fr\/en\/wp-json\/wp\/v2\/pages\/4684\/revisions\/4690"}],"wp:attachment":[{"href":"https:\/\/www.eyesoft.fr\/en\/wp-json\/wp\/v2\/media?parent=4684"}],"curies":[{"name":"wp","href":"https:\/\/api.w.org\/{rel}","templated":true}]}}