{"id":3959,"date":"2024-10-25T07:57:05","date_gmt":"2024-10-25T07:57:05","guid":{"rendered":"https:\/\/www.eyesoft.fr\/etudes-cliniques\/2024-telesoin-orthoptique-en-france-cadre-legal-revue-de-la-litterature-et-indications\/"},"modified":"2025-08-27T07:57:35","modified_gmt":"2025-08-27T07:57:35","slug":"2024-telesoin-orthoptique-en-france-cadre-legal-revue-de-la-litterature-et-indications","status":"publish","type":"etudes-cliniques","link":"https:\/\/www.eyesoft.fr\/en\/etudes-cliniques\/2024-telesoin-orthoptique-en-france-cadre-legal-revue-de-la-litterature-et-indications\/","title":{"rendered":"2024 | Orthoptic telecare in France: legal framework, literature review and indications"},"content":{"rendered":"\n<div id=\"block_800a673807f4d563323c4a37a815bec0\" class=\"spacer-block   \" style=\"height: 7vh;\"><\/div>\n\n\n<div class=\"wp-block-group is-style-container-medium is-layout-constrained wp-block-group-is-layout-constrained\">\n<div class=\"wp-block-group hide-on-tablet hide-on-mobile is-layout-constrained wp-block-group-is-layout-constrained\">\n<div class=\"wp-block-columns is-layout-flex wp-container-core-columns-is-layout-28f84493 wp-block-columns-is-layout-flex\">\n<div class=\"wp-block-column is-layout-flow wp-block-column-is-layout-flow\" style=\"flex-basis:66.66%\">\n<p class=\"has-vert-color has-text-color has-link-color wp-elements-114b464a754c8e988108790e0b7cb500\">* Revue francophone d\u2019orthoptie 2024<\/p>\n\n\n\n<p class=\"has-inter-font-family has-m-title-font-size\" style=\"font-style:normal;font-weight:500\">T\u00e9l\u00e9soin orthoptique en France : cadre l\u00e9gal, revue de la litt\u00e9rature et indications<\/p>\n<\/div>\n\n\n\n<div class=\"wp-block-column is-vertically-aligned-bottom is-layout-flow wp-block-column-is-layout-flow\" style=\"flex-basis:33.33%\">\n<div class=\"wp-block-buttons is-content-justification-right is-layout-flex wp-container-core-buttons-is-layout-d445cf74 wp-block-buttons-is-layout-flex\">\n<div class=\"wp-block-button is-style-arrow-link-black\"><a class=\"wp-block-button__link wp-element-button\" href=\"https:\/\/www.eyesoft.fr\/wp-content\/uploads\/2024-Telesoin-orthoptique-en-France-_-cadre-legal-revue-de-la-litterature-et-indications.pdf\" target=\"_blank\" rel=\"noreferrer noopener\">Download<\/a><\/div>\n<\/div>\n<\/div>\n<\/div>\n\n\n\n<div style=\"height:10px\" aria-hidden=\"true\" class=\"wp-block-spacer\"><\/div>\n\n\n\n<p class=\"has-inter-font-family has-xs-title-font-size\" style=\"font-style:normal;font-weight:500\"><em>Orthoptic telecare in France: legal framework, literature review and indications<\/em><\/p>\n<\/div>\n\n\n\n<div class=\"wp-block-group hide-on-desktop is-layout-constrained wp-block-group-is-layout-constrained\">\n<p class=\"has-vert-color has-text-color has-link-color wp-elements-114b464a754c8e988108790e0b7cb500\">* Revue francophone d\u2019orthoptie 2024<\/p>\n\n\n\n<p class=\"has-inter-font-family has-m-title-font-size\" style=\"font-style:normal;font-weight:500\">T\u00e9l\u00e9soin orthoptique en France : cadre l\u00e9gal, revue de la litt\u00e9rature et indications<\/p>\n\n\n\n<p class=\"has-inter-font-family has-xs-title-font-size\" style=\"font-style:normal;font-weight:500\"><em>Orthoptic telecare in France: legal framework, literature review and indications<\/em><\/p>\n\n\n\n<div class=\"wp-block-buttons is-content-justification-left is-layout-flex wp-container-core-buttons-is-layout-fc4fd283 wp-block-buttons-is-layout-flex\">\n<div class=\"wp-block-button is-style-arrow-link-black\"><a class=\"wp-block-button__link wp-element-button\" href=\"https:\/\/www.eyesoft.fr\/wp-content\/uploads\/2024-Telesoin-orthoptique-en-France-_-cadre-legal-revue-de-la-litterature-et-indications.pdf\" target=\"_blank\" rel=\"noreferrer noopener\">Download<\/a><\/div>\n<\/div>\n<\/div>\n\n\n\n<div style=\"height:10px\" aria-hidden=\"true\" class=\"wp-block-spacer\"><\/div>\n\n\n\n<div class=\"wp-block-group is-layout-constrained wp-block-group-is-layout-constrained\">\n<p class=\"has-vert-color has-text-color has-link-color has-xl-text-font-size wp-elements-07bba43d3da55f88ffbae1191b370c2d\" style=\"font-style:normal;font-weight:500;text-transform:uppercase\">Auteur<\/p>\n\n\n\n<p class=\"has-inter-font-family has-s-text-font-size\">Pierre Fantou (Orthoptiste, Conseiller scientifique et clinique en recherche et d\u00e9veloppement chez Eyesoft SAS). 292, route de Toulouse, 33130 B\u00e8gles, France.<\/p>\n<\/div>\n\n\n\n<div style=\"height:5px\" aria-hidden=\"true\" class=\"wp-block-spacer\"><\/div>\n\n\n\n<div class=\"wp-block-group is-layout-constrained wp-block-group-is-layout-constrained\">\n<p class=\"has-vert-color has-text-color has-link-color has-xl-text-font-size wp-elements-fb8bd1b9fc4d05ab9497525eb6db6c16\" style=\"font-style:normal;font-weight:500;text-transform:uppercase\">R\u00e9sum\u00e9<\/p>\n\n\n\n<p class=\"has-inter-font-family has-s-text-font-size\">Cet article a pour objectif de rappeler et d&#8217;expliquer le cadre l\u00e9gal d&#8217;exercice du t\u00e9l\u00e9soin orthoptique. Dans un second temps, une rapide revue de la litt\u00e9rature scientifique internationale permettra de dresser un panorama des diff\u00e9rents usages exp\u00e9riment\u00e9s. Puis, diff\u00e9rentes indications du t\u00e9l\u00e9soin orthoptique seront \u00e9voqu\u00e9es. Enfin, des pistes de r\u00e9flexions concernant une meilleure utilisation du t\u00e9l\u00e9soin dans la pratique orthoptique fran\u00e7aise sont ensuite expos\u00e9es et les freins \u00e0 son d\u00e9veloppement discut\u00e9s.<\/p>\n\n\n\n<p class=\"has-inter-font-family has-s-text-font-size\">\u00a9 2024 Elsevier Masson SAS. Tous droits r\u00e9serv\u00e9s.<\/p>\n<\/div>\n\n\n\n<div style=\"height:5px\" aria-hidden=\"true\" class=\"wp-block-spacer\"><\/div>\n\n\n\n<div class=\"wp-block-group is-layout-constrained wp-block-group-is-layout-constrained\">\n<p class=\"has-vert-color has-text-color has-link-color has-xl-text-font-size wp-elements-6711a7ee015870d6d3deec199e5d3c74\" style=\"font-style:normal;font-weight:500;text-transform:uppercase\">SUMMARY<\/p>\n\n\n\n<p class=\"has-inter-font-family has-s-text-font-size\"><em><br>This article aims to recall and explain the legal framework for practicing orthoptics telecare. Secondly, a quick review of the international scientific literature will provide an overview of the different uses experienced. Then, different indications for orthoptic telecare will be discussed. Finally, avenues for reflection concerning better use of telecare in French orthoptic practice are then presented and the obstacles to its development discussed.<\/em><\/p>\n\n\n\n<p class=\"has-inter-font-family has-s-text-font-size\"><em>\u00a9 2024 Elsevier Masson SAS. All rights reserved.&nbsp;<\/em><\/p>\n<\/div>\n\n\n\n<div style=\"height:5px\" aria-hidden=\"true\" class=\"wp-block-spacer\"><\/div>\n\n\n\n<div class=\"wp-block-group is-layout-constrained wp-block-group-is-layout-constrained\">\n<p class=\"has-vert-color has-text-color has-link-color has-xl-text-font-size wp-elements-690c139a8fa6fb5c39fd5a92a19a1eff\" style=\"font-style:normal;font-weight:500;text-transform:uppercase\">introduction<\/p>\n\n\n\n<p class=\"has-inter-font-family has-s-text-font-size\">La derni\u00e8re d\u00e9cennie a \u00e9t\u00e9 marqu\u00e9e par des \u00e9volutions r\u00e9glementaires majeures pour l&#8217;orthoptie et elle n&#8217;est notamment pas en reste dans le domaine de la t\u00e9l\u00e9m\u00e9decine : d\u00e9pis-tage de la r\u00e9tinopathie diab\u00e9tique, RNO, RNM, t\u00e9l\u00e9expertise&#8230; La publication le 3 juin 2021 du d\u00e9cret no 2021-707 [1] a remplac\u00e9 le terme \u00ab t\u00e9l\u00e9m\u00e9decine \u00bb par celui de \u00ab t\u00e9l\u00e9-sant\u00e9 \u00bb dans le Code de la Sant\u00e9 Publique [2]. Il permet d&#8217;ouvrir le champ de la t\u00e9l\u00e9m\u00e9decine, qui impliquait jusqu&#8217;alors n\u00e9cessairement un professionnel m\u00e9dical, \u00e0 l&#8217;ensemble des professionnels de sant\u00e9, en incluant donc les professions param\u00e9dicales. Le t\u00e9l\u00e9soin est d\u00e9fini par l&#8217;article L. 6316-2 du CSP [2] comme : \u00ab une forme de pratique de soins \u00e0 distance utilisant les technologies de l&#8217;information et de la communication [qui] met en rapport un patient avec un ou plu-sieurs pharmaciens ou auxiliaires m\u00e9dicaux \u00bb. Pour les orthoptistes, il a d&#8217;abord \u00e9t\u00e9 autoris\u00e9 de mani\u00e8re d\u00e9rogatoire dans le cadre de la pand\u00e9mie de Covid 19 en 2020 [3] puis a b\u00e9n\u00e9fici\u00e9 de deux prolongations [4,5] avant d&#8217;entrer dans le droit commun suite \u00e0 l&#8217;arr\u00eat\u00e9 du 3 juin 2021 [6].&nbsp;<\/p>\n<\/div>\n\n\n\n<div style=\"height:5px\" aria-hidden=\"true\" class=\"wp-block-spacer\"><\/div>\n\n\n\n<div class=\"wp-block-group is-layout-constrained wp-block-group-is-layout-constrained\">\n<p class=\"has-vert-color has-text-color has-link-color has-xl-text-font-size wp-elements-d09012aa18fa76b4b9ced5efa434b6ea\" style=\"font-style:normal;font-weight:500;text-transform:uppercase\">CADRE L\u00c9GAL ET RECOMMANDATIONS DE BONNES PRATIQUES LORS DU RECOURS AU T\u00c9L\u00c9SOIN<\/p>\n\n\n\n<p class=\"has-inter-font-family has-s-text-font-size\">Les conditions de mise en pratique du t\u00e9l\u00e9soin sont d\u00e9crites dans les articles R. 6316-2 \u00e0 6 [7] pour le cas g\u00e9n\u00e9ral et a fait l&#8217;objet de&nbsp;<br>recommandations de la part de la Haute Autorit\u00e9 de Sant\u00e9 (HAS) [8]. De fa\u00e7on synth\u00e9tique :<\/p>\n\n\n\n<p class=\"has-inter-font-family has-s-text-font-size\">\u30fble professionnel de sant\u00e9 juge de la pertinence du recours au t\u00e9l\u00e9soin et doit \u00eatre identifi\u00e9 lors de cet acte tout comme le patient ;<\/p>\n\n\n\n<p class=\"has-inter-font-family has-s-text-font-size\">\u30fbchaque acte de t\u00e9l\u00e9soin doit donner lieu \u00e0 l&#8217;inscription d&#8217;un compte rendu de s\u00e9ance dans le dossier du patient qui contient la date, l&#8217;heure et la nature des soins effectu\u00e9s ;<\/p>\n\n\n\n<p class=\"has-inter-font-family has-s-text-font-size\">\u30fble professionnel de sant\u00e9 doit \u00eatre form\u00e9 \u00e0 l&#8217;utilisation de l&#8217;outil et ce dernier doit \u00eatre conforme aux attendus en termes d&#8217;interop\u00e9rabilit\u00e9 et de s\u00e9curit\u00e9 (respect du RGPD, stockage sur un HDS. . .). Le professionnel de sant\u00e9 doit s&#8217;authentifier avec des identifiants qui lui sont propres.<\/p>\n\n\n\n<p class=\"has-inter-font-family has-s-text-font-size\">Pour le cas particulier des orthoptistes c&#8217;est l&#8217;article 1er de l&#8217;Avenant 14 du 28 octobre 2021 [9] qui r\u00e8gle les conditions de recours au t\u00e9l\u00e9soin orthoptique et les pr\u00e9cise. Il permet de d\u00e9crire les notions importantes \u00e0 respecter lors de celui-ci :<\/p>\n\n\n\n<p class=\"has-inter-font-family has-s-text-font-size\">\u30fble recours au t\u00e9l\u00e9soin rel\u00e8ve d&#8217;une d\u00e9cision partag\u00e9e et peut concerner l&#8217;ensemble des patients pr\u00e9alablement connus par l&#8217;orthoptiste cependant les actes de bilans ne peuvent pas \u00eatre r\u00e9alis\u00e9s par ce biais ;<\/p>\n\n\n\n<p class=\"has-inter-font-family has-s-text-font-size\">\u30fbl&#8217;orthoptiste ne peut exercer une activit\u00e9 exclusive de t\u00e9l\u00e9soin (les actes de t\u00e9l\u00e9soin ne doivent pas d\u00e9passer 20 % de l&#8217;activit\u00e9 globale annuelle), doit respecter le principe de territorialit\u00e9 (le recours \u00e0 des soins en pr\u00e9sentiel doit \u00eatre possible) et \u00eatre en mesure de proposer une alternative au t\u00e9l\u00e9soin qui soit adapt\u00e9e au patient (soin \u00e0 domicile, prescription m\u00e9dicale de transport. . .) ;<\/p>\n\n\n\n<p class=\"has-inter-font-family has-s-text-font-size\">\u30fble t\u00e9l\u00e9soin est obligatoirement r\u00e9alis\u00e9 en vid\u00e9otransmis-sion dans un lieu qui permet le respect de la confidentia-lit\u00e9 (aussi bien pour le patient que pour l&#8217;orthoptiste) et des conditions adapt\u00e9es au soin. Le rapport de l&#8217;HAS pr\u00e9cise que l&#8217;utilisation du t\u00e9l\u00e9phone ne doit se faire qu&#8217;en dernier recours (patient malvoyant, en zone blanche. . .) ;<\/p>\n\n\n\n<p class=\"has-inter-font-family has-s-text-font-size\">\u30fbles actes de t\u00e9l\u00e9soin orthoptique sont cot\u00e9s de la m\u00eame fa\u00e7on que les actes classiques \u00e0 l&#8217;aide des lettres cl\u00e9s TMY. La pr\u00e9sence d&#8217;un accompagnant dans le cas des patients mineurs est n\u00e9cessaire (personne d\u00e9positaire de l&#8217;autorit\u00e9 parentale ou majeur autoris\u00e9) et recommand\u00e9e dans le cas de patients en situation de handicap (pr\u00e9sence d&#8217;un aidant), non-francophone (pr\u00e9sence d&#8217;un interpr\u00e8te&#8230;<\/p>\n\n\n\n<p class=\"has-inter-font-family has-s-text-font-size\">A cela, on peut plus sp\u00e9cifiquement ajouter quelques recom-mandations propres aux outils de r\u00e9\u00e9ducation utilis\u00e9s dans le cadre du t\u00e9l\u00e9soin. Id\u00e9alement, ces outils doivent permettre :<\/p>\n\n\n\n<p class=\"has-inter-font-family has-s-text-font-size\">\u30fbde contr\u00f4ler l&#8217;exposition en restreignant l&#8217;acc\u00e8s de l&#8217;outil aux activit\u00e9s de t\u00e9l\u00e9soin ;<\/p>\n\n\n\n<p class=\"has-inter-font-family has-s-text-font-size\">\u30fbde contr\u00f4ler le contenu propos\u00e9 au patient afin de l&#8217;adapter au contexte de la prise en charge ; de suivre et tracer l&#8217;\u00e9volution en documentant dans le dossier patient ses performances lors des s\u00e9ances ;<\/p>\n\n\n\n<p class=\"has-inter-font-family has-s-text-font-size\">\u30fbdes interactions en permettant par exemple d&#8217;adapter en temps r\u00e9el la nature et les difficult\u00e9s des exercices au niveau du patient.&nbsp;<\/p>\n<\/div>\n\n\n\n<div style=\"height:5px\" aria-hidden=\"true\" class=\"wp-block-spacer\"><\/div>\n\n\n\n<div class=\"wp-block-group is-layout-constrained wp-block-group-is-layout-constrained\">\n<p class=\"has-vert-color has-text-color has-link-color has-xl-text-font-size wp-elements-651ea688f990fec30ebb18ce77c4f78f\" style=\"font-style:normal;font-weight:500;text-transform:uppercase\">LE T\u00c9L\u00c9SOIN ORTHOPTIQUE DANS LA LITT\u00c9RATURE SCIENTIFIQUE<\/p>\n\n\n\n<p class=\"has-inter-font-family has-s-text-font-size\"><br>La litt\u00e9rature scientifique concernant le t\u00e9l\u00e9soin orthoptique est peu abondante et ne contient aucune r\u00e9f\u00e9rence \u00e0 la prise en charge des troubles de la vision binoculaire, de l&#8217;amblyopie ou des troubles sp\u00e9cifiques des apprentissages. Aucune&nbsp;publication fran\u00e7aise n&#8217;a \u00e9t\u00e9 retrouv\u00e9e sur PubMed. Une fois exclus les articles concernant la prescription d&#8217;une correction optique ou la surveillance d&#8217;une pathologie ophtalmologique, les articles \u00e9tudiant le t\u00e9l\u00e9soin concernent majoritairement la prise en charge des patients d\u00e9ficients visuels [10\u201315] et conclut \u00e0 une utilisation de cette pratique particuli\u00e8rement chez des sujets jeunes ou d&#8217;\u00e2ge moyen, avec pour objectif l&#8217;apprentissage de l&#8217;utilisation des dispositifs grossis-sants et ce avec une efficacit\u00e9 similaire \u00e0 la prise en charge en cabinet.&nbsp;<\/p>\n<\/div>\n\n\n\n<div style=\"height:5px\" aria-hidden=\"true\" class=\"wp-block-spacer\"><\/div>\n\n\n\n<div class=\"wp-block-group is-layout-constrained wp-block-group-is-layout-constrained\">\n<p class=\"has-vert-color has-text-color has-link-color has-inter-font-family has-xl-text-font-size wp-elements-0ea6454f1026dc41dd73e2af613f6775\" style=\"font-style:normal;font-weight:500;text-transform:uppercase\">INDICATIONS ET CONTRE-INDICATIONS DU T\u00c9L\u00c9SOIN ORTHOPTIQUE<\/p>\n\n\n\n<p class=\"has-link-color has-inter-font-family has-s-text-font-size wp-elements-6a5fc4cff05773ef250a919936353b6a\" style=\"text-transform:none\"><br>Les r\u00e9sultats tir\u00e9s de la litt\u00e9rature et les premiers retours d&#8217;exp\u00e9rience de t\u00e9l\u00e9soin dans d&#8217;autres disciplines param\u00e9di-cales permettent de d\u00e9finir des contextes dans lesquels le recours \u00e0 celui-ci est une indication particuli\u00e8rement adapt\u00e9e.<\/p>\n\n\n\n<p class=\"has-link-color has-inter-font-family has-s-text-font-size wp-elements-18c7d57cad307b1bae2564d0657b8d8c\" style=\"text-transform:none\">\u30fbC&#8217;est le cas dans les situations d&#8217;\u00e9loignement\/isolement g\u00e9ographique, la distance entre le cabinet et le domicile du patient est une condition favorisant le recours au t\u00e9l\u00e9soin. Toutefois, m\u00eame pour des distances courtes l&#8217;isolement g\u00e9ographique li\u00e9 \u00e0 l&#8217;absence de transports en commun et\/ou \u00e0 l&#8217;incapacit\u00e9 d&#8217;utiliser un v\u00e9hicule personnel doivent aussi \u00eatre consid\u00e9r\u00e9s comme des conditions pouvant ame-ner \u00e0 proposer le t\u00e9l\u00e9soin.<\/p>\n\n\n\n<p class=\"has-link-color has-inter-font-family has-s-text-font-size wp-elements-45e2dc3d194546794704d142235d0e19\" style=\"text-transform:none\">\u30fbUne autre indication exemplaire concerne les patients pr\u00e9-sentant une mobilit\u00e9 r\u00e9duite et\/ou dans un contexte d&#8217;iso-lement social. Dans ces cas, le transport peut \u00eatre pris en charge par la s\u00e9curit\u00e9 sociale via une prescription m\u00e9dicale de transport. Cependant, cela engendre un co\u00fbt cons\u00e9quent pour la s\u00e9curit\u00e9 sociale, en 2022 les d\u00e9penses des trans-ports sanitaires s&#8217;\u00e9levaient \u00e0 6 milliards d&#8217;euros [16]. Le recours au t\u00e9l\u00e9soin pourrait permettre de r\u00e9duire les co\u00fbts du transport sanitaire en France.<\/p>\n\n\n\n<p class=\"has-link-color has-inter-font-family has-s-text-font-size wp-elements-03b140ef9119fd30b323705ebead983c\" style=\"text-transform:none\">\u30fbOn peut \u00e9galement citer le cas des patients qui ne rencon-trent pas de difficult\u00e9s de d\u00e9placement mais qui, du fait de leurs horaires professionnels, peuvent \u00eatre amen\u00e9s \u00e0 ne pas effectuer une r\u00e9\u00e9ducation.<\/p>\n\n\n\n<p class=\"has-link-color has-inter-font-family has-s-text-font-size wp-elements-8d39b019dfefcbe3cb9bd1e7a12c6567\" style=\"text-transform:none\">Certaines situations paraissent moins propices au recours au t\u00e9l\u00e9soin orthoptique.<\/p>\n\n\n\n<p class=\"has-link-color has-inter-font-family has-s-text-font-size wp-elements-2921f25d99fc828146e340c73306bd77\" style=\"text-transform:none\">\u30fbC&#8217;est par exemple le cas du suivi d&#8217;amblyopie, rien ne s&#8217;oppose a priori \u00e0 ce qu&#8217;il soit r\u00e9alis\u00e9 de cette fa\u00e7on, tou-tefois le fait qu&#8217;il concerne des enfants et qu&#8217;il n\u00e9cessite la mesure de l&#8217;acuit\u00e9 visuelle rend sa mise en oeuvre complexe et ne permet pas de garantir la qualit\u00e9 du soin.<\/p>\n\n\n\n<p class=\"has-link-color has-inter-font-family has-s-text-font-size wp-elements-2b1005cc912f16f244cde9b599a039b0\" style=\"text-transform:none\">\u30fbDe mani\u00e8re g\u00e9n\u00e9rale, en plus des bilans qu&#8217;il est interdit de r\u00e9aliser en t\u00e9l\u00e9soin on peut \u00e9galement ajouter la totalit\u00e9 des actes orthoptiques requ\u00e9rant une mesure (champ visuel, d\u00e9pistage, vision des couleurs, etc.).&nbsp;<\/p>\n<\/div>\n\n\n\n<div style=\"height:5px\" aria-hidden=\"true\" class=\"wp-block-spacer\"><\/div>\n\n\n\n<div class=\"wp-block-group is-layout-constrained wp-block-group-is-layout-constrained\">\n<p class=\"has-vert-color has-text-color has-link-color has-inter-font-family has-xl-text-font-size wp-elements-f8b6a942da9414f8d609471e843da2a1\" style=\"font-style:normal;font-weight:500;text-transform:uppercase\">LIMITES ET \u00c9CUEILS CONCERNANT LA PRATIQUE DU T\u00c9L\u00c9SOIN ORTHOPTIQUE<\/p>\n\n\n\n<p class=\"has-link-color has-inter-font-family has-s-text-font-size wp-elements-8b6f5f99fbdef2fe309ffbea43025fa6\" style=\"text-transform:none\">Tout logiciel de r\u00e9\u00e9ducation orthoptique destin\u00e9 \u00e0 une utilisa-tion en t\u00e9l\u00e9soin devrait \u00eatre un dispositif m\u00e9dical b\u00e9n\u00e9ficiant d&#8217;un marquage CE et ce afin d&#8217;assurer la qualit\u00e9 et la s\u00e9curit\u00e9 du soin. Il est \u00e9galement important de noter que le logiciel utilis\u00e9 pour la vid\u00e9otransmission doit r\u00e9pondre aux exigences du r\u00e9f\u00e9rentiel d&#8217;interop\u00e9rabilit\u00e9 et de s\u00e9curit\u00e9 des&nbsp;dispositifs m\u00e9dicaux num\u00e9riques, c&#8217;est le cas par exemple des logiciels propos\u00e9s par Doctolib, Maiia, Livi ou encore Qare.<\/p>\n\n\n\n<p class=\"has-link-color has-inter-font-family has-s-text-font-size wp-elements-80d02f1f81627556b0c8c6ff10669049\" style=\"text-transform:none\">Le rapport publi\u00e9 par le Conseil National de l&#8217;Ordre des M\u00e9decins (CNOM) sur le m\u00e9susage de la t\u00e9l\u00e9m\u00e9decine [17] pr\u00e9cise que le soin doit pouvoir \u00eatre r\u00e9alis\u00e9 dans les m\u00eames conditions d&#8217;exigence qu&#8217;un soin en pr\u00e9sentiel (bonnes conditions de communication et bonne compr\u00e9hension du patient). Le CNOM met \u00e9galement en garde sur l&#8217;exercice de la t\u00e9l\u00e9m\u00e9decine via des plateformes commerciales, plus particuli\u00e8rement celles qualifi\u00e9es d&#8217;offreurs de soins qui met-tent en relation un professionnel de sant\u00e9 et un patient. Ces plateformes proposent un mode de fonctionnement qui conduirait \u00e0 contrevenir aux bonnes pratiques de la t\u00e9l\u00e9-sant\u00e9 notamment aux principes l\u00e9gaux de connaissance pr\u00e9alable du patient, de territorialit\u00e9 et d&#8217;alternance entre soin en pr\u00e9sentiel et \u00e0 distance.<\/p>\n\n\n\n<p class=\"has-link-color has-inter-font-family has-s-text-font-size wp-elements-c247aaeb6f384fa249e91af053b8291e\" style=\"text-transform:none\">Bien que l&#8217;orthoptie ait \u00e9t\u00e9 pionni\u00e8re dans la t\u00e9l\u00e9sant\u00e9, le t\u00e9l\u00e9soin semble rencontrer des difficult\u00e9s \u00e0 s&#8217;inscrire dans la pratique courante. Un rapport de l&#8217;ARS Bretagne [18] d\u00e9nombre 0 TMY pour les ann\u00e9es 2020 et 2021 et seule-ment 13 TMY pour 2022 ce qui est paradoxal lorsque l&#8217;acte de t\u00e9l\u00e9sant\u00e9 param\u00e9dical le plus r\u00e9alis\u00e9 dans la r\u00e9gion est le RNM (41,1 % en 2022). Une explication qui pourrait \u00eatre propos\u00e9e \u00e0 ce d\u00e9samour du t\u00e9l\u00e9soin serait l&#8217;offre en termes de logiciels de r\u00e9\u00e9ducation adapt\u00e9s \u00e0 celui-ci qui reste encore limit\u00e9e et le mod\u00e8le m\u00e9dico-\u00e9conomique encore \u00e0 trouver.&nbsp;<\/p>\n<\/div>\n\n\n\n<div style=\"height:5px\" aria-hidden=\"true\" class=\"wp-block-spacer\"><\/div>\n\n\n\n<div class=\"wp-block-group is-layout-constrained wp-block-group-is-layout-constrained\">\n<p class=\"has-vert-color has-text-color has-link-color has-inter-font-family has-xl-text-font-size wp-elements-e859ddc6515019cb16ceaec66d6928e4\" style=\"font-style:normal;font-weight:500;text-transform:uppercase\">CONCLUSION<\/p>\n\n\n\n<p class=\"has-link-color has-inter-font-family has-s-text-font-size wp-elements-4a5eef9acb7b78a4db43b71e64f04ec8\" style=\"text-transform:none\"><br>En conclusion, le t\u00e9l\u00e9soin orthoptique fran\u00e7ais n&#8217;en est encore qu&#8217;\u00e0 ses balbutiements. Le cadre l\u00e9gal existe et les recommandations de bonnes pratiques ont \u00e9t\u00e9 \u00e9mises. Le r\u00e9seau internet devrait \u00eatre suffisamment d\u00e9velopp\u00e9 dans les prochaines ann\u00e9es pour assurer que les patients puissent acc\u00e9der au t\u00e9l\u00e9soin sur l&#8217;ensemble du territoire. L&#8217;\u00e9l\u00e9ment qui para\u00eet \u00eatre un frein \u00e0 la g\u00e9n\u00e9ralisation du t\u00e9l\u00e9soin semble \u00eatre le manque d&#8217;offres de logiciels orthoptiques qui permet-tent d&#8217;avoir recours \u00e0 celui-ci. Souhaitons que cette lacune soit vite combl\u00e9e afin que l&#8217;orthoptie puisse continuer \u00e0 \u00eatre un acteur majeur de la t\u00e9l\u00e9sant\u00e9 en France.<\/p>\n\n\n\n<p class=\"has-link-color has-inter-font-family has-s-text-font-size wp-elements-7cfd9c8dcea41fdfb6abb4aa27a7593c\" style=\"text-transform:none\"><strong>D\u00e9claration de liens d&#8217;int\u00e9r\u00eats<\/strong><\/p>\n\n\n\n<p class=\"has-link-color has-inter-font-family has-s-text-font-size wp-elements-944593bf8ea4ce8e78924e762a3eaeb2\" style=\"text-transform:none\">L&#8217;auteur d\u00e9clare ne pas avoir de liens d&#8217;int\u00e9r\u00eats.&nbsp;<\/p>\n<\/div>\n\n\n\n<div style=\"height:5px\" aria-hidden=\"true\" class=\"wp-block-spacer\"><\/div>\n\n\n\n<div class=\"wp-block-group is-layout-constrained wp-block-group-is-layout-constrained\">\n<p class=\"has-vert-color has-text-color has-link-color has-inter-font-family has-xl-text-font-size wp-elements-affd9e830eed4eb03167baf467639b97\" style=\"font-style:normal;font-weight:500;text-transform:uppercase\">R\u00c9F\u00c9RENCES<\/p>\n\n\n\n<p class=\"has-link-color has-inter-font-family has-s-text-font-size wp-elements-e7bec30c97128cc6113fa81ffa8b9183\" style=\"text-transform:none\">[1] D\u00e9cret no 2021-707 du 3 juin 2021 relatif \u00e0 la t\u00e9l\u00e9sant\u00e9. 2021- 707 juin 3, 2021.<\/p>\n\n\n\n<p class=\"has-link-color has-inter-font-family has-s-text-font-size wp-elements-e26ff642286bea7e8103cd7ec0b118b9\" style=\"text-transform:none\">[2] Chapitre VI : T\u00e9l\u00e9sant\u00e9 (Articles L. 6316-1 \u00e0 L. 6316-2) \u2013 L\u00e9gi-france [Internet]. [cit\u00e9 12 oct 2023]. Disponible sur : <a href=\"https:\/\/www.legifrance.gouv.fr\/codes\/section_lc\/LEGITEXT000006072665\/LEGISCTA000020891315\/#LEGISCTA000038887063\" target=\"_blank\" rel=\"noreferrer noopener\">https:\/\/www. legifrance.gouv.fr\/codes\/section_lc\/LEGITEXT000006072665\/ LEGISCTA000020891315\/#LEGISCTA000038887063.<\/a><\/p>\n\n\n\n<p class=\"has-link-color has-inter-font-family has-s-text-font-size wp-elements-a9077e7da5a3609aac7c88da44f8a353\" style=\"text-transform:none\">[3] D\u00e9cret no 2020-293 du 23 mars 2020 prescrivant les mesures g\u00e9n\u00e9rales n\u00e9cessaires pour faire face \u00e0 l&#8217;\u00e9pid\u00e9mie de Covid- 19 dans le cadre de l&#8217;\u00e9tat d&#8217;urgence sanitaire. 2020-293 mars 23, 2020.<\/p>\n\n\n\n<p class=\"has-link-color has-inter-font-family has-s-text-font-size wp-elements-09b2788c937a6a03f857c6028c35f147\" style=\"text-transform:none\">[4] Arr\u00eat\u00e9 du 10 juillet 2020 prescrivant les mesures g\u00e9n\u00e9rales n\u00e9cessaires pour faire face \u00e0 l&#8217;\u00e9pid\u00e9mie de Covid-19 dans les territoires sortis de l&#8217;\u00e9tat d&#8217;urgence sanitaire et dans ceux o\u00f9 il a \u00e9t\u00e9 prorog\u00e9 \u2013 L\u00e9gifrance [Internet]. [cit\u00e9 12 oct 2023]. Disponible sur : <a href=\"https:\/\/www.legifrance.gouv.fr\/loda\/id\/JORFTEXT000042106233\" target=\"_blank\" rel=\"noreferrer noopener\">https:\/\/www.legifrance.gouv.fr\/loda\/id\/ JORFTEXT000042106233<\/a>.<\/p>\n\n\n\n<p class=\"has-link-color has-inter-font-family has-s-text-font-size wp-elements-f4b7c1ca10e941d459148b2b1e6e6b1b\" style=\"text-transform:none\">[5] Arr\u00eat\u00e9 du 1er juin 2021 prescrivant les mesures g\u00e9n\u00e9rales n\u00e9ces-saires \u00e0 la gestion de la sortie de crise sanitaire.<\/p>\n\n\n\n<p class=\"has-link-color has-inter-font-family has-s-text-font-size wp-elements-2e76eadbdbcdb0f0a4f7009cc2a04bdf\" style=\"text-transform:none\">[6] Arr\u00eat\u00e9 du 3 juin 2021 d\u00e9finissant les activit\u00e9s de t\u00e9l\u00e9soin.<\/p>\n\n\n\n<p class=\"has-link-color has-inter-font-family has-s-text-font-size wp-elements-2020e9015ab09f0e8aa381f6fdff923f\" style=\"text-transform:none\">[7] Chapitre VI : T\u00e9l\u00e9sant\u00e9 (Articles R. 6316-1 \u00e0 R. 6316-6) \u2013 L\u00e9gi-france [Internet]. [cit\u00e9 23 juin 2023]. Disponible sur : <a href=\"https:\/\/www.legifrance.gouv.fr\/codes\/section_lc\/LEGITEXT000006072665\/LEGISCTA000022933195\/#LEGISCTA000043600563\" target=\"_blank\" rel=\"noreferrer noopener\">https:\/\/www. legifrance.gouv.fr\/codes\/section_lc\/LEGITEXT000006072665\/ LEGISCTA000022933195\/#LEGISCTA000043600563.<\/a><\/p>\n\n\n\n<p class=\"has-link-color has-inter-font-family has-s-text-font-size wp-elements-e97e5e8058de413ccad3d86201f169d2\" style=\"text-transform:none\">[8] Haute Autorit\u00e9 de Sant\u00e9 [Internet]. [cit\u00e9 23 juin 2023]. Qualit\u00e9 et s\u00e9curit\u00e9 du t\u00e9l\u00e9soin : crit\u00e8res d&#8217;\u00e9ligibilit\u00e9 et bonnes pratiques pour la mise en oeuvre. Disponible sur : <a href=\"https:\/\/www.has-sante.fr\/jcms\/p_3240878\/fr\/qualite-et-securite-du-telesoin-criteres-d-eligibilite-et-bonnes-pratiques-pour-la-mise-en-oeuvre\" target=\"_blank\" rel=\"noreferrer noopener\">https:\/\/www.has-sante.fr\/jcms\/ p_3240878\/fr\/qualite-et-securite-du-telesoin-criteres-d-eligibilite- et-bonnes-pratiques-pour-la-mise-en-oeuvre.<\/a><\/p>\n\n\n\n<p class=\"has-link-color has-inter-font-family has-s-text-font-size wp-elements-62b05ff9ab32ee1579653410ef396b00\" style=\"text-transform:none\">[9] Avis du 28 octobre 2021 relatif \u00e0 l&#8217;avenant no 14 \u00e0 la convention nationale organisant les rapports entre les orthoptistes lib\u00e9raux et l&#8217;assurance maladie sign\u00e9e le 19 avril 1999.<\/p>\n\n\n\n<p class=\"has-link-color has-inter-font-family has-s-text-font-size wp-elements-48e3be0e4492d18f7a16d5b85e0cffb0\" style=\"text-transform:none\">[10] Bittner AK, Yoshinaga PD, Rittiphairoj T, Li T. Telerehabilitation for people with low vision. Cochrane Database Syst Rev [Internet] 2023 [Issue 1 Art. No.: CD011019, cit\u00e9 23 juin 2023. Disponible sur : <a href=\"https:\/\/www.cochranelibrary.com\/cdsr\/doi\/10.1002\/14651858.CD011019.pub4\/full\" target=\"_blank\" rel=\"noreferrer noopener\">https:\/\/www.cochranelibrary.com\/cdsr\/doi\/10.1002\/14651858.CD011019.pub4\/full].<\/a><\/p>\n\n\n\n<p class=\"has-link-color has-inter-font-family has-s-text-font-size wp-elements-c70caa47cbd5617f438d573e30dc63d1\" style=\"text-transform:none\">[11] <a href=\"https:\/\/journals.lww.com\/optvissci\/fulltext\/2021\/06000\/personalized_telerehabilitation_for_a_head_mounted.6.aspx\" target=\"_blank\" rel=\"noreferrer noopener\">Lorenzini MC, Wittich W. Personalized Telerehabilitation for a Head-mounted Low Vision Aid: A Randomized Feasibility Study. Optom Vis Sci 2021;98:570\u201381.<\/a><\/p>\n\n\n\n<p class=\"has-link-color has-inter-font-family has-s-text-font-size wp-elements-97f1afd4b15af46865d5430ea9c6d65d\" style=\"text-transform:none\">[12] <a href=\"https:\/\/journals.lww.com\/optvissci\/fulltext\/2021\/06000\/head_mounted_visual_assistive_technology_related.7.aspx\" target=\"_blank\" rel=\"noreferrer noopener\">Lorenzini MC, Wittich W. Head-mounted Visual Assistive Tech- nology-related Quality of Life Changes after Telerehabilitation. Optom Vis Sci 2021;98:582\u201391.<\/a><\/p>\n\n\n\n<p class=\"has-link-color has-inter-font-family has-s-text-font-size wp-elements-dae4cfbb5bc7d39eef8f21d9a0d6065c\" style=\"text-transform:none\">[13] <a href=\"https:\/\/journals.lww.com\/optvissci\/abstract\/2018\/09000\/feasibility_of_telerehabilitation_for_low_vision_.22.aspx\" target=\"_blank\" rel=\"noreferrer noopener\">Bittner AK, Yoshinaga P, Bowers A, Shepherd JD, Succar T, Ross NC. Feasibility of Telerehabilitation for Low Vision: Satis-faction Ratings by Providers and Patients. Optom Vis Sci 2018;95:865\u201372.<\/a><\/p>\n\n\n\n<p class=\"has-link-color has-inter-font-family has-s-text-font-size wp-elements-5e91938beb0b82d171d290857458ccf1\" style=\"text-transform:none\">[14] <a href=\"http:\/\/refhub.elsevier.com\/S1876-2204(24)00008-6\/sbref0160\" target=\"_blank\" rel=\"noreferrer noopener\">Bittner AK, Yoshinaga PD, Shepherd JD, Kaminski JE, Malkin AG, Chun MW, et al. Acceptability of Telerehabilitation for Magnification Devices for the Visually Impaired Using Various Approaches to Facilitate Accessibility. Transl Vis Sci Technol 2022;11:4.<\/a><\/p>\n\n\n\n<p class=\"has-link-color has-inter-font-family has-s-text-font-size wp-elements-cec84134b7d492d644e712ed0f840f0f\" style=\"text-transform:none\">[15] <a href=\"https:\/\/journals.lww.com\/optvissci\/abstract\/2022\/10000\/telerehabilitation_training_to_facilitate_improved.3.aspx\" target=\"_blank\" rel=\"noreferrer noopener\">Bittner AK, Kaminski JE, Ross NC, Shepherd JD, Thoene SJ, Bui SZ, et al. Telerehabilitation Training to Facilitate Improved Reading Ability with New Magnification Devices for Low Vision. Optom Vis Sci 2022;99:743\u20139.<\/a><\/p>\n\n\n\n<p class=\"has-link-color has-inter-font-family has-s-text-font-size wp-elements-90b7d9dda8509f0c827ac362e04e9f5c\" style=\"text-transform:none\">[16] Les d\u00e9penses de sant\u00e9 en 2022 \u2013 R\u00e9sultats des comptes de la sant\u00e9 \u2013 \u00c9dition 2023 j Direction de la recherche, des \u00e9tudes, de l&#8217;\u00e9valuation et des statistiques [Internet]. [cit\u00e9 13 oct 2023]. Disponible sur : <a href=\"https:\/\/drees.solidarites-sante.gouv.fr\/publications-communique-de-presse-documents-de-reference\/panoramas-de-la-drees\/les-depenses-de\" target=\"_blank\" rel=\"noreferrer noopener\">https:\/\/drees.solidarites-sante.gouv.fr\/publications- communique-de-presse-documents-de-reference\/panoramas- de-la-drees\/les-depenses-de.<\/a><\/p>\n\n\n\n<p class=\"has-link-color has-inter-font-family has-s-text-font-size wp-elements-2a39f03c12553710f332809b6540b088\" style=\"text-transform:none\">[17] Conseil National de l&#8217;Ordre des M\u00e9decins [Internet]. 2021 [cit\u00e9 13 oct 2023]. T\u00e9l\u00e9consultation : comment \u00e9viter les m\u00e9susages. Disponible sur : <a href=\"https:\/\/www.conseil-national.medecin.fr\/lordre-medecins\/conseil-national-lordre\/sante\/telemedecine\/teleconsultation-eviter-mesusages\" target=\"_blank\" rel=\"noreferrer noopener\">https:\/\/www.conseil-national.medecin.fr\/lordre-medecins\/conseil-national-lordre\/sante\/telemedecine\/ teleconsultation-eviter-mesusages.<\/a><\/p>\n\n\n\n<p class=\"has-link-color has-inter-font-family has-s-text-font-size wp-elements-7cd03267e8d9ea3190c9bce117181396\" style=\"text-transform:none\">[18] T\u00e9l\u00e9sant\u00e9 Bretagne [Internet]. [cit\u00e9 13 oct 2023]. Les chiffres cl\u00e9s \u2013 TDB R\u00e9gion. Disponible sur : <a href=\"https:\/\/www.telesante-bretagne.fr\/la-telesante\/les-chiffres-cles\/\" target=\"_blank\" rel=\"noreferrer noopener\">https:\/\/www.telesante- bretagne.fr\/la-telesante\/les-chiffres-cles\/.&nbsp;<\/a><\/p>\n<\/div>\n\n\n\n<div style=\"height:5px\" aria-hidden=\"true\" class=\"wp-block-spacer\"><\/div>\n\n\n\n<div class=\"wp-block-group is-layout-constrained wp-block-group-is-layout-constrained\">\n<p class=\"has-link-color has-inter-font-family has-s-text-font-size wp-elements-a6e69bf232631038d0d0d8bdd4c73b51\" style=\"text-transform:none\">Pour citer cet article : Fantou P. T\u00e9l\u00e9soin orthoptique en France : cadre l\u00e9gal, revue de la litt\u00e9rature et indications. Revue francophone d&#8217;orthoptie (2024), <a href=\"https:\/\/www.sciencedirect.com\/science\/article\/abs\/pii\/S1876220424000086?via%3Dihub\" target=\"_blank\" rel=\"noreferrer noopener\">https:\/\/doi.org\/10.1016\/j.rfo.2024.01.008<\/a><\/p>\n<\/div>\n<\/div>\n\n\n\n<div style=\"height:100px\" aria-hidden=\"true\" class=\"wp-block-spacer\"><\/div>\n","protected":false},"excerpt":{"rendered":"<p>2024 | Orthoptic telecare in France: legal framework, literature review and indications<\/p>\n","protected":false},"featured_media":3561,"menu_order":5,"template":"","meta":{"_acf_changed":false,"content-type":"","footnotes":""},"class_list":["post-3959","etudes-cliniques","type-etudes-cliniques","status-publish","has-post-thumbnail","hentry"],"acf":[],"yoast_head":"<!-- This site is optimized with the Yoast SEO plugin v27.5 - https:\/\/yoast.com\/product\/yoast-seo-wordpress\/ -->\n<title>2024 | Orthoptic telecare in France: legal framework, literature review and indications - Eyesoft<\/title>\n<meta name=\"robots\" content=\"index, follow, max-snippet:-1, max-image-preview:large, max-video-preview:-1\" \/>\n<link rel=\"canonical\" href=\"https:\/\/www.eyesoft.fr\/en\/etudes-cliniques\/2024-telesoin-orthoptique-en-france-cadre-legal-revue-de-la-litterature-et-indications\/\" \/>\n<meta property=\"og:locale\" content=\"en_US\" \/>\n<meta property=\"og:type\" content=\"article\" \/>\n<meta property=\"og:title\" content=\"2024 | Orthoptic telecare in France: legal framework, literature review and indications - Eyesoft\" \/>\n<meta property=\"og:description\" content=\"2024 | Orthoptic telecare in France: legal framework, literature review and indications\" \/>\n<meta property=\"og:url\" content=\"https:\/\/www.eyesoft.fr\/en\/etudes-cliniques\/2024-telesoin-orthoptique-en-france-cadre-legal-revue-de-la-litterature-et-indications\/\" \/>\n<meta property=\"og:site_name\" content=\"Eyesoft\" \/>\n<meta property=\"article:modified_time\" content=\"2025-08-27T07:57:35+00:00\" \/>\n<meta property=\"og:image\" content=\"https:\/\/www.eyesoft.fr\/wp-content\/uploads\/Capture-decran-2024-09-05-a-12.09.54-1.png\" \/>\n\t<meta property=\"og:image:width\" content=\"269\" \/>\n\t<meta property=\"og:image:height\" content=\"264\" \/>\n\t<meta property=\"og:image:type\" content=\"image\/png\" \/>\n<meta name=\"twitter:card\" content=\"summary_large_image\" \/>\n<meta name=\"twitter:label1\" content=\"Est. reading time\" \/>\n\t<meta name=\"twitter:data1\" content=\"12 minutes\" \/>\n<script type=\"application\/ld+json\" class=\"yoast-schema-graph\">{\"@context\":\"https:\\\/\\\/schema.org\",\"@graph\":[{\"@type\":\"WebPage\",\"@id\":\"https:\\\/\\\/www.eyesoft.fr\\\/en\\\/etudes-cliniques\\\/2024-telesoin-orthoptique-en-france-cadre-legal-revue-de-la-litterature-et-indications\\\/\",\"url\":\"https:\\\/\\\/www.eyesoft.fr\\\/en\\\/etudes-cliniques\\\/2024-telesoin-orthoptique-en-france-cadre-legal-revue-de-la-litterature-et-indications\\\/\",\"name\":\"2024 | Orthoptic telecare in France: legal framework, literature review and indications - Eyesoft\",\"isPartOf\":{\"@id\":\"https:\\\/\\\/www.eyesoft.fr\\\/en\\\/#website\"},\"primaryImageOfPage\":{\"@id\":\"https:\\\/\\\/www.eyesoft.fr\\\/en\\\/etudes-cliniques\\\/2024-telesoin-orthoptique-en-france-cadre-legal-revue-de-la-litterature-et-indications\\\/#primaryimage\"},\"image\":{\"@id\":\"https:\\\/\\\/www.eyesoft.fr\\\/en\\\/etudes-cliniques\\\/2024-telesoin-orthoptique-en-france-cadre-legal-revue-de-la-litterature-et-indications\\\/#primaryimage\"},\"thumbnailUrl\":\"https:\\\/\\\/www.eyesoft.fr\\\/wp-content\\\/uploads\\\/Capture-decran-2024-09-05-a-12.09.54-1.png\",\"datePublished\":\"2024-10-25T07:57:05+00:00\",\"dateModified\":\"2025-08-27T07:57:35+00:00\",\"breadcrumb\":{\"@id\":\"https:\\\/\\\/www.eyesoft.fr\\\/en\\\/etudes-cliniques\\\/2024-telesoin-orthoptique-en-france-cadre-legal-revue-de-la-litterature-et-indications\\\/#breadcrumb\"},\"inLanguage\":\"en-US\",\"potentialAction\":[{\"@type\":\"ReadAction\",\"target\":[\"https:\\\/\\\/www.eyesoft.fr\\\/en\\\/etudes-cliniques\\\/2024-telesoin-orthoptique-en-france-cadre-legal-revue-de-la-litterature-et-indications\\\/\"]}]},{\"@type\":\"ImageObject\",\"inLanguage\":\"en-US\",\"@id\":\"https:\\\/\\\/www.eyesoft.fr\\\/en\\\/etudes-cliniques\\\/2024-telesoin-orthoptique-en-france-cadre-legal-revue-de-la-litterature-et-indications\\\/#primaryimage\",\"url\":\"https:\\\/\\\/www.eyesoft.fr\\\/wp-content\\\/uploads\\\/Capture-decran-2024-09-05-a-12.09.54-1.png\",\"contentUrl\":\"https:\\\/\\\/www.eyesoft.fr\\\/wp-content\\\/uploads\\\/Capture-decran-2024-09-05-a-12.09.54-1.png\",\"width\":269,\"height\":264},{\"@type\":\"BreadcrumbList\",\"@id\":\"https:\\\/\\\/www.eyesoft.fr\\\/en\\\/etudes-cliniques\\\/2024-telesoin-orthoptique-en-france-cadre-legal-revue-de-la-litterature-et-indications\\\/#breadcrumb\",\"itemListElement\":[{\"@type\":\"ListItem\",\"position\":1,\"name\":\"Accueil\",\"item\":\"https:\\\/\\\/www.eyesoft.fr\\\/en\\\/\"},{\"@type\":\"ListItem\",\"position\":2,\"name\":\"\u00c9tudes cliniques\",\"item\":\"https:\\\/\\\/www.eyesoft.fr\\\/en\\\/etudes-cliniques\\\/\"},{\"@type\":\"ListItem\",\"position\":3,\"name\":\"2024 | Orthoptic telecare in France: legal framework, literature review and indications\"}]},{\"@type\":\"WebSite\",\"@id\":\"https:\\\/\\\/www.eyesoft.fr\\\/en\\\/#website\",\"url\":\"https:\\\/\\\/www.eyesoft.fr\\\/en\\\/\",\"name\":\"Eyesoft\",\"description\":\"\",\"potentialAction\":[{\"@type\":\"SearchAction\",\"target\":{\"@type\":\"EntryPoint\",\"urlTemplate\":\"https:\\\/\\\/www.eyesoft.fr\\\/en\\\/?s={search_term_string}\"},\"query-input\":{\"@type\":\"PropertyValueSpecification\",\"valueRequired\":true,\"valueName\":\"search_term_string\"}}],\"inLanguage\":\"en-US\"}]}<\/script>\n<!-- \/ Yoast SEO plugin. -->","yoast_head_json":{"title":"2024 | Orthoptic telecare in France: legal framework, literature review and indications - Eyesoft","robots":{"index":"index","follow":"follow","max-snippet":"max-snippet:-1","max-image-preview":"max-image-preview:large","max-video-preview":"max-video-preview:-1"},"canonical":"https:\/\/www.eyesoft.fr\/en\/etudes-cliniques\/2024-telesoin-orthoptique-en-france-cadre-legal-revue-de-la-litterature-et-indications\/","og_locale":"en_US","og_type":"article","og_title":"2024 | Orthoptic telecare in France: legal framework, literature review and indications - Eyesoft","og_description":"2024 | Orthoptic telecare in France: legal framework, literature review and indications","og_url":"https:\/\/www.eyesoft.fr\/en\/etudes-cliniques\/2024-telesoin-orthoptique-en-france-cadre-legal-revue-de-la-litterature-et-indications\/","og_site_name":"Eyesoft","article_modified_time":"2025-08-27T07:57:35+00:00","og_image":[{"width":269,"height":264,"url":"https:\/\/www.eyesoft.fr\/wp-content\/uploads\/Capture-decran-2024-09-05-a-12.09.54-1.png","type":"image\/png"}],"twitter_card":"summary_large_image","twitter_misc":{"Est. reading time":"12 minutes"},"schema":{"@context":"https:\/\/schema.org","@graph":[{"@type":"WebPage","@id":"https:\/\/www.eyesoft.fr\/en\/etudes-cliniques\/2024-telesoin-orthoptique-en-france-cadre-legal-revue-de-la-litterature-et-indications\/","url":"https:\/\/www.eyesoft.fr\/en\/etudes-cliniques\/2024-telesoin-orthoptique-en-france-cadre-legal-revue-de-la-litterature-et-indications\/","name":"2024 | Orthoptic telecare in France: legal framework, literature review and indications - Eyesoft","isPartOf":{"@id":"https:\/\/www.eyesoft.fr\/en\/#website"},"primaryImageOfPage":{"@id":"https:\/\/www.eyesoft.fr\/en\/etudes-cliniques\/2024-telesoin-orthoptique-en-france-cadre-legal-revue-de-la-litterature-et-indications\/#primaryimage"},"image":{"@id":"https:\/\/www.eyesoft.fr\/en\/etudes-cliniques\/2024-telesoin-orthoptique-en-france-cadre-legal-revue-de-la-litterature-et-indications\/#primaryimage"},"thumbnailUrl":"https:\/\/www.eyesoft.fr\/wp-content\/uploads\/Capture-decran-2024-09-05-a-12.09.54-1.png","datePublished":"2024-10-25T07:57:05+00:00","dateModified":"2025-08-27T07:57:35+00:00","breadcrumb":{"@id":"https:\/\/www.eyesoft.fr\/en\/etudes-cliniques\/2024-telesoin-orthoptique-en-france-cadre-legal-revue-de-la-litterature-et-indications\/#breadcrumb"},"inLanguage":"en-US","potentialAction":[{"@type":"ReadAction","target":["https:\/\/www.eyesoft.fr\/en\/etudes-cliniques\/2024-telesoin-orthoptique-en-france-cadre-legal-revue-de-la-litterature-et-indications\/"]}]},{"@type":"ImageObject","inLanguage":"en-US","@id":"https:\/\/www.eyesoft.fr\/en\/etudes-cliniques\/2024-telesoin-orthoptique-en-france-cadre-legal-revue-de-la-litterature-et-indications\/#primaryimage","url":"https:\/\/www.eyesoft.fr\/wp-content\/uploads\/Capture-decran-2024-09-05-a-12.09.54-1.png","contentUrl":"https:\/\/www.eyesoft.fr\/wp-content\/uploads\/Capture-decran-2024-09-05-a-12.09.54-1.png","width":269,"height":264},{"@type":"BreadcrumbList","@id":"https:\/\/www.eyesoft.fr\/en\/etudes-cliniques\/2024-telesoin-orthoptique-en-france-cadre-legal-revue-de-la-litterature-et-indications\/#breadcrumb","itemListElement":[{"@type":"ListItem","position":1,"name":"Accueil","item":"https:\/\/www.eyesoft.fr\/en\/"},{"@type":"ListItem","position":2,"name":"\u00c9tudes cliniques","item":"https:\/\/www.eyesoft.fr\/en\/etudes-cliniques\/"},{"@type":"ListItem","position":3,"name":"2024 | Orthoptic telecare in France: legal framework, literature review and indications"}]},{"@type":"WebSite","@id":"https:\/\/www.eyesoft.fr\/en\/#website","url":"https:\/\/www.eyesoft.fr\/en\/","name":"Eyesoft","description":"","potentialAction":[{"@type":"SearchAction","target":{"@type":"EntryPoint","urlTemplate":"https:\/\/www.eyesoft.fr\/en\/?s={search_term_string}"},"query-input":{"@type":"PropertyValueSpecification","valueRequired":true,"valueName":"search_term_string"}}],"inLanguage":"en-US"}]}},"_links":{"self":[{"href":"https:\/\/www.eyesoft.fr\/en\/wp-json\/wp\/v2\/etudes-cliniques\/3959","targetHints":{"allow":["GET"]}}],"collection":[{"href":"https:\/\/www.eyesoft.fr\/en\/wp-json\/wp\/v2\/etudes-cliniques"}],"about":[{"href":"https:\/\/www.eyesoft.fr\/en\/wp-json\/wp\/v2\/types\/etudes-cliniques"}],"version-history":[{"count":3,"href":"https:\/\/www.eyesoft.fr\/en\/wp-json\/wp\/v2\/etudes-cliniques\/3959\/revisions"}],"predecessor-version":[{"id":3978,"href":"https:\/\/www.eyesoft.fr\/en\/wp-json\/wp\/v2\/etudes-cliniques\/3959\/revisions\/3978"}],"wp:featuredmedia":[{"embeddable":true,"href":"https:\/\/www.eyesoft.fr\/en\/wp-json\/wp\/v2\/media\/3561"}],"wp:attachment":[{"href":"https:\/\/www.eyesoft.fr\/en\/wp-json\/wp\/v2\/media?parent=3959"}],"curies":[{"name":"wp","href":"https:\/\/api.w.org\/{rel}","templated":true}]}}